{"id":4812,"date":"2025-10-02T12:07:37","date_gmt":"2025-10-02T12:07:37","guid":{"rendered":"https:\/\/langaholt.is\/islenska\/?page_id=4812"},"modified":"2025-10-02T12:10:28","modified_gmt":"2025-10-02T12:10:28","slug":"laglendisganga-a-laugardegi-okt-25","status":"publish","type":"page","link":"https:\/\/langaholt.is\/islenska\/laglendisganga-a-laugardegi-okt-25\/","title":{"rendered":"L\u00e1glendisganga \u00e1 laugardegi &#8211; okt 25"},"content":{"rendered":"\t\t<div data-elementor-type=\"wp-post\" data-elementor-id=\"4812\" class=\"elementor elementor-4812\">\n\t\t\t\t\t\t<section class=\"elementor-section elementor-top-section elementor-element elementor-element-2ca8a818 elementor-section-stretched elementor-section-height-min-height elementor-section-boxed elementor-section-height-default elementor-section-items-middle\" data-id=\"2ca8a818\" data-element_type=\"section\" data-e-type=\"section\" data-settings=\"{&quot;stretch_section&quot;:&quot;section-stretched&quot;,&quot;background_background&quot;:&quot;classic&quot;,&quot;hoteller_ext_is_background_parallax&quot;:&quot;false&quot;,&quot;hoteller_ext_is_background_on_scroll&quot;:&quot;false&quot;}\">\n\t\t\t\t\t\t\t<div class=\"elementor-background-overlay\"><\/div>\n\t\t\t\t\t\t\t<div class=\"elementor-container elementor-column-gap-default\">\n\t\t\t\t\t<div class=\"elementor-column elementor-col-100 elementor-top-column elementor-element elementor-element-5231de89\" data-id=\"5231de89\" data-element_type=\"column\" data-e-type=\"column\" data-settings=\"{&quot;hoteller_ext_link_sidemenu&quot;:&quot;false&quot;,&quot;hoteller_ext_link_fullmenu&quot;:&quot;false&quot;,&quot;hoteller_ext_link_closed_fullmenu&quot;:&quot;false&quot;,&quot;hoteller_ext_is_scrollme&quot;:&quot;false&quot;,&quot;hoteller_ext_is_smoove&quot;:&quot;false&quot;,&quot;hoteller_ext_is_parallax_mouse&quot;:&quot;false&quot;,&quot;hoteller_ext_is_infinite&quot;:&quot;false&quot;,&quot;hoteller_ext_is_fadeout_animation&quot;:&quot;false&quot;,&quot;hoteller_ext_mobile_static&quot;:&quot;false&quot;}\">\n\t\t\t<div class=\"elementor-widget-wrap elementor-element-populated\">\n\t\t\t\t\t\t<div class=\"elementor-element elementor-element-4b89cec0 elementor-invisible elementor-widget elementor-widget-heading\" data-id=\"4b89cec0\" data-element_type=\"widget\" data-e-type=\"widget\" data-settings=\"{&quot;_animation&quot;:&quot;fadeInUp&quot;,&quot;hoteller_ext_link_sidemenu&quot;:&quot;false&quot;,&quot;hoteller_ext_link_fullmenu&quot;:&quot;false&quot;,&quot;hoteller_ext_link_closed_fullmenu&quot;:&quot;false&quot;,&quot;hoteller_ext_is_scrollme&quot;:&quot;false&quot;,&quot;hoteller_ext_is_smoove&quot;:&quot;false&quot;,&quot;hoteller_ext_is_parallax_mouse&quot;:&quot;false&quot;,&quot;hoteller_ext_is_infinite&quot;:&quot;false&quot;,&quot;hoteller_ext_is_fadeout_animation&quot;:&quot;false&quot;,&quot;hoteller_ext_mobile_static&quot;:&quot;false&quot;}\" data-widget_type=\"heading.default\">\n\t\t\t\t<div class=\"elementor-widget-container\">\n\t\t\t\t\t<h1 class=\"elementor-heading-title elementor-size-default\">L\u00e1glendisganga \u00e1 laugardegi fr\u00e1 Dritv\u00edk a\u00f0 Malarrifi<\/h1>\t\t\t\t<\/div>\n\t\t\t\t<\/div>\n\t\t\t\t<div class=\"elementor-element elementor-element-7075b3c6 elementor-invisible elementor-widget elementor-widget-heading\" data-id=\"7075b3c6\" data-element_type=\"widget\" data-e-type=\"widget\" data-settings=\"{&quot;_animation&quot;:&quot;fadeInUp&quot;,&quot;_animation_delay&quot;:400,&quot;hoteller_ext_link_sidemenu&quot;:&quot;false&quot;,&quot;hoteller_ext_link_fullmenu&quot;:&quot;false&quot;,&quot;hoteller_ext_link_closed_fullmenu&quot;:&quot;false&quot;,&quot;hoteller_ext_is_scrollme&quot;:&quot;false&quot;,&quot;hoteller_ext_is_smoove&quot;:&quot;false&quot;,&quot;hoteller_ext_is_parallax_mouse&quot;:&quot;false&quot;,&quot;hoteller_ext_is_infinite&quot;:&quot;false&quot;,&quot;hoteller_ext_is_fadeout_animation&quot;:&quot;false&quot;,&quot;hoteller_ext_mobile_static&quot;:&quot;false&quot;}\" data-widget_type=\"heading.default\">\n\t\t\t\t<div class=\"elementor-widget-container\">\n\t\t\t\t\t<h5 class=\"elementor-heading-title elementor-size-default\">Labba\u00f0 me\u00f0 Langaholti 25. okt\u00f3ber<\/h5>\t\t\t\t<\/div>\n\t\t\t\t<\/div>\n\t\t\t\t\t<\/div>\n\t\t<\/div>\n\t\t\t\t\t<\/div>\n\t\t<\/section>\n\t\t\t\t<section class=\"elementor-section elementor-top-section elementor-element elementor-element-811e8f5 elementor-section-boxed elementor-section-height-default elementor-section-height-default\" data-id=\"811e8f5\" data-element_type=\"section\" data-e-type=\"section\" data-settings=\"{&quot;hoteller_ext_is_background_parallax&quot;:&quot;false&quot;,&quot;hoteller_ext_is_background_on_scroll&quot;:&quot;false&quot;}\">\n\t\t\t\t\t\t<div class=\"elementor-container elementor-column-gap-default\">\n\t\t\t\t\t<div class=\"elementor-column elementor-col-100 elementor-top-column elementor-element elementor-element-3eaa06d\" data-id=\"3eaa06d\" data-element_type=\"column\" data-e-type=\"column\" data-settings=\"{&quot;hoteller_ext_link_sidemenu&quot;:&quot;false&quot;,&quot;hoteller_ext_link_fullmenu&quot;:&quot;false&quot;,&quot;hoteller_ext_link_closed_fullmenu&quot;:&quot;false&quot;,&quot;hoteller_ext_is_scrollme&quot;:&quot;false&quot;,&quot;hoteller_ext_is_smoove&quot;:&quot;false&quot;,&quot;hoteller_ext_is_parallax_mouse&quot;:&quot;false&quot;,&quot;hoteller_ext_is_infinite&quot;:&quot;false&quot;,&quot;hoteller_ext_is_fadeout_animation&quot;:&quot;false&quot;,&quot;hoteller_ext_mobile_static&quot;:&quot;false&quot;}\">\n\t\t\t<div class=\"elementor-widget-wrap elementor-element-populated\">\n\t\t\t\t\t\t<div class=\"elementor-element elementor-element-12e70e6 elementor-widget elementor-widget-spacer\" data-id=\"12e70e6\" data-element_type=\"widget\" data-e-type=\"widget\" data-settings=\"{&quot;hoteller_ext_link_sidemenu&quot;:&quot;false&quot;,&quot;hoteller_ext_link_fullmenu&quot;:&quot;false&quot;,&quot;hoteller_ext_link_closed_fullmenu&quot;:&quot;false&quot;,&quot;hoteller_ext_is_scrollme&quot;:&quot;false&quot;,&quot;hoteller_ext_is_smoove&quot;:&quot;false&quot;,&quot;hoteller_ext_is_parallax_mouse&quot;:&quot;false&quot;,&quot;hoteller_ext_is_infinite&quot;:&quot;false&quot;,&quot;hoteller_ext_is_fadeout_animation&quot;:&quot;false&quot;,&quot;hoteller_ext_mobile_static&quot;:&quot;false&quot;}\" data-widget_type=\"spacer.default\">\n\t\t\t\t<div class=\"elementor-widget-container\">\n\t\t\t\t\t\t\t<div class=\"elementor-spacer\">\n\t\t\t<div class=\"elementor-spacer-inner\"><\/div>\n\t\t<\/div>\n\t\t\t\t\t\t<\/div>\n\t\t\t\t<\/div>\n\t\t\t\t<div class=\"elementor-element elementor-element-27df9c6 elementor-widget elementor-widget-heading\" data-id=\"27df9c6\" data-element_type=\"widget\" data-e-type=\"widget\" data-settings=\"{&quot;hoteller_ext_link_sidemenu&quot;:&quot;false&quot;,&quot;hoteller_ext_link_fullmenu&quot;:&quot;false&quot;,&quot;hoteller_ext_link_closed_fullmenu&quot;:&quot;false&quot;,&quot;hoteller_ext_is_scrollme&quot;:&quot;false&quot;,&quot;hoteller_ext_is_smoove&quot;:&quot;false&quot;,&quot;hoteller_ext_is_parallax_mouse&quot;:&quot;false&quot;,&quot;hoteller_ext_is_infinite&quot;:&quot;false&quot;,&quot;hoteller_ext_is_fadeout_animation&quot;:&quot;false&quot;,&quot;hoteller_ext_mobile_static&quot;:&quot;false&quot;}\" data-widget_type=\"heading.default\">\n\t\t\t\t<div class=\"elementor-widget-container\">\n\t\t\t\t\t<h2 class=\"elementor-heading-title elementor-size-default\">L\u00e1glendisganga 25. okt\u00f3ber me\u00f0 lei\u00f0s\u00f6gn, mat og gistingu. \u2013 <\/h2>\t\t\t\t<\/div>\n\t\t\t\t<\/div>\n\t\t\t\t<div class=\"elementor-element elementor-element-9f31a58 elementor-widget elementor-widget-hoteller-gallery-justified\" data-id=\"9f31a58\" data-element_type=\"widget\" data-e-type=\"widget\" data-settings=\"{&quot;hoteller_ext_link_sidemenu&quot;:&quot;false&quot;,&quot;hoteller_ext_link_fullmenu&quot;:&quot;false&quot;,&quot;hoteller_ext_link_closed_fullmenu&quot;:&quot;false&quot;,&quot;hoteller_ext_is_scrollme&quot;:&quot;false&quot;,&quot;hoteller_ext_is_smoove&quot;:&quot;false&quot;,&quot;hoteller_ext_is_parallax_mouse&quot;:&quot;false&quot;,&quot;hoteller_ext_is_infinite&quot;:&quot;false&quot;,&quot;hoteller_ext_is_fadeout_animation&quot;:&quot;false&quot;,&quot;hoteller_ext_mobile_static&quot;:&quot;false&quot;}\" data-widget_type=\"hoteller-gallery-justified.default\">\n\t\t\t\t<div class=\"elementor-widget-container\">\n\t\t\t\t\t<div class=\"gallery_grid_content_wrapper do_justified justified-gallery\" data-row_height=\"150\" data-margin=\"5\" data-justify_last_row=\"yes\">\n\t\t<div class=\"entry gallery_grid_item gallery-grid-tilt\">\n\t\t\t\t\t\t\t<a class=\"tg_gallery_lightbox\" href=\"https:\/\/langaholt.is\/islenska\/wp-content\/uploads\/2025\/05\/image-39.png\" data-thumb=\"https:\/\/langaholt.is\/islenska\/wp-content\/uploads\/2025\/05\/image-39-300x225.png\" data-rel=\"tg_gallery9f31a58\"  >\n\t\t\t\t\t\t\t<img decoding=\"async\" src=\"https:\/\/langaholt.is\/islenska\/wp-content\/uploads\/2025\/05\/image-39-768x576.png\" alt=\"\" \/>\n\t\t\t\t\t\t\t<\/a>\n\t\t\t\t\t<\/div>\n\t\t<div class=\"entry gallery_grid_item gallery-grid-tilt\">\n\t\t\t\t\t\t\t<a class=\"tg_gallery_lightbox\" href=\"https:\/\/langaholt.is\/islenska\/wp-content\/uploads\/2025\/05\/image-38.png\" data-thumb=\"https:\/\/langaholt.is\/islenska\/wp-content\/uploads\/2025\/05\/image-38-300x225.png\" data-rel=\"tg_gallery9f31a58\"  >\n\t\t\t\t\t\t\t<img decoding=\"async\" src=\"https:\/\/langaholt.is\/islenska\/wp-content\/uploads\/2025\/05\/image-38-768x576.png\" alt=\"\" \/>\n\t\t\t\t\t\t\t<\/a>\n\t\t\t\t\t<\/div>\n\t\t<div class=\"entry gallery_grid_item gallery-grid-tilt\">\n\t\t\t\t\t\t\t<a class=\"tg_gallery_lightbox\" href=\"https:\/\/langaholt.is\/islenska\/wp-content\/uploads\/2025\/05\/image-37.png\" data-thumb=\"https:\/\/langaholt.is\/islenska\/wp-content\/uploads\/2025\/05\/image-37-300x200.png\" data-rel=\"tg_gallery9f31a58\"  >\n\t\t\t\t\t\t\t<img decoding=\"async\" src=\"https:\/\/langaholt.is\/islenska\/wp-content\/uploads\/2025\/05\/image-37.png\" alt=\"\" \/>\n\t\t\t\t\t\t\t<\/a>\n\t\t\t\t\t<\/div>\n\t\t<div class=\"entry gallery_grid_item gallery-grid-tilt\">\n\t\t\t\t\t\t\t<a class=\"tg_gallery_lightbox\" href=\"https:\/\/langaholt.is\/islenska\/wp-content\/uploads\/2020\/02\/roomgirl-1.jpg\" data-thumb=\"https:\/\/langaholt.is\/islenska\/wp-content\/uploads\/2020\/02\/roomgirl-1-300x178.jpg\" data-rel=\"tg_gallery9f31a58\"  >\n\t\t\t\t\t\t\t<img decoding=\"async\" src=\"https:\/\/langaholt.is\/islenska\/wp-content\/uploads\/2020\/02\/roomgirl-1-768x454.jpg\" alt=\"\" \/>\n\t\t\t\t\t\t\t<\/a>\n\t\t\t\t\t<\/div>\n\t\t<div class=\"entry gallery_grid_item gallery-grid-tilt\">\n\t\t\t\t\t\t\t<a class=\"tg_gallery_lightbox\" href=\"https:\/\/langaholt.is\/islenska\/wp-content\/uploads\/2020\/02\/Langaholt_snaefelsnes-5779-e1575553080399.jpg\" data-thumb=\"https:\/\/langaholt.is\/islenska\/wp-content\/uploads\/2020\/02\/Langaholt_snaefelsnes-5779-e1575553080399-300x200.jpg\" data-rel=\"tg_gallery9f31a58\"  >\n\t\t\t\t\t\t\t<img decoding=\"async\" src=\"https:\/\/langaholt.is\/islenska\/wp-content\/uploads\/2020\/02\/Langaholt_snaefelsnes-5779-e1575553080399-768x512.jpg\" alt=\"Langaholt\" \/>\n\t\t\t\t\t\t\t<\/a>\n\t\t\t\t\t<\/div>\n\t\t<div class=\"entry gallery_grid_item gallery-grid-tilt\">\n\t\t\t\t\t\t\t<a class=\"tg_gallery_lightbox\" href=\"https:\/\/langaholt.is\/islenska\/wp-content\/uploads\/2023\/08\/Ahersla-a-matvaeli-ur-heradi_FYRIR-VEF.jpg\" data-thumb=\"https:\/\/langaholt.is\/islenska\/wp-content\/uploads\/2023\/08\/Ahersla-a-matvaeli-ur-heradi_FYRIR-VEF-300x200.jpg\" data-rel=\"tg_gallery9f31a58\"  >\n\t\t\t\t\t\t\t<img decoding=\"async\" src=\"https:\/\/langaholt.is\/islenska\/wp-content\/uploads\/2023\/08\/Ahersla-a-matvaeli-ur-heradi_FYRIR-VEF-768x512.jpg\" alt=\"\" \/>\n\t\t\t\t\t\t\t<\/a>\n\t\t\t\t\t<\/div>\n\t\t<div class=\"entry gallery_grid_item gallery-grid-tilt\">\n\t\t\t\t\t\t\t<a class=\"tg_gallery_lightbox\" href=\"https:\/\/langaholt.is\/islenska\/wp-content\/uploads\/2025\/05\/IMG_3358-scaled.jpg\" data-thumb=\"https:\/\/langaholt.is\/islenska\/wp-content\/uploads\/2025\/05\/IMG_3358-300x200.jpg\" data-rel=\"tg_gallery9f31a58\"  >\n\t\t\t\t\t\t\t<img decoding=\"async\" src=\"https:\/\/langaholt.is\/islenska\/wp-content\/uploads\/2025\/05\/IMG_3358-768x512.jpg\" alt=\"\" \/>\n\t\t\t\t\t\t\t<\/a>\n\t\t\t\t\t<\/div>\n\t\t<div class=\"entry gallery_grid_item gallery-grid-tilt\">\n\t\t\t\t\t\t\t<a class=\"tg_gallery_lightbox\" href=\"https:\/\/langaholt.is\/islenska\/wp-content\/uploads\/2025\/05\/IMG_3366-scaled.jpg\" data-thumb=\"https:\/\/langaholt.is\/islenska\/wp-content\/uploads\/2025\/05\/IMG_3366-300x200.jpg\" data-rel=\"tg_gallery9f31a58\"  >\n\t\t\t\t\t\t\t<img decoding=\"async\" src=\"https:\/\/langaholt.is\/islenska\/wp-content\/uploads\/2025\/05\/IMG_3366-768x512.jpg\" alt=\"\" \/>\n\t\t\t\t\t\t\t<\/a>\n\t\t\t\t\t<\/div>\n<br class=\"clear\"\/>\n<\/div>\n\t\t\t\t<\/div>\n\t\t\t\t<\/div>\n\t\t\t\t<div class=\"elementor-element elementor-element-16376d5 elementor-widget-divider--view-line elementor-widget elementor-widget-divider\" data-id=\"16376d5\" data-element_type=\"widget\" data-e-type=\"widget\" data-settings=\"{&quot;hoteller_ext_link_sidemenu&quot;:&quot;false&quot;,&quot;hoteller_ext_link_fullmenu&quot;:&quot;false&quot;,&quot;hoteller_ext_link_closed_fullmenu&quot;:&quot;false&quot;,&quot;hoteller_ext_is_scrollme&quot;:&quot;false&quot;,&quot;hoteller_ext_is_smoove&quot;:&quot;false&quot;,&quot;hoteller_ext_is_parallax_mouse&quot;:&quot;false&quot;,&quot;hoteller_ext_is_infinite&quot;:&quot;false&quot;,&quot;hoteller_ext_is_fadeout_animation&quot;:&quot;false&quot;,&quot;hoteller_ext_mobile_static&quot;:&quot;false&quot;}\" data-widget_type=\"divider.default\">\n\t\t\t\t<div class=\"elementor-widget-container\">\n\t\t\t\t\t\t\t<div class=\"elementor-divider\">\n\t\t\t<span class=\"elementor-divider-separator\">\n\t\t\t\t\t\t<\/span>\n\t\t<\/div>\n\t\t\t\t\t\t<\/div>\n\t\t\t\t<\/div>\n\t\t\t\t<div class=\"elementor-element elementor-element-5812f88 elementor-widget elementor-widget-text-editor\" data-id=\"5812f88\" data-element_type=\"widget\" data-e-type=\"widget\" data-settings=\"{&quot;hoteller_ext_link_sidemenu&quot;:&quot;false&quot;,&quot;hoteller_ext_link_fullmenu&quot;:&quot;false&quot;,&quot;hoteller_ext_link_closed_fullmenu&quot;:&quot;false&quot;,&quot;hoteller_ext_is_scrollme&quot;:&quot;false&quot;,&quot;hoteller_ext_is_smoove&quot;:&quot;false&quot;,&quot;hoteller_ext_is_parallax_mouse&quot;:&quot;false&quot;,&quot;hoteller_ext_is_infinite&quot;:&quot;false&quot;,&quot;hoteller_ext_is_fadeout_animation&quot;:&quot;false&quot;,&quot;hoteller_ext_mobile_static&quot;:&quot;false&quot;}\" data-widget_type=\"text-editor.default\">\n\t\t\t\t<div class=\"elementor-widget-container\">\n\t\t\t\t\t\t\t\t\t<p style=\"text-align: center;\">H\u00f3tel Langaholt b\u00fd\u00f0ur \u00feann 25. okt\u00f3ber n\u00e6stkomandi upp \u00e1 dagsg\u00f6ngu me\u00f0 mat og gistingu \u00ed sy\u00f0sta hluta Sn\u00e6fellsj\u00f6kuls\u00fej\u00f3\u00f0gar\u00f0s. Lei\u00f0s\u00f6guma\u00f0ur er Gu\u00f0mundur R\u00fanar Svansson sem starfa\u00f0 hefur sem landv\u00f6r\u00f0ur \u00ed \u00fej\u00f3\u00f0gar\u00f0inum. \u00c1hersla er l\u00f6g\u00f0 \u00e1 fr\u00e6\u00f0slu og sko\u00f0un fornminja sem eru utan alfaralei\u00f0a og st\u00e6rstu vi\u00f0komusta\u00f0a fer\u00f0amanna.<\/p><p style=\"text-align: center;\">Dagurinn hefst \u00e1 \u00fev\u00ed a\u00f0 m\u00e6ting er \u00ed Langaholti um 9 um morguninn \u00fear sem dagurinn byrjar \u00e1 stuttu kaffi og samtali um daginn, en me\u00f0al annars \u00fearf a\u00f0 skipuleggja b\u00edlfer\u00f0ir. Fr\u00e1 Langaholti ver\u00f0ur h\u00f3purinn samfer\u00f0a \u00e1 upphafssta\u00f0 g\u00f6ngu, en hluti b\u00edlanna ver\u00f0ur skilinn eftir \u00e1 b\u00edlast\u00e6\u00f0inu vi\u00f0 gestastofuna \u00e1 Malarrifi.<\/p><p style=\"text-align: center;\">Gangan hefst \u00e1 \u00fev\u00ed a\u00f0 gamla vermannagatan ver\u00f0ur gengin \u00ed Dritv\u00edk, en \u00fea\u00f0 er \u00f3merkt og f\u00e1farin hraungata en \u00fe\u00f3 vel s\u00fdnileg \u00ed hrauninu. Fr\u00e1 Dritv\u00edk ver\u00f0ur gengi\u00f0 \u00ed n\u00e1munda vi\u00f0 sj\u00e1vars\u00ed\u00f0una um Dj\u00fapal\u00f3nssand, Einarsl\u00f3n og \u00der\u00e6lav\u00edk a\u00f0 Malarrifi, og jafnvel a\u00f0 L\u00f3ndr\u00f6ngum og Sval\u00fe\u00fafu eftir \u00fev\u00ed hva\u00f0 t\u00edmi og ve\u00f0ur leyfa.<\/p><p style=\"text-align: center;\">B\u00faast m\u00e1 vi\u00f0 13-16km g\u00f6ngu me\u00f0 l\u00edtilli h\u00e6kkun, og 7-8 t\u00edmum af \u00fativist, en \u00e1 k\u00f6flum um hrj\u00f3stug og mish\u00e6\u00f0\u00f3tt hraunlandslag sem getur veri\u00f0 \u00feungt \u00e1 f\u00f3tinn. Ger\u00f0 er krafa g\u00f3\u00f0an \u00fativistarfatna\u00f0 sem er vind- og vatnsheldur, og g\u00f6ngusk\u00f3 me\u00f0 g\u00f3\u00f0um \u00f6kklastu\u00f0ningi.<\/p><p style=\"text-align: center;\">A\u00f0 lokinni g\u00f6ngu ver\u00f0ur sameiginlegt bor\u00f0hald \u00e1 Langaholti.<\/p><p style=\"text-align: center;\">\u00a0(L\u00e1gmarksfj\u00f6ldi fyrir g\u00f6nguh\u00f3p er 8 manns)\u00a0<\/p>\t\t\t\t\t\t\t\t<\/div>\n\t\t\t\t<\/div>\n\t\t\t\t<div class=\"elementor-element elementor-element-600cf2c elementor-widget elementor-widget-image\" data-id=\"600cf2c\" data-element_type=\"widget\" data-e-type=\"widget\" data-settings=\"{&quot;hoteller_image_is_animation&quot;:&quot;false&quot;,&quot;hoteller_ext_link_sidemenu&quot;:&quot;false&quot;,&quot;hoteller_ext_link_fullmenu&quot;:&quot;false&quot;,&quot;hoteller_ext_link_closed_fullmenu&quot;:&quot;false&quot;,&quot;hoteller_ext_is_scrollme&quot;:&quot;false&quot;,&quot;hoteller_ext_is_smoove&quot;:&quot;false&quot;,&quot;hoteller_ext_is_parallax_mouse&quot;:&quot;false&quot;,&quot;hoteller_ext_is_infinite&quot;:&quot;false&quot;,&quot;hoteller_ext_is_fadeout_animation&quot;:&quot;false&quot;,&quot;hoteller_ext_mobile_static&quot;:&quot;false&quot;}\" data-widget_type=\"image.default\">\n\t\t\t\t<div class=\"elementor-widget-container\">\n\t\t\t\t\t\t\t\t\t\t\t\t<figure class=\"wp-caption\">\n\t\t\t\t\t\t\t\t\t\t<img fetchpriority=\"high\" decoding=\"async\" width=\"300\" height=\"300\" src=\"https:\/\/langaholt.is\/islenska\/wp-content\/uploads\/2025\/03\/336665230_117741904621142_1746492875329296085_n-300x300.jpg\" class=\"attachment-medium size-medium wp-image-4530\" alt=\"\" srcset=\"https:\/\/langaholt.is\/islenska\/wp-content\/uploads\/2025\/03\/336665230_117741904621142_1746492875329296085_n-300x300.jpg 300w, https:\/\/langaholt.is\/islenska\/wp-content\/uploads\/2025\/03\/336665230_117741904621142_1746492875329296085_n-1024x1024.jpg 1024w, https:\/\/langaholt.is\/islenska\/wp-content\/uploads\/2025\/03\/336665230_117741904621142_1746492875329296085_n-150x150.jpg 150w, https:\/\/langaholt.is\/islenska\/wp-content\/uploads\/2025\/03\/336665230_117741904621142_1746492875329296085_n-768x767.jpg 768w, https:\/\/langaholt.is\/islenska\/wp-content\/uploads\/2025\/03\/336665230_117741904621142_1746492875329296085_n-440x440.jpg 440w, https:\/\/langaholt.is\/islenska\/wp-content\/uploads\/2025\/03\/336665230_117741904621142_1746492875329296085_n-610x610.jpg 610w, https:\/\/langaholt.is\/islenska\/wp-content\/uploads\/2025\/03\/336665230_117741904621142_1746492875329296085_n-600x599.jpg 600w, https:\/\/langaholt.is\/islenska\/wp-content\/uploads\/2025\/03\/336665230_117741904621142_1746492875329296085_n-100x100.jpg 100w, https:\/\/langaholt.is\/islenska\/wp-content\/uploads\/2025\/03\/336665230_117741904621142_1746492875329296085_n.jpg 1080w\" sizes=\"(max-width: 300px) 100vw, 300px\" \/>\t\t\t\t\t\t\t\t\t\t\t<figcaption class=\"widget-image-caption wp-caption-text\">Gu\u00f0mundur R\u00fanar Svansson<\/figcaption>\n\t\t\t\t\t\t\t\t\t\t<\/figure>\n\t\t\t\t\t\t\t\t\t<\/div>\n\t\t\t\t<\/div>\n\t\t\t\t<div class=\"elementor-element elementor-element-78a7766 elementor-widget elementor-widget-text-editor\" data-id=\"78a7766\" data-element_type=\"widget\" data-e-type=\"widget\" data-settings=\"{&quot;hoteller_ext_link_sidemenu&quot;:&quot;false&quot;,&quot;hoteller_ext_link_fullmenu&quot;:&quot;false&quot;,&quot;hoteller_ext_link_closed_fullmenu&quot;:&quot;false&quot;,&quot;hoteller_ext_is_scrollme&quot;:&quot;false&quot;,&quot;hoteller_ext_is_smoove&quot;:&quot;false&quot;,&quot;hoteller_ext_is_parallax_mouse&quot;:&quot;false&quot;,&quot;hoteller_ext_is_infinite&quot;:&quot;false&quot;,&quot;hoteller_ext_is_fadeout_animation&quot;:&quot;false&quot;,&quot;hoteller_ext_mobile_static&quot;:&quot;false&quot;}\" data-widget_type=\"text-editor.default\">\n\t\t\t\t<div class=\"elementor-widget-container\">\n\t\t\t\t\t\t\t\t\t<p style=\"text-align: center;\">Umsj\u00f3narma\u00f0ur g\u00f6ngufer\u00f0anna okkar er Gu\u00f0mundur R\u00fanar Svansson fr\u00e1 Dalsmynni. Gu\u00f0mundur var \u00e1\u00f0ur landv\u00f6r\u00f0ur \u00ed Sn\u00e6fellsj\u00f6kuls\u00fej\u00f3\u00f0gar\u00f0i. Hann er undanfari hj\u00e1 Flugbj\u00f6rgunarsveitinni \u00ed Reykjav\u00edk og hefur loki\u00f0 fagn\u00e1mskei\u00f0um Bj\u00f6rgunarsk\u00f3lans \u00ed fjallamennsku, fjallabj\u00f6rgun, snj\u00f3fl\u00f3\u00f0um og vettvangshj\u00e1lp \u00ed \u00f3bygg\u00f0um. Hann hefur margra \u00e1ra reynslu af g\u00f6ngulei\u00f0s\u00f6gn.<\/p><p style=\"text-align: center;\">Gu\u00f0mundur \u00f3lst upp vi\u00f0 b\u00faskap og sveitast\u00f6rf \u00e1 Sn\u00e6fellsnesi og skila\u00f0i s\u00e9r a\u00f0 lokum til baka eftir lausamennsku \u00e1 h\u00f6fu\u00f0borgarsv\u00e6\u00f0inu um stundarsakir. Gu\u00f0mundur er af sn\u00e6fellsku h\u00e1lftr\u00f6llakyni og n\u00e1fr\u00e6ndi B\u00e1r\u00f0ar Sn\u00e6fells\u00e1ss. Sakir \u00e6ttirnisins s\u00e6kir hann miki\u00f0 \u00ed a\u00f0 ganga einsamall um tinda Sn\u00e6fellsness, og segir f\u00e1tt af einum. \u00de\u00e1 er hann gruna\u00f0ur um a\u00f0 vera kominn af galdraf\u00f3lki \u00ed marga \u00e6ttli\u00f0i.<\/p>\t\t\t\t\t\t\t\t<\/div>\n\t\t\t\t<\/div>\n\t\t\t\t<div class=\"elementor-element elementor-element-9451dfb elementor-widget-divider--view-line elementor-widget elementor-widget-divider\" data-id=\"9451dfb\" data-element_type=\"widget\" data-e-type=\"widget\" data-settings=\"{&quot;hoteller_ext_link_sidemenu&quot;:&quot;false&quot;,&quot;hoteller_ext_link_fullmenu&quot;:&quot;false&quot;,&quot;hoteller_ext_link_closed_fullmenu&quot;:&quot;false&quot;,&quot;hoteller_ext_is_scrollme&quot;:&quot;false&quot;,&quot;hoteller_ext_is_smoove&quot;:&quot;false&quot;,&quot;hoteller_ext_is_parallax_mouse&quot;:&quot;false&quot;,&quot;hoteller_ext_is_infinite&quot;:&quot;false&quot;,&quot;hoteller_ext_is_fadeout_animation&quot;:&quot;false&quot;,&quot;hoteller_ext_mobile_static&quot;:&quot;false&quot;}\" data-widget_type=\"divider.default\">\n\t\t\t\t<div class=\"elementor-widget-container\">\n\t\t\t\t\t\t\t<div class=\"elementor-divider\">\n\t\t\t<span class=\"elementor-divider-separator\">\n\t\t\t\t\t\t<\/span>\n\t\t<\/div>\n\t\t\t\t\t\t<\/div>\n\t\t\t\t<\/div>\n\t\t\t\t<div class=\"elementor-element elementor-element-0f5ea8c elementor-widget elementor-widget-text-editor\" data-id=\"0f5ea8c\" data-element_type=\"widget\" data-e-type=\"widget\" data-settings=\"{&quot;hoteller_ext_link_sidemenu&quot;:&quot;false&quot;,&quot;hoteller_ext_link_fullmenu&quot;:&quot;false&quot;,&quot;hoteller_ext_link_closed_fullmenu&quot;:&quot;false&quot;,&quot;hoteller_ext_is_scrollme&quot;:&quot;false&quot;,&quot;hoteller_ext_is_smoove&quot;:&quot;false&quot;,&quot;hoteller_ext_is_parallax_mouse&quot;:&quot;false&quot;,&quot;hoteller_ext_is_infinite&quot;:&quot;false&quot;,&quot;hoteller_ext_is_fadeout_animation&quot;:&quot;false&quot;,&quot;hoteller_ext_mobile_static&quot;:&quot;false&quot;}\" data-widget_type=\"text-editor.default\">\n\t\t\t\t<div class=\"elementor-widget-container\">\n\t\t\t\t\t\t\t\t\t<p style=\"text-align: center;\">Dagsganga me\u00f0 mat og gistingu \u00ed sy\u00f0sta hluta Sn\u00e6fellsj\u00f6kuls\u00fej\u00f3\u00f0gar\u00f0s me\u00f0 lei\u00f0s\u00f6gumanni og gisting \u00ed tveggja manna Comfort<br \/>herbergi me\u00f0 morgunver\u00f0i\u00a0\u00e1samt kv\u00f6ldver\u00f0arhla\u00f0bor\u00f0i.<\/p><p style=\"text-align: center;\">Ver\u00f0 fyrir tvo\u00a0<b>66.800 kr. = 33.400 kr.<\/b>\u00a0\u00e1 manninn mi\u00f0a\u00f0 vi\u00f0 gistingu \u00ed tveggja manna herbergi<\/p><p style=\"text-align: center;\"><em>(*Gistin\u00e1ttarskattur er innifalinn \u00ed ver\u00f0inu).<\/em><\/p><p style=\"text-align: center;\">Vi\u00f0 bj\u00f3\u00f0um l\u00edka ver\u00f0 \u00ed einstaklingsherbergi \u00feegar h\u00e6gt er a\u00f0 koma \u00fev\u00ed vi\u00f0 og velkomi\u00f0 a\u00f0 hafa samband \u00ed t\u00f6lvup\u00f3sti<\/p><p style=\"text-align: center;\">Hla\u00f0bor\u00f0 Langaholts samanstendur af eftirt\u00f6ldu: Tveimur tegundum af s\u00fapu, bl\u00e1skel (h\u00e1\u00f0 \u00e1rst\u00ed\u00f0um), fiski \u00ed \u00feremur \u00fatg\u00e1fum, tvennskonar kj\u00f6tr\u00e9ttum, g\u00f3\u00f0u \u00farvali af me\u00f0l\u00e6ti og eftirr\u00e9tti a\u00f0 h\u00e6tti kokksins.<\/p><p style=\"text-align: center;\">Matarupplifunin hj\u00e1 okkur er s\u00edbreytileg, \u00fea\u00f0 sem er \u00ed bo\u00f0i hverju sinni eru \u00fe\u00e6r tegundir sem sn\u00e6fellskir sj\u00f3menn afla \u00e1 hverjum t\u00edma af gj\u00f6fulum fiskimi\u00f0um brei\u00f0afjar\u00f0ar og faxafl\u00f3a. Vi\u00f0 s\u00e6kjum fiskinn \u00e1 bryggjuna, kj\u00f6ti\u00f0 til \u00edslenskra b\u00e6nda og fullvinnum \u00ed okkar eldh\u00fasi.<\/p><p style=\"text-align: center;\">Ef \u00fe\u00fa vilt tilbo\u00f0 sni\u00f0i\u00f0 a\u00f0 \u00fe\u00ednum \u00fe\u00f6rfum haf\u00f0u \u00fe\u00e1 samband vi\u00f0 okkur <span style=\"color: #0000ff;\"><a style=\"color: #0000ff;\" href=\"mailto:langaholt@langaholt.is\">langaholt@langaholt.is<\/a><\/span> e\u00f0a fylltu \u00fat formi\u00f0 h\u00e9r a\u00f0 ne\u00f0an me\u00f0 skilabo\u00f0um um \u00fe\u00ednar \u00f3skir.<\/p>\t\t\t\t\t\t\t\t<\/div>\n\t\t\t\t<\/div>\n\t\t\t\t<div class=\"elementor-element elementor-element-4942e33 elementor-widget elementor-widget-heading\" data-id=\"4942e33\" data-element_type=\"widget\" data-e-type=\"widget\" data-settings=\"{&quot;hoteller_ext_link_sidemenu&quot;:&quot;false&quot;,&quot;hoteller_ext_link_fullmenu&quot;:&quot;false&quot;,&quot;hoteller_ext_link_closed_fullmenu&quot;:&quot;false&quot;,&quot;hoteller_ext_is_scrollme&quot;:&quot;false&quot;,&quot;hoteller_ext_is_smoove&quot;:&quot;false&quot;,&quot;hoteller_ext_is_parallax_mouse&quot;:&quot;false&quot;,&quot;hoteller_ext_is_infinite&quot;:&quot;false&quot;,&quot;hoteller_ext_is_fadeout_animation&quot;:&quot;false&quot;,&quot;hoteller_ext_mobile_static&quot;:&quot;false&quot;}\" data-widget_type=\"heading.default\">\n\t\t\t\t<div class=\"elementor-widget-container\">\n\t\t\t\t\t<h2 class=\"elementor-heading-title elementor-size-default\">Fyrir frekari fyrirspurnir og b\u00f3kanir er h\u00e6gt a\u00f0 senda inn fyrirspurn:<span style=\"font-family: Oswald, Helvetica, Arial, sans-serif;font-size: 28px;font-style: normal;font-weight: 400;letter-spacing: 0px\"><\/span><br><\/h2>\t\t\t\t<\/div>\n\t\t\t\t<\/div>\n\t\t\t\t<div class=\"elementor-element elementor-element-2f3cd90 elementor-widget elementor-widget-shortcode\" data-id=\"2f3cd90\" data-element_type=\"widget\" data-e-type=\"widget\" data-settings=\"{&quot;hoteller_ext_link_sidemenu&quot;:&quot;false&quot;,&quot;hoteller_ext_link_fullmenu&quot;:&quot;false&quot;,&quot;hoteller_ext_link_closed_fullmenu&quot;:&quot;false&quot;,&quot;hoteller_ext_is_scrollme&quot;:&quot;false&quot;,&quot;hoteller_ext_is_smoove&quot;:&quot;false&quot;,&quot;hoteller_ext_is_parallax_mouse&quot;:&quot;false&quot;,&quot;hoteller_ext_is_infinite&quot;:&quot;false&quot;,&quot;hoteller_ext_is_fadeout_animation&quot;:&quot;false&quot;,&quot;hoteller_ext_mobile_static&quot;:&quot;false&quot;}\" data-widget_type=\"shortcode.default\">\n\t\t\t\t<div class=\"elementor-widget-container\">\n\t\t\t\t\t\t\t<div class=\"elementor-shortcode\">\n<div class=\"wpcf7 no-js\" id=\"wpcf7-f4648-o1\" lang=\"en-US\" dir=\"ltr\" data-wpcf7-id=\"4648\">\n<div class=\"screen-reader-response\"><p role=\"status\" aria-live=\"polite\" aria-atomic=\"true\"><\/p> <ul><\/ul><\/div>\n<form action=\"\/islenska\/wp-json\/wp\/v2\/pages\/4812#wpcf7-f4648-o1\" method=\"post\" class=\"wpcf7-form init\" aria-label=\"Contact form\" novalidate=\"novalidate\" data-status=\"init\">\n<fieldset class=\"hidden-fields-container\"><input type=\"hidden\" name=\"_wpcf7\" value=\"4648\" \/><input type=\"hidden\" name=\"_wpcf7_version\" value=\"6.1.5\" \/><input type=\"hidden\" name=\"_wpcf7_locale\" value=\"en_US\" \/><input type=\"hidden\" name=\"_wpcf7_unit_tag\" value=\"wpcf7-f4648-o1\" \/><input type=\"hidden\" name=\"_wpcf7_container_post\" value=\"0\" \/><input type=\"hidden\" name=\"_wpcf7_posted_data_hash\" value=\"\" \/>\n<\/fieldset>\n<p><label> Nafn (*)<br \/>\n<span class=\"wpcf7-form-control-wrap\" data-name=\"your-name\"><input size=\"40\" maxlength=\"400\" class=\"wpcf7-form-control wpcf7-text wpcf7-validates-as-required\" aria-required=\"true\" aria-invalid=\"false\" value=\"\" type=\"text\" name=\"your-name\" \/><\/span> <\/label>\n<\/p>\n<p><label> Netfang (*)<br \/>\n<span class=\"wpcf7-form-control-wrap\" data-name=\"your-email\"><input size=\"40\" maxlength=\"400\" class=\"wpcf7-form-control wpcf7-email wpcf7-validates-as-required wpcf7-text wpcf7-validates-as-email\" aria-required=\"true\" aria-invalid=\"false\" value=\"\" type=\"email\" name=\"your-email\" \/><\/span> <\/label>\n<\/p>\n<p><label> S\u00edman\u00famer (*)<br \/>\n<span class=\"wpcf7-form-control-wrap\" data-name=\"telephone\"><input size=\"40\" maxlength=\"400\" class=\"wpcf7-form-control wpcf7-tel wpcf7-validates-as-required wpcf7-text wpcf7-validates-as-tel\" aria-required=\"true\" aria-invalid=\"false\" value=\"\" type=\"tel\" name=\"telephone\" \/><\/span> <\/label>\n<\/p>\n<p><label> Skilabo\u00f0<br \/>\n<span class=\"wpcf7-form-control-wrap\" data-name=\"your-message\"><textarea cols=\"40\" rows=\"10\" maxlength=\"2000\" class=\"wpcf7-form-control wpcf7-textarea\" aria-invalid=\"false\" name=\"your-message\"><\/textarea><\/span> <\/label>\n<\/p>\n<p><span class=\"wpcf7-form-control-wrap\" data-name=\"gdpr\"><span class=\"wpcf7-form-control wpcf7-checkbox wpcf7-validates-as-required\"><span class=\"wpcf7-list-item first last\"><input type=\"checkbox\" name=\"gdpr[]\" value=\"\u00c9g sam\u00feykki a\u00f0 Langaholt skr\u00e1i ni\u00f0ur uppl\u00fdsingar m\u00ednar.\" \/><span class=\"wpcf7-list-item-label\">\u00c9g sam\u00feykki a\u00f0 Langaholt skr\u00e1i ni\u00f0ur uppl\u00fdsingar m\u00ednar.<\/span><\/span><\/span><\/span>\n<\/p>\n<p><input class=\"wpcf7-form-control wpcf7-submit has-spinner\" type=\"submit\" value=\"Senda\" \/>\n<\/p><div class=\"wpcf7-response-output\" aria-hidden=\"true\"><\/div>\n<\/form>\n<\/div>\n<\/div>\n\t\t\t\t\t\t<\/div>\n\t\t\t\t<\/div>\n\t\t\t\t\t<\/div>\n\t\t<\/div>\n\t\t\t\t\t<\/div>\n\t\t<\/section>\n\t\t\t\t<\/div>\n\t\t","protected":false},"excerpt":{"rendered":"<p>L\u00e1glendisganga \u00e1 laugardegi fr\u00e1 Dritv\u00edk a\u00f0 Malarrifi Labba\u00f0 me\u00f0 Langaholti 25. okt\u00f3ber L\u00e1glendisganga 25. okt\u00f3ber me\u00f0 lei\u00f0s\u00f6gn, mat og gistingu. \u2013 H\u00f3tel Langaholt b\u00fd\u00f0ur \u00feann 25. okt\u00f3ber n\u00e6stkomandi upp \u00e1 dagsg\u00f6ngu me\u00f0 mat og gistingu \u00ed sy\u00f0sta hluta Sn\u00e6fellsj\u00f6kuls\u00fej\u00f3\u00f0gar\u00f0s. Lei\u00f0s\u00f6guma\u00f0ur [&hellip;]<\/p>\n","protected":false},"author":1,"featured_media":4623,"parent":0,"menu_order":0,"comment_status":"closed","ping_status":"closed","template":"","meta":{"footnotes":""},"class_list":["post-4812","page","type-page","status-publish","has-post-thumbnail","hentry"],"yoast_head":"<!-- This site is optimized with the Yoast SEO plugin v27.5 - https:\/\/yoast.com\/product\/yoast-seo-wordpress\/ -->\n<title>L\u00e1glendisganga \u00e1 laugardegi - okt 25 - Tilbo\u00f0 fyrir tvo - Langaholt sveitah\u00f3tel<\/title>\n<meta name=\"description\" content=\"H\u00f3tel Langaholt b\u00fd\u00f0ur \u00feann 31. ma\u00ed n\u00e6stkomandi upp \u00e1 dagsg\u00f6ngu me\u00f0 mat og gistingu \u00ed sy\u00f0sta hluta Sn\u00e6fellsj\u00f6kuls\u00fej\u00f3\u00f0gar\u00f0s. Lei\u00f0s\u00f6guma\u00f0ur er Gu\u00f0mundur R\u00fanar Svansson sem starfa\u00f0 hefur sem landv\u00f6r\u00f0ur \u00ed \u00fej\u00f3\u00f0gar\u00f0inum. \u00c1hersla er l\u00f6g\u00f0 \u00e1 fr\u00e6\u00f0slu og sko\u00f0un fornminja sem eru utan alfaralei\u00f0a og st\u00e6rstu vi\u00f0komusta\u00f0a fer\u00f0amanna.\" \/>\n<meta name=\"robots\" content=\"index, follow, max-snippet:-1, max-image-preview:large, max-video-preview:-1\" \/>\n<link rel=\"canonical\" href=\"https:\/\/langaholt.is\/islenska\/laglendisganga-a-laugardegi-okt-25\/\" \/>\n<meta property=\"og:locale\" content=\"is_IS\" \/>\n<meta property=\"og:type\" content=\"article\" \/>\n<meta property=\"og:title\" content=\"L\u00e1glendisganga \u00e1 laugardegi - okt 25 - Tilbo\u00f0 fyrir tvo - Langaholt sveitah\u00f3tel\" \/>\n<meta property=\"og:description\" content=\"H\u00f3tel Langaholt b\u00fd\u00f0ur \u00feann 31. ma\u00ed n\u00e6stkomandi upp \u00e1 dagsg\u00f6ngu me\u00f0 mat og gistingu \u00ed sy\u00f0sta hluta Sn\u00e6fellsj\u00f6kuls\u00fej\u00f3\u00f0gar\u00f0s. Lei\u00f0s\u00f6guma\u00f0ur er Gu\u00f0mundur R\u00fanar Svansson sem starfa\u00f0 hefur sem landv\u00f6r\u00f0ur \u00ed \u00fej\u00f3\u00f0gar\u00f0inum. \u00c1hersla er l\u00f6g\u00f0 \u00e1 fr\u00e6\u00f0slu og sko\u00f0un fornminja sem eru utan alfaralei\u00f0a og st\u00e6rstu vi\u00f0komusta\u00f0a fer\u00f0amanna.\" \/>\n<meta property=\"og:url\" content=\"https:\/\/langaholt.is\/islenska\/laglendisganga-a-laugardegi-okt-25\/\" \/>\n<meta property=\"og:site_name\" content=\"Langaholt sveitah\u00f3tel\" \/>\n<meta property=\"article:publisher\" content=\"https:\/\/www.facebook.com\/langaholt\/\" \/>\n<meta property=\"article:modified_time\" content=\"2025-10-02T12:10:28+00:00\" \/>\n<meta property=\"og:image\" content=\"https:\/\/langaholt.is\/islenska\/wp-content\/uploads\/2025\/05\/image-37.png\" \/>\n\t<meta property=\"og:image:width\" content=\"768\" \/>\n\t<meta property=\"og:image:height\" content=\"512\" \/>\n\t<meta property=\"og:image:type\" content=\"image\/png\" \/>\n<meta name=\"twitter:card\" content=\"summary_large_image\" \/>\n<meta name=\"twitter:label1\" content=\"Est. reading time\" \/>\n\t<meta name=\"twitter:data1\" content=\"5 minutes\" \/>\n<script type=\"application\/ld+json\" class=\"yoast-schema-graph\">{\"@context\":\"https:\\\/\\\/schema.org\",\"@graph\":[{\"@type\":\"WebPage\",\"@id\":\"https:\\\/\\\/langaholt.is\\\/islenska\\\/laglendisganga-a-laugardegi-okt-25\\\/\",\"url\":\"https:\\\/\\\/langaholt.is\\\/islenska\\\/laglendisganga-a-laugardegi-okt-25\\\/\",\"name\":\"L\u00e1glendisganga \u00e1 laugardegi - okt 25 - Tilbo\u00f0 fyrir tvo - Langaholt sveitah\u00f3tel\",\"isPartOf\":{\"@id\":\"https:\\\/\\\/langaholt.is\\\/islenska\\\/#website\"},\"primaryImageOfPage\":{\"@id\":\"https:\\\/\\\/langaholt.is\\\/islenska\\\/laglendisganga-a-laugardegi-okt-25\\\/#primaryimage\"},\"image\":{\"@id\":\"https:\\\/\\\/langaholt.is\\\/islenska\\\/laglendisganga-a-laugardegi-okt-25\\\/#primaryimage\"},\"thumbnailUrl\":\"https:\\\/\\\/langaholt.is\\\/islenska\\\/wp-content\\\/uploads\\\/2025\\\/05\\\/image-37.png\",\"datePublished\":\"2025-10-02T12:07:37+00:00\",\"dateModified\":\"2025-10-02T12:10:28+00:00\",\"description\":\"H\u00f3tel Langaholt b\u00fd\u00f0ur \u00feann 31. ma\u00ed n\u00e6stkomandi upp \u00e1 dagsg\u00f6ngu me\u00f0 mat og gistingu \u00ed sy\u00f0sta hluta Sn\u00e6fellsj\u00f6kuls\u00fej\u00f3\u00f0gar\u00f0s. Lei\u00f0s\u00f6guma\u00f0ur er Gu\u00f0mundur R\u00fanar Svansson sem starfa\u00f0 hefur sem landv\u00f6r\u00f0ur \u00ed \u00fej\u00f3\u00f0gar\u00f0inum. \u00c1hersla er l\u00f6g\u00f0 \u00e1 fr\u00e6\u00f0slu og sko\u00f0un fornminja sem eru utan alfaralei\u00f0a og st\u00e6rstu vi\u00f0komusta\u00f0a fer\u00f0amanna.\",\"breadcrumb\":{\"@id\":\"https:\\\/\\\/langaholt.is\\\/islenska\\\/laglendisganga-a-laugardegi-okt-25\\\/#breadcrumb\"},\"inLanguage\":\"is\",\"potentialAction\":[{\"@type\":\"ReadAction\",\"target\":[\"https:\\\/\\\/langaholt.is\\\/islenska\\\/laglendisganga-a-laugardegi-okt-25\\\/\"]}]},{\"@type\":\"ImageObject\",\"inLanguage\":\"is\",\"@id\":\"https:\\\/\\\/langaholt.is\\\/islenska\\\/laglendisganga-a-laugardegi-okt-25\\\/#primaryimage\",\"url\":\"https:\\\/\\\/langaholt.is\\\/islenska\\\/wp-content\\\/uploads\\\/2025\\\/05\\\/image-37.png\",\"contentUrl\":\"https:\\\/\\\/langaholt.is\\\/islenska\\\/wp-content\\\/uploads\\\/2025\\\/05\\\/image-37.png\",\"width\":768,\"height\":512},{\"@type\":\"BreadcrumbList\",\"@id\":\"https:\\\/\\\/langaholt.is\\\/islenska\\\/laglendisganga-a-laugardegi-okt-25\\\/#breadcrumb\",\"itemListElement\":[{\"@type\":\"ListItem\",\"position\":1,\"name\":\"Home\",\"item\":\"https:\\\/\\\/langaholt.is\\\/islenska\\\/\"},{\"@type\":\"ListItem\",\"position\":2,\"name\":\"L\u00e1glendisganga \u00e1 laugardegi &#8211; okt 25\"}]},{\"@type\":\"WebSite\",\"@id\":\"https:\\\/\\\/langaholt.is\\\/islenska\\\/#website\",\"url\":\"https:\\\/\\\/langaholt.is\\\/islenska\\\/\",\"name\":\"Langaholt Sveitah\u00f3tel\",\"description\":\"Ekta \u00edslensk sveitah\u00f3tel \u00e1 Sn\u00e6fellsnesinu\",\"publisher\":{\"@id\":\"https:\\\/\\\/langaholt.is\\\/islenska\\\/#organization\"},\"potentialAction\":[{\"@type\":\"SearchAction\",\"target\":{\"@type\":\"EntryPoint\",\"urlTemplate\":\"https:\\\/\\\/langaholt.is\\\/islenska\\\/?s={search_term_string}\"},\"query-input\":{\"@type\":\"PropertyValueSpecification\",\"valueRequired\":true,\"valueName\":\"search_term_string\"}}],\"inLanguage\":\"is\"},{\"@type\":\"Organization\",\"@id\":\"https:\\\/\\\/langaholt.is\\\/islenska\\\/#organization\",\"name\":\"Langaholt\",\"url\":\"https:\\\/\\\/langaholt.is\\\/islenska\\\/\",\"logo\":{\"@type\":\"ImageObject\",\"inLanguage\":\"is\",\"@id\":\"https:\\\/\\\/langaholt.is\\\/islenska\\\/#\\\/schema\\\/logo\\\/image\\\/\",\"url\":\"https:\\\/\\\/langaholt.is\\\/islenska\\\/wp-content\\\/uploads\\\/2020\\\/02\\\/Langaholt-logo-vefur.jpg\",\"contentUrl\":\"https:\\\/\\\/langaholt.is\\\/islenska\\\/wp-content\\\/uploads\\\/2020\\\/02\\\/Langaholt-logo-vefur.jpg\",\"width\":261,\"height\":85,\"caption\":\"Langaholt\"},\"image\":{\"@id\":\"https:\\\/\\\/langaholt.is\\\/islenska\\\/#\\\/schema\\\/logo\\\/image\\\/\"},\"sameAs\":[\"https:\\\/\\\/www.facebook.com\\\/langaholt\\\/\",\"https:\\\/\\\/www.instagram.com\\\/langaholt\\\/\"]}]}<\/script>\n<!-- \/ Yoast SEO plugin. -->","yoast_head_json":{"title":"L\u00e1glendisganga \u00e1 laugardegi - okt 25 - Tilbo\u00f0 fyrir tvo - Langaholt sveitah\u00f3tel","description":"H\u00f3tel Langaholt b\u00fd\u00f0ur \u00feann 31. ma\u00ed n\u00e6stkomandi upp \u00e1 dagsg\u00f6ngu me\u00f0 mat og gistingu \u00ed sy\u00f0sta hluta Sn\u00e6fellsj\u00f6kuls\u00fej\u00f3\u00f0gar\u00f0s. Lei\u00f0s\u00f6guma\u00f0ur er Gu\u00f0mundur R\u00fanar Svansson sem starfa\u00f0 hefur sem landv\u00f6r\u00f0ur \u00ed \u00fej\u00f3\u00f0gar\u00f0inum. \u00c1hersla er l\u00f6g\u00f0 \u00e1 fr\u00e6\u00f0slu og sko\u00f0un fornminja sem eru utan alfaralei\u00f0a og st\u00e6rstu vi\u00f0komusta\u00f0a fer\u00f0amanna.","robots":{"index":"index","follow":"follow","max-snippet":"max-snippet:-1","max-image-preview":"max-image-preview:large","max-video-preview":"max-video-preview:-1"},"canonical":"https:\/\/langaholt.is\/islenska\/laglendisganga-a-laugardegi-okt-25\/","og_locale":"is_IS","og_type":"article","og_title":"L\u00e1glendisganga \u00e1 laugardegi - okt 25 - Tilbo\u00f0 fyrir tvo - Langaholt sveitah\u00f3tel","og_description":"H\u00f3tel Langaholt b\u00fd\u00f0ur \u00feann 31. ma\u00ed n\u00e6stkomandi upp \u00e1 dagsg\u00f6ngu me\u00f0 mat og gistingu \u00ed sy\u00f0sta hluta Sn\u00e6fellsj\u00f6kuls\u00fej\u00f3\u00f0gar\u00f0s. Lei\u00f0s\u00f6guma\u00f0ur er Gu\u00f0mundur R\u00fanar Svansson sem starfa\u00f0 hefur sem landv\u00f6r\u00f0ur \u00ed \u00fej\u00f3\u00f0gar\u00f0inum. \u00c1hersla er l\u00f6g\u00f0 \u00e1 fr\u00e6\u00f0slu og sko\u00f0un fornminja sem eru utan alfaralei\u00f0a og st\u00e6rstu vi\u00f0komusta\u00f0a fer\u00f0amanna.","og_url":"https:\/\/langaholt.is\/islenska\/laglendisganga-a-laugardegi-okt-25\/","og_site_name":"Langaholt sveitah\u00f3tel","article_publisher":"https:\/\/www.facebook.com\/langaholt\/","article_modified_time":"2025-10-02T12:10:28+00:00","og_image":[{"width":768,"height":512,"url":"https:\/\/langaholt.is\/islenska\/wp-content\/uploads\/2025\/05\/image-37.png","type":"image\/png"}],"twitter_card":"summary_large_image","twitter_misc":{"Est. reading time":"5 minutes"},"schema":{"@context":"https:\/\/schema.org","@graph":[{"@type":"WebPage","@id":"https:\/\/langaholt.is\/islenska\/laglendisganga-a-laugardegi-okt-25\/","url":"https:\/\/langaholt.is\/islenska\/laglendisganga-a-laugardegi-okt-25\/","name":"L\u00e1glendisganga \u00e1 laugardegi - okt 25 - Tilbo\u00f0 fyrir tvo - Langaholt sveitah\u00f3tel","isPartOf":{"@id":"https:\/\/langaholt.is\/islenska\/#website"},"primaryImageOfPage":{"@id":"https:\/\/langaholt.is\/islenska\/laglendisganga-a-laugardegi-okt-25\/#primaryimage"},"image":{"@id":"https:\/\/langaholt.is\/islenska\/laglendisganga-a-laugardegi-okt-25\/#primaryimage"},"thumbnailUrl":"https:\/\/langaholt.is\/islenska\/wp-content\/uploads\/2025\/05\/image-37.png","datePublished":"2025-10-02T12:07:37+00:00","dateModified":"2025-10-02T12:10:28+00:00","description":"H\u00f3tel Langaholt b\u00fd\u00f0ur \u00feann 31. ma\u00ed n\u00e6stkomandi upp \u00e1 dagsg\u00f6ngu me\u00f0 mat og gistingu \u00ed sy\u00f0sta hluta Sn\u00e6fellsj\u00f6kuls\u00fej\u00f3\u00f0gar\u00f0s. Lei\u00f0s\u00f6guma\u00f0ur er Gu\u00f0mundur R\u00fanar Svansson sem starfa\u00f0 hefur sem landv\u00f6r\u00f0ur \u00ed \u00fej\u00f3\u00f0gar\u00f0inum. \u00c1hersla er l\u00f6g\u00f0 \u00e1 fr\u00e6\u00f0slu og sko\u00f0un fornminja sem eru utan alfaralei\u00f0a og st\u00e6rstu vi\u00f0komusta\u00f0a fer\u00f0amanna.","breadcrumb":{"@id":"https:\/\/langaholt.is\/islenska\/laglendisganga-a-laugardegi-okt-25\/#breadcrumb"},"inLanguage":"is","potentialAction":[{"@type":"ReadAction","target":["https:\/\/langaholt.is\/islenska\/laglendisganga-a-laugardegi-okt-25\/"]}]},{"@type":"ImageObject","inLanguage":"is","@id":"https:\/\/langaholt.is\/islenska\/laglendisganga-a-laugardegi-okt-25\/#primaryimage","url":"https:\/\/langaholt.is\/islenska\/wp-content\/uploads\/2025\/05\/image-37.png","contentUrl":"https:\/\/langaholt.is\/islenska\/wp-content\/uploads\/2025\/05\/image-37.png","width":768,"height":512},{"@type":"BreadcrumbList","@id":"https:\/\/langaholt.is\/islenska\/laglendisganga-a-laugardegi-okt-25\/#breadcrumb","itemListElement":[{"@type":"ListItem","position":1,"name":"Home","item":"https:\/\/langaholt.is\/islenska\/"},{"@type":"ListItem","position":2,"name":"L\u00e1glendisganga \u00e1 laugardegi &#8211; okt 25"}]},{"@type":"WebSite","@id":"https:\/\/langaholt.is\/islenska\/#website","url":"https:\/\/langaholt.is\/islenska\/","name":"Langaholt Sveitah\u00f3tel","description":"Ekta \u00edslensk sveitah\u00f3tel \u00e1 Sn\u00e6fellsnesinu","publisher":{"@id":"https:\/\/langaholt.is\/islenska\/#organization"},"potentialAction":[{"@type":"SearchAction","target":{"@type":"EntryPoint","urlTemplate":"https:\/\/langaholt.is\/islenska\/?s={search_term_string}"},"query-input":{"@type":"PropertyValueSpecification","valueRequired":true,"valueName":"search_term_string"}}],"inLanguage":"is"},{"@type":"Organization","@id":"https:\/\/langaholt.is\/islenska\/#organization","name":"Langaholt","url":"https:\/\/langaholt.is\/islenska\/","logo":{"@type":"ImageObject","inLanguage":"is","@id":"https:\/\/langaholt.is\/islenska\/#\/schema\/logo\/image\/","url":"https:\/\/langaholt.is\/islenska\/wp-content\/uploads\/2020\/02\/Langaholt-logo-vefur.jpg","contentUrl":"https:\/\/langaholt.is\/islenska\/wp-content\/uploads\/2020\/02\/Langaholt-logo-vefur.jpg","width":261,"height":85,"caption":"Langaholt"},"image":{"@id":"https:\/\/langaholt.is\/islenska\/#\/schema\/logo\/image\/"},"sameAs":["https:\/\/www.facebook.com\/langaholt\/","https:\/\/www.instagram.com\/langaholt\/"]}]}},"_links":{"self":[{"href":"https:\/\/langaholt.is\/islenska\/wp-json\/wp\/v2\/pages\/4812","targetHints":{"allow":["GET"]}}],"collection":[{"href":"https:\/\/langaholt.is\/islenska\/wp-json\/wp\/v2\/pages"}],"about":[{"href":"https:\/\/langaholt.is\/islenska\/wp-json\/wp\/v2\/types\/page"}],"author":[{"embeddable":true,"href":"https:\/\/langaholt.is\/islenska\/wp-json\/wp\/v2\/users\/1"}],"replies":[{"embeddable":true,"href":"https:\/\/langaholt.is\/islenska\/wp-json\/wp\/v2\/comments?post=4812"}],"version-history":[{"count":4,"href":"https:\/\/langaholt.is\/islenska\/wp-json\/wp\/v2\/pages\/4812\/revisions"}],"predecessor-version":[{"id":4816,"href":"https:\/\/langaholt.is\/islenska\/wp-json\/wp\/v2\/pages\/4812\/revisions\/4816"}],"wp:featuredmedia":[{"embeddable":true,"href":"https:\/\/langaholt.is\/islenska\/wp-json\/wp\/v2\/media\/4623"}],"wp:attachment":[{"href":"https:\/\/langaholt.is\/islenska\/wp-json\/wp\/v2\/media?parent=4812"}],"curies":[{"name":"wp","href":"https:\/\/api.w.org\/{rel}","templated":true}]}}