{"id":4921,"date":"2026-02-17T13:21:58","date_gmt":"2026-02-17T13:21:58","guid":{"rendered":"https:\/\/langaholt.is\/islenska\/?page_id=4921"},"modified":"2026-04-01T11:45:33","modified_gmt":"2026-04-01T11:45:33","slug":"paskajoklaganga-a-snaefellsjokul-2-og-4-april-2026","status":"publish","type":"page","link":"https:\/\/langaholt.is\/islenska\/paskajoklaganga-a-snaefellsjokul-2-og-4-april-2026\/","title":{"rendered":"P\u00e1skaj\u00f6klag\u00f6ngur \u00e1 Sn\u00e6fellsj\u00f6kul &#8211; 2. og 4. apr\u00edl 2026"},"content":{"rendered":"\t\t<div data-elementor-type=\"wp-post\" data-elementor-id=\"4921\" class=\"elementor elementor-4921\">\n\t\t\t\t\t\t<section class=\"elementor-section elementor-top-section elementor-element elementor-element-2ca8a818 elementor-section-stretched elementor-section-height-min-height elementor-section-boxed elementor-section-height-default elementor-section-items-middle\" data-id=\"2ca8a818\" data-element_type=\"section\" data-e-type=\"section\" data-settings=\"{&quot;stretch_section&quot;:&quot;section-stretched&quot;,&quot;background_background&quot;:&quot;classic&quot;,&quot;hoteller_ext_is_background_parallax&quot;:&quot;false&quot;,&quot;hoteller_ext_is_background_on_scroll&quot;:&quot;false&quot;}\">\n\t\t\t\t\t\t\t<div class=\"elementor-background-overlay\"><\/div>\n\t\t\t\t\t\t\t<div class=\"elementor-container elementor-column-gap-default\">\n\t\t\t\t\t<div class=\"elementor-column elementor-col-100 elementor-top-column elementor-element elementor-element-5231de89\" data-id=\"5231de89\" data-element_type=\"column\" data-e-type=\"column\" data-settings=\"{&quot;hoteller_ext_link_sidemenu&quot;:&quot;false&quot;,&quot;hoteller_ext_link_fullmenu&quot;:&quot;false&quot;,&quot;hoteller_ext_link_closed_fullmenu&quot;:&quot;false&quot;,&quot;hoteller_ext_is_scrollme&quot;:&quot;false&quot;,&quot;hoteller_ext_is_smoove&quot;:&quot;false&quot;,&quot;hoteller_ext_is_parallax_mouse&quot;:&quot;false&quot;,&quot;hoteller_ext_is_infinite&quot;:&quot;false&quot;,&quot;hoteller_ext_is_fadeout_animation&quot;:&quot;false&quot;,&quot;hoteller_ext_mobile_static&quot;:&quot;false&quot;}\">\n\t\t\t<div class=\"elementor-widget-wrap elementor-element-populated\">\n\t\t\t\t\t\t<div class=\"elementor-element elementor-element-4b89cec0 elementor-invisible elementor-widget elementor-widget-heading\" data-id=\"4b89cec0\" data-element_type=\"widget\" data-e-type=\"widget\" data-settings=\"{&quot;_animation&quot;:&quot;fadeInUp&quot;,&quot;hoteller_ext_link_sidemenu&quot;:&quot;false&quot;,&quot;hoteller_ext_link_fullmenu&quot;:&quot;false&quot;,&quot;hoteller_ext_link_closed_fullmenu&quot;:&quot;false&quot;,&quot;hoteller_ext_is_scrollme&quot;:&quot;false&quot;,&quot;hoteller_ext_is_smoove&quot;:&quot;false&quot;,&quot;hoteller_ext_is_parallax_mouse&quot;:&quot;false&quot;,&quot;hoteller_ext_is_infinite&quot;:&quot;false&quot;,&quot;hoteller_ext_is_fadeout_animation&quot;:&quot;false&quot;,&quot;hoteller_ext_mobile_static&quot;:&quot;false&quot;}\" data-widget_type=\"heading.default\">\n\t\t\t\t<div class=\"elementor-widget-container\">\n\t\t\t\t\t<h1 class=\"elementor-heading-title elementor-size-default\">J\u00f6klag\u00f6ngur \u00e1 Sn\u00e6fellsj\u00f6kul - 2. og 4. apr\u00edl 2026 - Kannski einnig 11. apr\u00edl ef ve\u00f0ur leyfir<\/h1>\t\t\t\t<\/div>\n\t\t\t\t<\/div>\n\t\t\t\t<div class=\"elementor-element elementor-element-7075b3c6 elementor-invisible elementor-widget elementor-widget-heading\" data-id=\"7075b3c6\" data-element_type=\"widget\" data-e-type=\"widget\" data-settings=\"{&quot;_animation&quot;:&quot;fadeInUp&quot;,&quot;_animation_delay&quot;:400,&quot;hoteller_ext_link_sidemenu&quot;:&quot;false&quot;,&quot;hoteller_ext_link_fullmenu&quot;:&quot;false&quot;,&quot;hoteller_ext_link_closed_fullmenu&quot;:&quot;false&quot;,&quot;hoteller_ext_is_scrollme&quot;:&quot;false&quot;,&quot;hoteller_ext_is_smoove&quot;:&quot;false&quot;,&quot;hoteller_ext_is_parallax_mouse&quot;:&quot;false&quot;,&quot;hoteller_ext_is_infinite&quot;:&quot;false&quot;,&quot;hoteller_ext_is_fadeout_animation&quot;:&quot;false&quot;,&quot;hoteller_ext_mobile_static&quot;:&quot;false&quot;}\" data-widget_type=\"heading.default\">\n\t\t\t\t<div class=\"elementor-widget-container\">\n\t\t\t\t\t<h5 class=\"elementor-heading-title elementor-size-default\">(L\u00e1gmarksfj\u00f6ldi fyrir g\u00f6nguh\u00f3p er 8 manns)<\/h5>\t\t\t\t<\/div>\n\t\t\t\t<\/div>\n\t\t\t\t\t<\/div>\n\t\t<\/div>\n\t\t\t\t\t<\/div>\n\t\t<\/section>\n\t\t\t\t<section class=\"elementor-section elementor-top-section elementor-element elementor-element-811e8f5 elementor-section-boxed elementor-section-height-default elementor-section-height-default\" data-id=\"811e8f5\" data-element_type=\"section\" data-e-type=\"section\" data-settings=\"{&quot;hoteller_ext_is_background_parallax&quot;:&quot;false&quot;,&quot;hoteller_ext_is_background_on_scroll&quot;:&quot;false&quot;}\">\n\t\t\t\t\t\t<div class=\"elementor-container elementor-column-gap-default\">\n\t\t\t\t\t<div class=\"elementor-column elementor-col-100 elementor-top-column elementor-element elementor-element-3eaa06d\" data-id=\"3eaa06d\" data-element_type=\"column\" data-e-type=\"column\" data-settings=\"{&quot;hoteller_ext_link_sidemenu&quot;:&quot;false&quot;,&quot;hoteller_ext_link_fullmenu&quot;:&quot;false&quot;,&quot;hoteller_ext_link_closed_fullmenu&quot;:&quot;false&quot;,&quot;hoteller_ext_is_scrollme&quot;:&quot;false&quot;,&quot;hoteller_ext_is_smoove&quot;:&quot;false&quot;,&quot;hoteller_ext_is_parallax_mouse&quot;:&quot;false&quot;,&quot;hoteller_ext_is_infinite&quot;:&quot;false&quot;,&quot;hoteller_ext_is_fadeout_animation&quot;:&quot;false&quot;,&quot;hoteller_ext_mobile_static&quot;:&quot;false&quot;}\">\n\t\t\t<div class=\"elementor-widget-wrap elementor-element-populated\">\n\t\t\t\t\t\t<div class=\"elementor-element elementor-element-12e70e6 elementor-widget elementor-widget-spacer\" data-id=\"12e70e6\" data-element_type=\"widget\" data-e-type=\"widget\" data-settings=\"{&quot;hoteller_ext_link_sidemenu&quot;:&quot;false&quot;,&quot;hoteller_ext_link_fullmenu&quot;:&quot;false&quot;,&quot;hoteller_ext_link_closed_fullmenu&quot;:&quot;false&quot;,&quot;hoteller_ext_is_scrollme&quot;:&quot;false&quot;,&quot;hoteller_ext_is_smoove&quot;:&quot;false&quot;,&quot;hoteller_ext_is_parallax_mouse&quot;:&quot;false&quot;,&quot;hoteller_ext_is_infinite&quot;:&quot;false&quot;,&quot;hoteller_ext_is_fadeout_animation&quot;:&quot;false&quot;,&quot;hoteller_ext_mobile_static&quot;:&quot;false&quot;}\" data-widget_type=\"spacer.default\">\n\t\t\t\t<div class=\"elementor-widget-container\">\n\t\t\t\t\t\t\t<div class=\"elementor-spacer\">\n\t\t\t<div class=\"elementor-spacer-inner\"><\/div>\n\t\t<\/div>\n\t\t\t\t\t\t<\/div>\n\t\t\t\t<\/div>\n\t\t\t\t<div class=\"elementor-element elementor-element-27df9c6 elementor-widget elementor-widget-heading\" data-id=\"27df9c6\" data-element_type=\"widget\" data-e-type=\"widget\" data-settings=\"{&quot;hoteller_ext_link_sidemenu&quot;:&quot;false&quot;,&quot;hoteller_ext_link_fullmenu&quot;:&quot;false&quot;,&quot;hoteller_ext_link_closed_fullmenu&quot;:&quot;false&quot;,&quot;hoteller_ext_is_scrollme&quot;:&quot;false&quot;,&quot;hoteller_ext_is_smoove&quot;:&quot;false&quot;,&quot;hoteller_ext_is_parallax_mouse&quot;:&quot;false&quot;,&quot;hoteller_ext_is_infinite&quot;:&quot;false&quot;,&quot;hoteller_ext_is_fadeout_animation&quot;:&quot;false&quot;,&quot;hoteller_ext_mobile_static&quot;:&quot;false&quot;}\" data-widget_type=\"heading.default\">\n\t\t\t\t<div class=\"elementor-widget-container\">\n\t\t\t\t\t<h2 class=\"elementor-heading-title elementor-size-default\">P\u00e1skafer\u00f0ir \u00feann 2. og 4. apr\u00edl \u00e1 Sn\u00e6fellsj\u00f6kul me\u00f0 mat og gistingu. - <\/h2>\t\t\t\t<\/div>\n\t\t\t\t<\/div>\n\t\t\t\t<div class=\"elementor-element elementor-element-9f31a58 elementor-widget elementor-widget-hoteller-gallery-justified\" data-id=\"9f31a58\" data-element_type=\"widget\" data-e-type=\"widget\" data-settings=\"{&quot;hoteller_ext_link_sidemenu&quot;:&quot;false&quot;,&quot;hoteller_ext_link_fullmenu&quot;:&quot;false&quot;,&quot;hoteller_ext_link_closed_fullmenu&quot;:&quot;false&quot;,&quot;hoteller_ext_is_scrollme&quot;:&quot;false&quot;,&quot;hoteller_ext_is_smoove&quot;:&quot;false&quot;,&quot;hoteller_ext_is_parallax_mouse&quot;:&quot;false&quot;,&quot;hoteller_ext_is_infinite&quot;:&quot;false&quot;,&quot;hoteller_ext_is_fadeout_animation&quot;:&quot;false&quot;,&quot;hoteller_ext_mobile_static&quot;:&quot;false&quot;}\" data-widget_type=\"hoteller-gallery-justified.default\">\n\t\t\t\t<div class=\"elementor-widget-container\">\n\t\t\t\t\t<div class=\"gallery_grid_content_wrapper do_justified justified-gallery\" data-row_height=\"150\" data-margin=\"5\" data-justify_last_row=\"yes\">\n\t\t<div class=\"entry gallery_grid_item gallery-grid-tilt\">\n\t\t\t\t\t\t\t<a class=\"tg_gallery_lightbox\" href=\"https:\/\/langaholt.is\/islenska\/wp-content\/uploads\/2025\/03\/290264991_10159059908407781_8794537305178676538_n.jpg\" data-thumb=\"https:\/\/langaholt.is\/islenska\/wp-content\/uploads\/2025\/03\/290264991_10159059908407781_8794537305178676538_n-300x225.jpg\" data-rel=\"tg_gallery9f31a58\"  >\n\t\t\t\t\t\t\t<img decoding=\"async\" src=\"https:\/\/langaholt.is\/islenska\/wp-content\/uploads\/2025\/03\/290264991_10159059908407781_8794537305178676538_n-768x576.jpg\" alt=\"\" \/>\n\t\t\t\t\t\t\t<\/a>\n\t\t\t\t\t<\/div>\n\t\t<div class=\"entry gallery_grid_item gallery-grid-tilt\">\n\t\t\t\t\t\t\t<a class=\"tg_gallery_lightbox\" href=\"https:\/\/langaholt.is\/islenska\/wp-content\/uploads\/2025\/03\/480362322_9633197223365621_5823987486586558576_n.jpg\" data-thumb=\"https:\/\/langaholt.is\/islenska\/wp-content\/uploads\/2025\/03\/480362322_9633197223365621_5823987486586558576_n-300x225.jpg\" data-rel=\"tg_gallery9f31a58\"  >\n\t\t\t\t\t\t\t<img decoding=\"async\" src=\"https:\/\/langaholt.is\/islenska\/wp-content\/uploads\/2025\/03\/480362322_9633197223365621_5823987486586558576_n-768x576.jpg\" alt=\"\" \/>\n\t\t\t\t\t\t\t<\/a>\n\t\t\t\t\t<\/div>\n\t\t<div class=\"entry gallery_grid_item gallery-grid-tilt\">\n\t\t\t\t\t\t\t<a class=\"tg_gallery_lightbox\" href=\"https:\/\/langaholt.is\/islenska\/wp-content\/uploads\/2025\/03\/468276342_10160446903150373_6233516507922085316_n.jpg\" data-thumb=\"https:\/\/langaholt.is\/islenska\/wp-content\/uploads\/2025\/03\/468276342_10160446903150373_6233516507922085316_n-300x127.jpg\" data-rel=\"tg_gallery9f31a58\"  >\n\t\t\t\t\t\t\t<img decoding=\"async\" src=\"https:\/\/langaholt.is\/islenska\/wp-content\/uploads\/2025\/03\/468276342_10160446903150373_6233516507922085316_n-768x326.jpg\" alt=\"\" \/>\n\t\t\t\t\t\t\t<\/a>\n\t\t\t\t\t<\/div>\n\t\t<div class=\"entry gallery_grid_item gallery-grid-tilt\">\n\t\t\t\t\t\t\t<a class=\"tg_gallery_lightbox\" href=\"https:\/\/langaholt.is\/islenska\/wp-content\/uploads\/2025\/03\/462622728_10230332895697877_2536013077058686429_n.jpg\" data-thumb=\"https:\/\/langaholt.is\/islenska\/wp-content\/uploads\/2025\/03\/462622728_10230332895697877_2536013077058686429_n-300x200.jpg\" data-rel=\"tg_gallery9f31a58\"  >\n\t\t\t\t\t\t\t<img decoding=\"async\" src=\"https:\/\/langaholt.is\/islenska\/wp-content\/uploads\/2025\/03\/462622728_10230332895697877_2536013077058686429_n.jpg\" alt=\"\" \/>\n\t\t\t\t\t\t\t<\/a>\n\t\t\t\t\t<\/div>\n\t\t<div class=\"entry gallery_grid_item gallery-grid-tilt\">\n\t\t\t\t\t\t\t<a class=\"tg_gallery_lightbox\" href=\"https:\/\/langaholt.is\/islenska\/wp-content\/uploads\/2025\/03\/289632685_10158691576655373_2270625329318057653_n.jpg\" data-thumb=\"https:\/\/langaholt.is\/islenska\/wp-content\/uploads\/2025\/03\/289632685_10158691576655373_2270625329318057653_n-300x200.jpg\" data-rel=\"tg_gallery9f31a58\"  >\n\t\t\t\t\t\t\t<img decoding=\"async\" src=\"https:\/\/langaholt.is\/islenska\/wp-content\/uploads\/2025\/03\/289632685_10158691576655373_2270625329318057653_n-768x512.jpg\" alt=\"\" \/>\n\t\t\t\t\t\t\t<\/a>\n\t\t\t\t\t<\/div>\n\t\t<div class=\"entry gallery_grid_item gallery-grid-tilt\">\n\t\t\t\t\t\t\t<a class=\"tg_gallery_lightbox\" href=\"https:\/\/langaholt.is\/islenska\/wp-content\/uploads\/2025\/03\/289264211_10226605076889513_1789527972164337038_n.jpg\" data-thumb=\"https:\/\/langaholt.is\/islenska\/wp-content\/uploads\/2025\/03\/289264211_10226605076889513_1789527972164337038_n-225x300.jpg\" data-rel=\"tg_gallery9f31a58\"  >\n\t\t\t\t\t\t\t<img decoding=\"async\" src=\"https:\/\/langaholt.is\/islenska\/wp-content\/uploads\/2025\/03\/289264211_10226605076889513_1789527972164337038_n-768x1024.jpg\" alt=\"\" \/>\n\t\t\t\t\t\t\t<\/a>\n\t\t\t\t\t<\/div>\n\t\t<div class=\"entry gallery_grid_item gallery-grid-tilt\">\n\t\t\t\t\t\t\t<a class=\"tg_gallery_lightbox\" href=\"https:\/\/langaholt.is\/islenska\/wp-content\/uploads\/2025\/03\/288234454_10158691576860373_5153479621691608179_n.jpg\" data-thumb=\"https:\/\/langaholt.is\/islenska\/wp-content\/uploads\/2025\/03\/288234454_10158691576860373_5153479621691608179_n-300x204.jpg\" data-rel=\"tg_gallery9f31a58\"  >\n\t\t\t\t\t\t\t<img decoding=\"async\" src=\"https:\/\/langaholt.is\/islenska\/wp-content\/uploads\/2025\/03\/288234454_10158691576860373_5153479621691608179_n-768x522.jpg\" alt=\"\" \/>\n\t\t\t\t\t\t\t<\/a>\n\t\t\t\t\t<\/div>\n\t\t<div class=\"entry gallery_grid_item gallery-grid-tilt\">\n\t\t\t\t\t\t\t<a class=\"tg_gallery_lightbox\" href=\"https:\/\/langaholt.is\/islenska\/wp-content\/uploads\/2020\/02\/2008-28-mai-au-6-juin-ISLANDE-1-119-e1554803826999.jpg\" data-thumb=\"https:\/\/langaholt.is\/islenska\/wp-content\/uploads\/2020\/02\/2008-28-mai-au-6-juin-ISLANDE-1-119-e1554803826999-300x200.jpg\" data-rel=\"tg_gallery9f31a58\"  >\n\t\t\t\t\t\t\t<img decoding=\"async\" src=\"https:\/\/langaholt.is\/islenska\/wp-content\/uploads\/2020\/02\/2008-28-mai-au-6-juin-ISLANDE-1-119-e1554803826999.jpg\" alt=\"\" \/>\n\t\t\t\t\t\t\t<\/a>\n\t\t\t\t\t<\/div>\n\t\t<div class=\"entry gallery_grid_item gallery-grid-tilt\">\n\t\t\t\t\t\t\t<a class=\"tg_gallery_lightbox\" href=\"https:\/\/langaholt.is\/islenska\/wp-content\/uploads\/2023\/08\/Ahersla-a-matvaeli-ur-heradi_FYRIR-VEF.jpg\" data-thumb=\"https:\/\/langaholt.is\/islenska\/wp-content\/uploads\/2023\/08\/Ahersla-a-matvaeli-ur-heradi_FYRIR-VEF-300x200.jpg\" data-rel=\"tg_gallery9f31a58\"  >\n\t\t\t\t\t\t\t<img decoding=\"async\" src=\"https:\/\/langaholt.is\/islenska\/wp-content\/uploads\/2023\/08\/Ahersla-a-matvaeli-ur-heradi_FYRIR-VEF-768x512.jpg\" alt=\"\" \/>\n\t\t\t\t\t\t\t<\/a>\n\t\t\t\t\t<\/div>\n\t\t<div class=\"entry gallery_grid_item gallery-grid-tilt\">\n\t\t\t\t\t\t\t<a class=\"tg_gallery_lightbox\" href=\"https:\/\/langaholt.is\/islenska\/wp-content\/uploads\/2023\/08\/Undibuningur-5223-1024x683-1-1.jpg\" data-thumb=\"https:\/\/langaholt.is\/islenska\/wp-content\/uploads\/2023\/08\/Undibuningur-5223-1024x683-1-1-300x200.jpg\" data-rel=\"tg_gallery9f31a58\"  >\n\t\t\t\t\t\t\t<img decoding=\"async\" src=\"https:\/\/langaholt.is\/islenska\/wp-content\/uploads\/2023\/08\/Undibuningur-5223-1024x683-1-1-768x512.jpg\" alt=\"\" \/>\n\t\t\t\t\t\t\t<\/a>\n\t\t\t\t\t<\/div>\n\t\t<div class=\"entry gallery_grid_item gallery-grid-tilt\">\n\t\t\t\t\t\t\t<a class=\"tg_gallery_lightbox\" href=\"https:\/\/langaholt.is\/islenska\/wp-content\/uploads\/2020\/02\/roomgirl-1.jpg\" data-thumb=\"https:\/\/langaholt.is\/islenska\/wp-content\/uploads\/2020\/02\/roomgirl-1-300x178.jpg\" data-rel=\"tg_gallery9f31a58\"  >\n\t\t\t\t\t\t\t<img decoding=\"async\" src=\"https:\/\/langaholt.is\/islenska\/wp-content\/uploads\/2020\/02\/roomgirl-1-768x454.jpg\" alt=\"\" \/>\n\t\t\t\t\t\t\t<\/a>\n\t\t\t\t\t<\/div>\n\t\t<div class=\"entry gallery_grid_item gallery-grid-tilt\">\n\t\t\t\t\t\t\t<a class=\"tg_gallery_lightbox\" href=\"https:\/\/langaholt.is\/islenska\/wp-content\/uploads\/2020\/02\/Langaholt_snaefelsnes-5779-e1575553080399.jpg\" data-thumb=\"https:\/\/langaholt.is\/islenska\/wp-content\/uploads\/2020\/02\/Langaholt_snaefelsnes-5779-e1575553080399-300x200.jpg\" data-rel=\"tg_gallery9f31a58\"  >\n\t\t\t\t\t\t\t<img decoding=\"async\" src=\"https:\/\/langaholt.is\/islenska\/wp-content\/uploads\/2020\/02\/Langaholt_snaefelsnes-5779-e1575553080399-768x512.jpg\" alt=\"Langaholt\" \/>\n\t\t\t\t\t\t\t<\/a>\n\t\t\t\t\t<\/div>\n<br class=\"clear\"\/>\n<\/div>\n\t\t\t\t<\/div>\n\t\t\t\t<\/div>\n\t\t\t\t<div class=\"elementor-element elementor-element-16376d5 elementor-widget-divider--view-line elementor-widget elementor-widget-divider\" data-id=\"16376d5\" data-element_type=\"widget\" data-e-type=\"widget\" data-settings=\"{&quot;hoteller_ext_link_sidemenu&quot;:&quot;false&quot;,&quot;hoteller_ext_link_fullmenu&quot;:&quot;false&quot;,&quot;hoteller_ext_link_closed_fullmenu&quot;:&quot;false&quot;,&quot;hoteller_ext_is_scrollme&quot;:&quot;false&quot;,&quot;hoteller_ext_is_smoove&quot;:&quot;false&quot;,&quot;hoteller_ext_is_parallax_mouse&quot;:&quot;false&quot;,&quot;hoteller_ext_is_infinite&quot;:&quot;false&quot;,&quot;hoteller_ext_is_fadeout_animation&quot;:&quot;false&quot;,&quot;hoteller_ext_mobile_static&quot;:&quot;false&quot;}\" data-widget_type=\"divider.default\">\n\t\t\t\t<div class=\"elementor-widget-container\">\n\t\t\t\t\t\t\t<div class=\"elementor-divider\">\n\t\t\t<span class=\"elementor-divider-separator\">\n\t\t\t\t\t\t<\/span>\n\t\t<\/div>\n\t\t\t\t\t\t<\/div>\n\t\t\t\t<\/div>\n\t\t\t\t<div class=\"elementor-element elementor-element-5812f88 elementor-widget elementor-widget-text-editor\" data-id=\"5812f88\" data-element_type=\"widget\" data-e-type=\"widget\" data-settings=\"{&quot;hoteller_ext_link_sidemenu&quot;:&quot;false&quot;,&quot;hoteller_ext_link_fullmenu&quot;:&quot;false&quot;,&quot;hoteller_ext_link_closed_fullmenu&quot;:&quot;false&quot;,&quot;hoteller_ext_is_scrollme&quot;:&quot;false&quot;,&quot;hoteller_ext_is_smoove&quot;:&quot;false&quot;,&quot;hoteller_ext_is_parallax_mouse&quot;:&quot;false&quot;,&quot;hoteller_ext_is_infinite&quot;:&quot;false&quot;,&quot;hoteller_ext_is_fadeout_animation&quot;:&quot;false&quot;,&quot;hoteller_ext_mobile_static&quot;:&quot;false&quot;}\" data-widget_type=\"text-editor.default\">\n\t\t\t\t<div class=\"elementor-widget-container\">\n\t\t\t\t\t\t\t\t\t<p style=\"text-align: center;\">H\u00f3tel Langaholt b\u00fd\u00f0ur n\u00fa um p\u00e1skana upp \u00e1 tv\u00e6r g\u00f6ngur \u00e1 Sn\u00e6fellsj\u00f6kul. Kv\u00f6ldver\u00f0ur og gisting me\u00f0 morgunver\u00f0i er innifalin \u00ed ver\u00f0inu. Stefnt er \u00e1 g\u00f6ngu \u00e1 Sk\u00edrdag (2. apr\u00edl) og laugardaginn 4. apr\u00edl.\u2028\u2028\u00dea\u00f0 eru f\u00e1ar fjallaupplifanir \u00e1 \u00cdslandi sem jafnast \u00e1 vi\u00f0 \u00fea\u00f0 a\u00f0 koma \u00e1 efstu br\u00fanir Sn\u00e6fellsj\u00f6kuls \u00ed g\u00f3\u00f0u skyggni og horfa yfir Brei\u00f0afj\u00f6r\u00f0 og Faxafl\u00f3a, l\u00edta ni\u00f0ur \u00e1 Sn\u00e6fellsj\u00f6kuls\u00fej\u00f3\u00f0gar\u00f0, a\u00f0 sj\u00e1 skuggavarp j\u00f6kulsins yfir hafinu og horfa til austurs eftir tindar\u00f6\u00f0 Sn\u00e6fellsness og inn a\u00f0 mi\u00f0h\u00e1lendinu.<\/p><p style=\"text-align: center;\">Ganga \u00e1 Sn\u00e6fellsj\u00f6kul tekur 6-9 klukkustundir og b\u00faast m\u00e1 vi\u00f0 allt a\u00f0 1000 m h\u00e6kkun og 12 km g\u00f6ngu. Vi\u00f0 hittumst 8:30 \u00ed Langaholti og ver\u00f0um samfer\u00f0a \u00fea\u00f0an upp \u00e1 J\u00f6kulh\u00e1lsveg. \u2028\u2028Vi\u00f0 \u00e1skiljum okkur r\u00e9tt til a\u00f0 breyta dagsetningum me\u00f0 hli\u00f0sj\u00f3n af ve\u00f0ursp\u00e1m me\u00f0 nokkurra daga fyrirvara. Sendur ver\u00f0ur p\u00f3stur me\u00f0 n\u00e1nari uppl\u00fdsingum stuttu fyrir g\u00f6ngu og ennfremur bo\u00f0i\u00f0 upp \u00e1 fjarfund.<\/p><p style=\"text-align: center;\">\u00de\u00e1ttakendur \u00feurfa a\u00f0 vera \u00ed s\u00e6milegu g\u00f6nguformi og hafa me\u00f0 s\u00e9r g\u00f3\u00f0an vetrarb\u00fana\u00f0. \u00cd \u00feessari g\u00f6ngu ver\u00f0ur gengi\u00f0 \u00ed j\u00f6klal\u00ednu og \u00feurfa \u00fe\u00e1tttakendur auk hef\u00f0bundins fjallg\u00f6ngub\u00fana\u00f0ar a\u00f0 koma me\u00f0 j\u00f6klabrodda, \u00edsexi, g\u00f6ngubelti og l\u00e6sta karab\u00ednu. H\u00e6gt er a\u00f0 leigja b\u00fana\u00f0inn \u00ed flestum \u00fativistarverslunum \u00e1 h\u00f6fu\u00f0borgarsv\u00e6\u00f0inu.\u2028\u2028Gangan er samstarfsverkefni me\u00f0 Tindum Sn\u00e6fellsness og fararstj\u00f3ri er Gu\u00f0mundur R\u00fanar Svansson.<\/p><p style=\"text-align: center;\">(L\u00e1gmarksfj\u00f6ldi fyrir g\u00f6nguh\u00f3p er 8 manns)\u00a0<\/p>\t\t\t\t\t\t\t\t<\/div>\n\t\t\t\t<\/div>\n\t\t\t\t<div class=\"elementor-element elementor-element-600cf2c elementor-widget elementor-widget-image\" data-id=\"600cf2c\" data-element_type=\"widget\" data-e-type=\"widget\" data-settings=\"{&quot;hoteller_image_is_animation&quot;:&quot;false&quot;,&quot;hoteller_ext_link_sidemenu&quot;:&quot;false&quot;,&quot;hoteller_ext_link_fullmenu&quot;:&quot;false&quot;,&quot;hoteller_ext_link_closed_fullmenu&quot;:&quot;false&quot;,&quot;hoteller_ext_is_scrollme&quot;:&quot;false&quot;,&quot;hoteller_ext_is_smoove&quot;:&quot;false&quot;,&quot;hoteller_ext_is_parallax_mouse&quot;:&quot;false&quot;,&quot;hoteller_ext_is_infinite&quot;:&quot;false&quot;,&quot;hoteller_ext_is_fadeout_animation&quot;:&quot;false&quot;,&quot;hoteller_ext_mobile_static&quot;:&quot;false&quot;}\" data-widget_type=\"image.default\">\n\t\t\t\t<div class=\"elementor-widget-container\">\n\t\t\t\t\t\t\t\t\t\t\t\t<figure class=\"wp-caption\">\n\t\t\t\t\t\t\t\t\t\t<img fetchpriority=\"high\" decoding=\"async\" width=\"300\" height=\"300\" src=\"https:\/\/langaholt.is\/islenska\/wp-content\/uploads\/2025\/03\/336665230_117741904621142_1746492875329296085_n-300x300.jpg\" class=\"attachment-medium size-medium wp-image-4530\" alt=\"\" srcset=\"https:\/\/langaholt.is\/islenska\/wp-content\/uploads\/2025\/03\/336665230_117741904621142_1746492875329296085_n-300x300.jpg 300w, https:\/\/langaholt.is\/islenska\/wp-content\/uploads\/2025\/03\/336665230_117741904621142_1746492875329296085_n-1024x1024.jpg 1024w, https:\/\/langaholt.is\/islenska\/wp-content\/uploads\/2025\/03\/336665230_117741904621142_1746492875329296085_n-150x150.jpg 150w, https:\/\/langaholt.is\/islenska\/wp-content\/uploads\/2025\/03\/336665230_117741904621142_1746492875329296085_n-768x767.jpg 768w, https:\/\/langaholt.is\/islenska\/wp-content\/uploads\/2025\/03\/336665230_117741904621142_1746492875329296085_n-440x440.jpg 440w, https:\/\/langaholt.is\/islenska\/wp-content\/uploads\/2025\/03\/336665230_117741904621142_1746492875329296085_n-610x610.jpg 610w, https:\/\/langaholt.is\/islenska\/wp-content\/uploads\/2025\/03\/336665230_117741904621142_1746492875329296085_n-600x599.jpg 600w, https:\/\/langaholt.is\/islenska\/wp-content\/uploads\/2025\/03\/336665230_117741904621142_1746492875329296085_n-100x100.jpg 100w, https:\/\/langaholt.is\/islenska\/wp-content\/uploads\/2025\/03\/336665230_117741904621142_1746492875329296085_n.jpg 1080w\" sizes=\"(max-width: 300px) 100vw, 300px\" \/>\t\t\t\t\t\t\t\t\t\t\t<figcaption class=\"widget-image-caption wp-caption-text\">Gu\u00f0mundur R\u00fanar Svansson<\/figcaption>\n\t\t\t\t\t\t\t\t\t\t<\/figure>\n\t\t\t\t\t\t\t\t\t<\/div>\n\t\t\t\t<\/div>\n\t\t\t\t<div class=\"elementor-element elementor-element-78a7766 elementor-widget elementor-widget-text-editor\" data-id=\"78a7766\" data-element_type=\"widget\" data-e-type=\"widget\" data-settings=\"{&quot;hoteller_ext_link_sidemenu&quot;:&quot;false&quot;,&quot;hoteller_ext_link_fullmenu&quot;:&quot;false&quot;,&quot;hoteller_ext_link_closed_fullmenu&quot;:&quot;false&quot;,&quot;hoteller_ext_is_scrollme&quot;:&quot;false&quot;,&quot;hoteller_ext_is_smoove&quot;:&quot;false&quot;,&quot;hoteller_ext_is_parallax_mouse&quot;:&quot;false&quot;,&quot;hoteller_ext_is_infinite&quot;:&quot;false&quot;,&quot;hoteller_ext_is_fadeout_animation&quot;:&quot;false&quot;,&quot;hoteller_ext_mobile_static&quot;:&quot;false&quot;}\" data-widget_type=\"text-editor.default\">\n\t\t\t\t<div class=\"elementor-widget-container\">\n\t\t\t\t\t\t\t\t\t<p style=\"text-align: center;\">Umsj\u00f3narma\u00f0ur g\u00f6ngufer\u00f0anna okkar er Gu\u00f0mundur R\u00fanar Svansson fr\u00e1 Dalsmynni. Gu\u00f0mundur var \u00e1\u00f0ur landv\u00f6r\u00f0ur \u00ed Sn\u00e6fellsj\u00f6kuls\u00fej\u00f3\u00f0gar\u00f0i. Hann er undanfari hj\u00e1 Flugbj\u00f6rgunarsveitinni \u00ed Reykjav\u00edk og hefur loki\u00f0 fagn\u00e1mskei\u00f0um Bj\u00f6rgunarsk\u00f3lans \u00ed fjallamennsku, fjallabj\u00f6rgun, snj\u00f3fl\u00f3\u00f0um og vettvangshj\u00e1lp \u00ed \u00f3bygg\u00f0um. Hann hefur margra \u00e1ra reynslu af g\u00f6ngulei\u00f0s\u00f6gn.<\/p><p style=\"text-align: center;\">Gu\u00f0mundur \u00f3lst upp vi\u00f0 b\u00faskap og sveitast\u00f6rf \u00e1 Sn\u00e6fellsnesi og skila\u00f0i s\u00e9r a\u00f0 lokum til baka eftir lausamennsku \u00e1 h\u00f6fu\u00f0borgarsv\u00e6\u00f0inu um stundarsakir. Gu\u00f0mundur er af sn\u00e6fellsku h\u00e1lftr\u00f6llakyni og n\u00e1fr\u00e6ndi B\u00e1r\u00f0ar Sn\u00e6fells\u00e1ss. Sakir \u00e6ttirnisins s\u00e6kir hann miki\u00f0 \u00ed a\u00f0 ganga einsamall um tinda Sn\u00e6fellsness, og segir f\u00e1tt af einum. \u00de\u00e1 er hann gruna\u00f0ur um a\u00f0 vera kominn af galdraf\u00f3lki \u00ed marga \u00e6ttli\u00f0i.<\/p>\t\t\t\t\t\t\t\t<\/div>\n\t\t\t\t<\/div>\n\t\t\t\t<div class=\"elementor-element elementor-element-9451dfb elementor-widget-divider--view-line elementor-widget elementor-widget-divider\" data-id=\"9451dfb\" data-element_type=\"widget\" data-e-type=\"widget\" data-settings=\"{&quot;hoteller_ext_link_sidemenu&quot;:&quot;false&quot;,&quot;hoteller_ext_link_fullmenu&quot;:&quot;false&quot;,&quot;hoteller_ext_link_closed_fullmenu&quot;:&quot;false&quot;,&quot;hoteller_ext_is_scrollme&quot;:&quot;false&quot;,&quot;hoteller_ext_is_smoove&quot;:&quot;false&quot;,&quot;hoteller_ext_is_parallax_mouse&quot;:&quot;false&quot;,&quot;hoteller_ext_is_infinite&quot;:&quot;false&quot;,&quot;hoteller_ext_is_fadeout_animation&quot;:&quot;false&quot;,&quot;hoteller_ext_mobile_static&quot;:&quot;false&quot;}\" data-widget_type=\"divider.default\">\n\t\t\t\t<div class=\"elementor-widget-container\">\n\t\t\t\t\t\t\t<div class=\"elementor-divider\">\n\t\t\t<span class=\"elementor-divider-separator\">\n\t\t\t\t\t\t<\/span>\n\t\t<\/div>\n\t\t\t\t\t\t<\/div>\n\t\t\t\t<\/div>\n\t\t\t\t<div class=\"elementor-element elementor-element-0f5ea8c elementor-widget elementor-widget-text-editor\" data-id=\"0f5ea8c\" data-element_type=\"widget\" data-e-type=\"widget\" data-settings=\"{&quot;hoteller_ext_link_sidemenu&quot;:&quot;false&quot;,&quot;hoteller_ext_link_fullmenu&quot;:&quot;false&quot;,&quot;hoteller_ext_link_closed_fullmenu&quot;:&quot;false&quot;,&quot;hoteller_ext_is_scrollme&quot;:&quot;false&quot;,&quot;hoteller_ext_is_smoove&quot;:&quot;false&quot;,&quot;hoteller_ext_is_parallax_mouse&quot;:&quot;false&quot;,&quot;hoteller_ext_is_infinite&quot;:&quot;false&quot;,&quot;hoteller_ext_is_fadeout_animation&quot;:&quot;false&quot;,&quot;hoteller_ext_mobile_static&quot;:&quot;false&quot;}\" data-widget_type=\"text-editor.default\">\n\t\t\t\t<div class=\"elementor-widget-container\">\n\t\t\t\t\t\t\t\t\t<p style=\"text-align: center;\">Sk\u00edrdagur 2.apr\u00edl og Laugardagur 4.apr\u00edl P\u00e1skaganga \u00e1 Sn\u00e6fellsj\u00f6kul.<\/p><div class=\"\" data-block=\"true\" data-editor=\"4altj\" data-offset-key=\"50bmc-0-0\"><div class=\"_1mf _1mj\" style=\"text-align: center;\" data-offset-key=\"50bmc-0-0\"><span data-offset-key=\"50bmc-0-0\">Vi\u00f0 \u00e6tlum a\u00f0 bj\u00f3\u00f0a einnig g\u00f6ngu laugardaginn 11. apr\u00edl ef ve\u00f0ur leyfir.<\/span><\/div><\/div><p style=\"text-align: center;\">Dagsganga me\u00f0 lei\u00f0s\u00f6gumanni, kv\u00f6ldver\u00f0i og gistingu \u00ed tveggja manna Comfort herbergi me\u00f0 morgunver\u00f0i<\/p><p style=\"text-align: center;\"><strong>Ver\u00f0 fyrir tvo 79.900 kr. = 39.950 kr. \u00e1 manninn mi\u00f0a\u00f0 vi\u00f0 gistingu \u00ed tveggja manna herbergi<\/strong><\/p><p style=\"text-align: center;\">(*Gistin\u00e1ttarskattur er innifalinn \u00ed ver\u00f0inu).<\/p><p style=\"text-align: center;\">Vi\u00f0 bj\u00f3\u00f0um l\u00edka ver\u00f0 \u00ed einstaklingsherbergi \u00feegar h\u00e6gt er a\u00f0 koma \u00fev\u00ed vi\u00f0 og velkomi\u00f0 a\u00f0 hafa samband \u00ed t\u00f6lvup\u00f3sti<\/p><p style=\"text-align: center;\">Matarupplifunin hj\u00e1 okkur er s\u00edbreytileg, \u00fea\u00f0 sem er \u00ed bo\u00f0i hverju sinni eru \u00fe\u00e6r tegundir sem sn\u00e6fellskir sj\u00f3menn afla \u00e1 hverjum t\u00edma af gj\u00f6fulum fiskimi\u00f0um brei\u00f0afjar\u00f0ar og faxafl\u00f3a. Vi\u00f0 s\u00e6kjum fiskinn \u00e1 bryggjuna, kj\u00f6ti\u00f0 til \u00edslenskra b\u00e6nda og fullvinnum \u00ed okkar eldh\u00fasi.<\/p><p style=\"text-align: center;\">Ef \u00fe\u00fa vilt tilbo\u00f0 sni\u00f0i\u00f0 a\u00f0 \u00fe\u00ednum \u00fe\u00f6rfum haf\u00f0u \u00fe\u00e1 samband vi\u00f0 okkur <span style=\"color: #0000ff;\"><a style=\"color: #0000ff;\" href=\"mailto:langaholt@langaholt.is\">langaholt@langaholt.is<\/a><\/span> e\u00f0a fylltu \u00fat formi\u00f0 h\u00e9r a\u00f0 ne\u00f0an me\u00f0 skilabo\u00f0um um \u00fe\u00ednar \u00f3skir.<\/p>\t\t\t\t\t\t\t\t<\/div>\n\t\t\t\t<\/div>\n\t\t\t\t<div class=\"elementor-element elementor-element-4942e33 elementor-widget elementor-widget-heading\" data-id=\"4942e33\" data-element_type=\"widget\" data-e-type=\"widget\" data-settings=\"{&quot;hoteller_ext_link_sidemenu&quot;:&quot;false&quot;,&quot;hoteller_ext_link_fullmenu&quot;:&quot;false&quot;,&quot;hoteller_ext_link_closed_fullmenu&quot;:&quot;false&quot;,&quot;hoteller_ext_is_scrollme&quot;:&quot;false&quot;,&quot;hoteller_ext_is_smoove&quot;:&quot;false&quot;,&quot;hoteller_ext_is_parallax_mouse&quot;:&quot;false&quot;,&quot;hoteller_ext_is_infinite&quot;:&quot;false&quot;,&quot;hoteller_ext_is_fadeout_animation&quot;:&quot;false&quot;,&quot;hoteller_ext_mobile_static&quot;:&quot;false&quot;}\" data-widget_type=\"heading.default\">\n\t\t\t\t<div class=\"elementor-widget-container\">\n\t\t\t\t\t<h2 class=\"elementor-heading-title elementor-size-default\">Fyrir frekari fyrirspurnir og b\u00f3kanir er h\u00e6gt a\u00f0 senda inn fyrirspurn:<span style=\"font-family: Oswald, Helvetica, Arial, sans-serif;font-size: 28px;font-style: normal;font-weight: 400;letter-spacing: 0px\"><\/span><br><\/h2>\t\t\t\t<\/div>\n\t\t\t\t<\/div>\n\t\t\t\t<div class=\"elementor-element elementor-element-2f3cd90 elementor-widget elementor-widget-shortcode\" data-id=\"2f3cd90\" data-element_type=\"widget\" data-e-type=\"widget\" data-settings=\"{&quot;hoteller_ext_link_sidemenu&quot;:&quot;false&quot;,&quot;hoteller_ext_link_fullmenu&quot;:&quot;false&quot;,&quot;hoteller_ext_link_closed_fullmenu&quot;:&quot;false&quot;,&quot;hoteller_ext_is_scrollme&quot;:&quot;false&quot;,&quot;hoteller_ext_is_smoove&quot;:&quot;false&quot;,&quot;hoteller_ext_is_parallax_mouse&quot;:&quot;false&quot;,&quot;hoteller_ext_is_infinite&quot;:&quot;false&quot;,&quot;hoteller_ext_is_fadeout_animation&quot;:&quot;false&quot;,&quot;hoteller_ext_mobile_static&quot;:&quot;false&quot;}\" data-widget_type=\"shortcode.default\">\n\t\t\t\t<div class=\"elementor-widget-container\">\n\t\t\t\t\t\t\t<div class=\"elementor-shortcode\">\n<div class=\"wpcf7 no-js\" id=\"wpcf7-f4495-o1\" lang=\"en-US\" dir=\"ltr\" data-wpcf7-id=\"4495\">\n<div class=\"screen-reader-response\"><p role=\"status\" aria-live=\"polite\" aria-atomic=\"true\"><\/p> <ul><\/ul><\/div>\n<form action=\"\/islenska\/wp-json\/wp\/v2\/pages\/4921#wpcf7-f4495-o1\" method=\"post\" class=\"wpcf7-form init\" aria-label=\"Contact form\" novalidate=\"novalidate\" data-status=\"init\">\n<fieldset class=\"hidden-fields-container\"><input type=\"hidden\" name=\"_wpcf7\" value=\"4495\" \/><input type=\"hidden\" name=\"_wpcf7_version\" value=\"6.1.5\" \/><input type=\"hidden\" name=\"_wpcf7_locale\" value=\"en_US\" \/><input type=\"hidden\" name=\"_wpcf7_unit_tag\" value=\"wpcf7-f4495-o1\" \/><input type=\"hidden\" name=\"_wpcf7_container_post\" value=\"0\" \/><input type=\"hidden\" name=\"_wpcf7_posted_data_hash\" value=\"\" \/>\n<\/fieldset>\n<p><label> Nafn (*)<br \/>\n<span class=\"wpcf7-form-control-wrap\" data-name=\"your-name\"><input size=\"40\" maxlength=\"400\" class=\"wpcf7-form-control wpcf7-text wpcf7-validates-as-required\" aria-required=\"true\" aria-invalid=\"false\" value=\"\" type=\"text\" name=\"your-name\" \/><\/span> <\/label>\n<\/p>\n<p><label> Netfang (*)<br \/>\n<span class=\"wpcf7-form-control-wrap\" data-name=\"your-email\"><input size=\"40\" maxlength=\"400\" class=\"wpcf7-form-control wpcf7-email wpcf7-validates-as-required wpcf7-text wpcf7-validates-as-email\" aria-required=\"true\" aria-invalid=\"false\" value=\"\" type=\"email\" name=\"your-email\" \/><\/span> <\/label>\n<\/p>\n<p><label> S\u00edman\u00famer (*)<br \/>\n<span class=\"wpcf7-form-control-wrap\" data-name=\"telephone\"><input size=\"40\" maxlength=\"400\" class=\"wpcf7-form-control wpcf7-tel wpcf7-validates-as-required wpcf7-text wpcf7-validates-as-tel\" aria-required=\"true\" aria-invalid=\"false\" value=\"\" type=\"tel\" name=\"telephone\" \/><\/span> <\/label>\n<\/p>\n<p><label> Skilabo\u00f0<br \/>\n<span class=\"wpcf7-form-control-wrap\" data-name=\"your-message\"><textarea cols=\"40\" rows=\"10\" maxlength=\"2000\" class=\"wpcf7-form-control wpcf7-textarea\" aria-invalid=\"false\" name=\"your-message\"><\/textarea><\/span> <\/label>\n<\/p>\n<p><span class=\"wpcf7-form-control-wrap\" data-name=\"gdpr\"><span class=\"wpcf7-form-control wpcf7-checkbox wpcf7-validates-as-required\"><span class=\"wpcf7-list-item first last\"><input type=\"checkbox\" name=\"gdpr[]\" value=\"\u00c9g sam\u00feykki a\u00f0 Langaholt skr\u00e1i ni\u00f0ur uppl\u00fdsingar m\u00ednar.\" \/><span class=\"wpcf7-list-item-label\">\u00c9g sam\u00feykki a\u00f0 Langaholt skr\u00e1i ni\u00f0ur uppl\u00fdsingar m\u00ednar.<\/span><\/span><\/span><\/span>\n<\/p>\n<p><input class=\"wpcf7-form-control wpcf7-submit has-spinner\" type=\"submit\" value=\"Senda\" \/>\n<\/p><div class=\"wpcf7-response-output\" aria-hidden=\"true\"><\/div>\n<\/form>\n<\/div>\n<\/div>\n\t\t\t\t\t\t<\/div>\n\t\t\t\t<\/div>\n\t\t\t\t\t<\/div>\n\t\t<\/div>\n\t\t\t\t\t<\/div>\n\t\t<\/section>\n\t\t\t\t<\/div>\n\t\t","protected":false},"excerpt":{"rendered":"<p>J\u00f6klag\u00f6ngur \u00e1 Sn\u00e6fellsj\u00f6kul &#8211; 2. og 4. apr\u00edl 2026 &#8211; Kannski einnig 11. apr\u00edl ef ve\u00f0ur leyfir (L\u00e1gmarksfj\u00f6ldi fyrir g\u00f6nguh\u00f3p er 8 manns) P\u00e1skafer\u00f0ir \u00feann 2. og 4. apr\u00edl \u00e1 Sn\u00e6fellsj\u00f6kul me\u00f0 mat og gistingu. &#8211; H\u00f3tel Langaholt b\u00fd\u00f0ur n\u00fa [&hellip;]<\/p>\n","protected":false},"author":1,"featured_media":4475,"parent":0,"menu_order":0,"comment_status":"closed","ping_status":"closed","template":"","meta":{"footnotes":""},"class_list":["post-4921","page","type-page","status-publish","has-post-thumbnail","hentry"],"yoast_head":"<!-- This site is optimized with the Yoast SEO plugin v27.5 - https:\/\/yoast.com\/product\/yoast-seo-wordpress\/ -->\n<title>P\u00e1skaj\u00f6klag\u00f6ngur \u00e1 Sn\u00e6fellsj\u00f6kul - 2. og 4. apr\u00edl 2026 - Tilbo\u00f0 fyrir tvo - Langaholt sveitah\u00f3tel<\/title>\n<meta name=\"description\" content=\"\u00dea\u00f0 eru f\u00e1ar fjallaupplifanir \u00e1 \u00cdslandi sem toppa \u00fea\u00f0 a\u00f0 koma \u00e1 efstu br\u00fanir Sn\u00e6fellsj\u00f6kuls \u00ed g\u00f3\u00f0u skyggni og horfa yfir Brei\u00f0afj\u00f6r\u00f0 og Faxafl\u00f3a, l\u00edta ni\u00f0ur \u00e1 Sn\u00e6fellsj\u00f6kuls\u00fej\u00f3\u00f0gar\u00f0, a\u00f0 sj\u00e1 skuggavarp j\u00f6kulsins yfir hafinu og horfa til austurs eftir tindar\u00f6\u00f0 Sn\u00e6fellsness og inn a\u00f0 mi\u00f0h\u00e1lendinu.\" \/>\n<meta name=\"robots\" content=\"index, follow, max-snippet:-1, max-image-preview:large, max-video-preview:-1\" \/>\n<link rel=\"canonical\" href=\"https:\/\/langaholt.is\/islenska\/paskajoklaganga-a-snaefellsjokul-2-og-4-april-2026\/\" \/>\n<meta property=\"og:locale\" content=\"is_IS\" \/>\n<meta property=\"og:type\" content=\"article\" \/>\n<meta property=\"og:title\" content=\"P\u00e1skaj\u00f6klag\u00f6ngur \u00e1 Sn\u00e6fellsj\u00f6kul - 2. og 4. apr\u00edl 2026 - Tilbo\u00f0 fyrir tvo - Langaholt sveitah\u00f3tel\" \/>\n<meta property=\"og:description\" content=\"\u00dea\u00f0 eru f\u00e1ar fjallaupplifanir \u00e1 \u00cdslandi sem toppa \u00fea\u00f0 a\u00f0 koma \u00e1 efstu br\u00fanir Sn\u00e6fellsj\u00f6kuls \u00ed g\u00f3\u00f0u skyggni og horfa yfir Brei\u00f0afj\u00f6r\u00f0 og Faxafl\u00f3a, l\u00edta ni\u00f0ur \u00e1 Sn\u00e6fellsj\u00f6kuls\u00fej\u00f3\u00f0gar\u00f0, a\u00f0 sj\u00e1 skuggavarp j\u00f6kulsins yfir hafinu og horfa til austurs eftir tindar\u00f6\u00f0 Sn\u00e6fellsness og inn a\u00f0 mi\u00f0h\u00e1lendinu.\" \/>\n<meta property=\"og:url\" content=\"https:\/\/langaholt.is\/islenska\/paskajoklaganga-a-snaefellsjokul-2-og-4-april-2026\/\" \/>\n<meta property=\"og:site_name\" content=\"Langaholt sveitah\u00f3tel\" \/>\n<meta property=\"article:publisher\" content=\"https:\/\/www.facebook.com\/langaholt\/\" \/>\n<meta property=\"article:modified_time\" content=\"2026-04-01T11:45:33+00:00\" \/>\n<meta property=\"og:image\" content=\"https:\/\/langaholt.is\/islenska\/wp-content\/uploads\/2025\/03\/288656082_10158691576845373_5232660886068995235_n.jpg\" \/>\n\t<meta property=\"og:image:width\" content=\"2048\" \/>\n\t<meta property=\"og:image:height\" content=\"1336\" \/>\n\t<meta property=\"og:image:type\" content=\"image\/jpeg\" \/>\n<meta name=\"twitter:card\" content=\"summary_large_image\" \/>\n<meta name=\"twitter:label1\" content=\"Est. reading time\" \/>\n\t<meta name=\"twitter:data1\" content=\"6 minutes\" \/>\n<script type=\"application\/ld+json\" class=\"yoast-schema-graph\">{\"@context\":\"https:\\\/\\\/schema.org\",\"@graph\":[{\"@type\":\"WebPage\",\"@id\":\"https:\\\/\\\/langaholt.is\\\/islenska\\\/paskajoklaganga-a-snaefellsjokul-2-og-4-april-2026\\\/\",\"url\":\"https:\\\/\\\/langaholt.is\\\/islenska\\\/paskajoklaganga-a-snaefellsjokul-2-og-4-april-2026\\\/\",\"name\":\"P\u00e1skaj\u00f6klag\u00f6ngur \u00e1 Sn\u00e6fellsj\u00f6kul - 2. og 4. apr\u00edl 2026 - Tilbo\u00f0 fyrir tvo - Langaholt sveitah\u00f3tel\",\"isPartOf\":{\"@id\":\"https:\\\/\\\/langaholt.is\\\/islenska\\\/#website\"},\"primaryImageOfPage\":{\"@id\":\"https:\\\/\\\/langaholt.is\\\/islenska\\\/paskajoklaganga-a-snaefellsjokul-2-og-4-april-2026\\\/#primaryimage\"},\"image\":{\"@id\":\"https:\\\/\\\/langaholt.is\\\/islenska\\\/paskajoklaganga-a-snaefellsjokul-2-og-4-april-2026\\\/#primaryimage\"},\"thumbnailUrl\":\"https:\\\/\\\/langaholt.is\\\/islenska\\\/wp-content\\\/uploads\\\/2025\\\/03\\\/288656082_10158691576845373_5232660886068995235_n.jpg\",\"datePublished\":\"2026-02-17T13:21:58+00:00\",\"dateModified\":\"2026-04-01T11:45:33+00:00\",\"description\":\"\u00dea\u00f0 eru f\u00e1ar fjallaupplifanir \u00e1 \u00cdslandi sem toppa \u00fea\u00f0 a\u00f0 koma \u00e1 efstu br\u00fanir Sn\u00e6fellsj\u00f6kuls \u00ed g\u00f3\u00f0u skyggni og horfa yfir Brei\u00f0afj\u00f6r\u00f0 og Faxafl\u00f3a, l\u00edta ni\u00f0ur \u00e1 Sn\u00e6fellsj\u00f6kuls\u00fej\u00f3\u00f0gar\u00f0, a\u00f0 sj\u00e1 skuggavarp j\u00f6kulsins yfir hafinu og horfa til austurs eftir tindar\u00f6\u00f0 Sn\u00e6fellsness og inn a\u00f0 mi\u00f0h\u00e1lendinu.\",\"breadcrumb\":{\"@id\":\"https:\\\/\\\/langaholt.is\\\/islenska\\\/paskajoklaganga-a-snaefellsjokul-2-og-4-april-2026\\\/#breadcrumb\"},\"inLanguage\":\"is\",\"potentialAction\":[{\"@type\":\"ReadAction\",\"target\":[\"https:\\\/\\\/langaholt.is\\\/islenska\\\/paskajoklaganga-a-snaefellsjokul-2-og-4-april-2026\\\/\"]}]},{\"@type\":\"ImageObject\",\"inLanguage\":\"is\",\"@id\":\"https:\\\/\\\/langaholt.is\\\/islenska\\\/paskajoklaganga-a-snaefellsjokul-2-og-4-april-2026\\\/#primaryimage\",\"url\":\"https:\\\/\\\/langaholt.is\\\/islenska\\\/wp-content\\\/uploads\\\/2025\\\/03\\\/288656082_10158691576845373_5232660886068995235_n.jpg\",\"contentUrl\":\"https:\\\/\\\/langaholt.is\\\/islenska\\\/wp-content\\\/uploads\\\/2025\\\/03\\\/288656082_10158691576845373_5232660886068995235_n.jpg\",\"width\":2048,\"height\":1336},{\"@type\":\"BreadcrumbList\",\"@id\":\"https:\\\/\\\/langaholt.is\\\/islenska\\\/paskajoklaganga-a-snaefellsjokul-2-og-4-april-2026\\\/#breadcrumb\",\"itemListElement\":[{\"@type\":\"ListItem\",\"position\":1,\"name\":\"Home\",\"item\":\"https:\\\/\\\/langaholt.is\\\/islenska\\\/\"},{\"@type\":\"ListItem\",\"position\":2,\"name\":\"P\u00e1skaj\u00f6klag\u00f6ngur \u00e1 Sn\u00e6fellsj\u00f6kul &#8211; 2. og 4. apr\u00edl 2026\"}]},{\"@type\":\"WebSite\",\"@id\":\"https:\\\/\\\/langaholt.is\\\/islenska\\\/#website\",\"url\":\"https:\\\/\\\/langaholt.is\\\/islenska\\\/\",\"name\":\"Langaholt Sveitah\u00f3tel\",\"description\":\"Ekta \u00edslensk sveitah\u00f3tel \u00e1 Sn\u00e6fellsnesinu\",\"publisher\":{\"@id\":\"https:\\\/\\\/langaholt.is\\\/islenska\\\/#organization\"},\"potentialAction\":[{\"@type\":\"SearchAction\",\"target\":{\"@type\":\"EntryPoint\",\"urlTemplate\":\"https:\\\/\\\/langaholt.is\\\/islenska\\\/?s={search_term_string}\"},\"query-input\":{\"@type\":\"PropertyValueSpecification\",\"valueRequired\":true,\"valueName\":\"search_term_string\"}}],\"inLanguage\":\"is\"},{\"@type\":\"Organization\",\"@id\":\"https:\\\/\\\/langaholt.is\\\/islenska\\\/#organization\",\"name\":\"Langaholt\",\"url\":\"https:\\\/\\\/langaholt.is\\\/islenska\\\/\",\"logo\":{\"@type\":\"ImageObject\",\"inLanguage\":\"is\",\"@id\":\"https:\\\/\\\/langaholt.is\\\/islenska\\\/#\\\/schema\\\/logo\\\/image\\\/\",\"url\":\"https:\\\/\\\/langaholt.is\\\/islenska\\\/wp-content\\\/uploads\\\/2020\\\/02\\\/Langaholt-logo-vefur.jpg\",\"contentUrl\":\"https:\\\/\\\/langaholt.is\\\/islenska\\\/wp-content\\\/uploads\\\/2020\\\/02\\\/Langaholt-logo-vefur.jpg\",\"width\":261,\"height\":85,\"caption\":\"Langaholt\"},\"image\":{\"@id\":\"https:\\\/\\\/langaholt.is\\\/islenska\\\/#\\\/schema\\\/logo\\\/image\\\/\"},\"sameAs\":[\"https:\\\/\\\/www.facebook.com\\\/langaholt\\\/\",\"https:\\\/\\\/www.instagram.com\\\/langaholt\\\/\"]}]}<\/script>\n<!-- \/ Yoast SEO plugin. -->","yoast_head_json":{"title":"P\u00e1skaj\u00f6klag\u00f6ngur \u00e1 Sn\u00e6fellsj\u00f6kul - 2. og 4. apr\u00edl 2026 - Tilbo\u00f0 fyrir tvo - Langaholt sveitah\u00f3tel","description":"\u00dea\u00f0 eru f\u00e1ar fjallaupplifanir \u00e1 \u00cdslandi sem toppa \u00fea\u00f0 a\u00f0 koma \u00e1 efstu br\u00fanir Sn\u00e6fellsj\u00f6kuls \u00ed g\u00f3\u00f0u skyggni og horfa yfir Brei\u00f0afj\u00f6r\u00f0 og Faxafl\u00f3a, l\u00edta ni\u00f0ur \u00e1 Sn\u00e6fellsj\u00f6kuls\u00fej\u00f3\u00f0gar\u00f0, a\u00f0 sj\u00e1 skuggavarp j\u00f6kulsins yfir hafinu og horfa til austurs eftir tindar\u00f6\u00f0 Sn\u00e6fellsness og inn a\u00f0 mi\u00f0h\u00e1lendinu.","robots":{"index":"index","follow":"follow","max-snippet":"max-snippet:-1","max-image-preview":"max-image-preview:large","max-video-preview":"max-video-preview:-1"},"canonical":"https:\/\/langaholt.is\/islenska\/paskajoklaganga-a-snaefellsjokul-2-og-4-april-2026\/","og_locale":"is_IS","og_type":"article","og_title":"P\u00e1skaj\u00f6klag\u00f6ngur \u00e1 Sn\u00e6fellsj\u00f6kul - 2. og 4. apr\u00edl 2026 - Tilbo\u00f0 fyrir tvo - Langaholt sveitah\u00f3tel","og_description":"\u00dea\u00f0 eru f\u00e1ar fjallaupplifanir \u00e1 \u00cdslandi sem toppa \u00fea\u00f0 a\u00f0 koma \u00e1 efstu br\u00fanir Sn\u00e6fellsj\u00f6kuls \u00ed g\u00f3\u00f0u skyggni og horfa yfir Brei\u00f0afj\u00f6r\u00f0 og Faxafl\u00f3a, l\u00edta ni\u00f0ur \u00e1 Sn\u00e6fellsj\u00f6kuls\u00fej\u00f3\u00f0gar\u00f0, a\u00f0 sj\u00e1 skuggavarp j\u00f6kulsins yfir hafinu og horfa til austurs eftir tindar\u00f6\u00f0 Sn\u00e6fellsness og inn a\u00f0 mi\u00f0h\u00e1lendinu.","og_url":"https:\/\/langaholt.is\/islenska\/paskajoklaganga-a-snaefellsjokul-2-og-4-april-2026\/","og_site_name":"Langaholt sveitah\u00f3tel","article_publisher":"https:\/\/www.facebook.com\/langaholt\/","article_modified_time":"2026-04-01T11:45:33+00:00","og_image":[{"width":2048,"height":1336,"url":"https:\/\/langaholt.is\/islenska\/wp-content\/uploads\/2025\/03\/288656082_10158691576845373_5232660886068995235_n.jpg","type":"image\/jpeg"}],"twitter_card":"summary_large_image","twitter_misc":{"Est. reading time":"6 minutes"},"schema":{"@context":"https:\/\/schema.org","@graph":[{"@type":"WebPage","@id":"https:\/\/langaholt.is\/islenska\/paskajoklaganga-a-snaefellsjokul-2-og-4-april-2026\/","url":"https:\/\/langaholt.is\/islenska\/paskajoklaganga-a-snaefellsjokul-2-og-4-april-2026\/","name":"P\u00e1skaj\u00f6klag\u00f6ngur \u00e1 Sn\u00e6fellsj\u00f6kul - 2. og 4. apr\u00edl 2026 - Tilbo\u00f0 fyrir tvo - Langaholt sveitah\u00f3tel","isPartOf":{"@id":"https:\/\/langaholt.is\/islenska\/#website"},"primaryImageOfPage":{"@id":"https:\/\/langaholt.is\/islenska\/paskajoklaganga-a-snaefellsjokul-2-og-4-april-2026\/#primaryimage"},"image":{"@id":"https:\/\/langaholt.is\/islenska\/paskajoklaganga-a-snaefellsjokul-2-og-4-april-2026\/#primaryimage"},"thumbnailUrl":"https:\/\/langaholt.is\/islenska\/wp-content\/uploads\/2025\/03\/288656082_10158691576845373_5232660886068995235_n.jpg","datePublished":"2026-02-17T13:21:58+00:00","dateModified":"2026-04-01T11:45:33+00:00","description":"\u00dea\u00f0 eru f\u00e1ar fjallaupplifanir \u00e1 \u00cdslandi sem toppa \u00fea\u00f0 a\u00f0 koma \u00e1 efstu br\u00fanir Sn\u00e6fellsj\u00f6kuls \u00ed g\u00f3\u00f0u skyggni og horfa yfir Brei\u00f0afj\u00f6r\u00f0 og Faxafl\u00f3a, l\u00edta ni\u00f0ur \u00e1 Sn\u00e6fellsj\u00f6kuls\u00fej\u00f3\u00f0gar\u00f0, a\u00f0 sj\u00e1 skuggavarp j\u00f6kulsins yfir hafinu og horfa til austurs eftir tindar\u00f6\u00f0 Sn\u00e6fellsness og inn a\u00f0 mi\u00f0h\u00e1lendinu.","breadcrumb":{"@id":"https:\/\/langaholt.is\/islenska\/paskajoklaganga-a-snaefellsjokul-2-og-4-april-2026\/#breadcrumb"},"inLanguage":"is","potentialAction":[{"@type":"ReadAction","target":["https:\/\/langaholt.is\/islenska\/paskajoklaganga-a-snaefellsjokul-2-og-4-april-2026\/"]}]},{"@type":"ImageObject","inLanguage":"is","@id":"https:\/\/langaholt.is\/islenska\/paskajoklaganga-a-snaefellsjokul-2-og-4-april-2026\/#primaryimage","url":"https:\/\/langaholt.is\/islenska\/wp-content\/uploads\/2025\/03\/288656082_10158691576845373_5232660886068995235_n.jpg","contentUrl":"https:\/\/langaholt.is\/islenska\/wp-content\/uploads\/2025\/03\/288656082_10158691576845373_5232660886068995235_n.jpg","width":2048,"height":1336},{"@type":"BreadcrumbList","@id":"https:\/\/langaholt.is\/islenska\/paskajoklaganga-a-snaefellsjokul-2-og-4-april-2026\/#breadcrumb","itemListElement":[{"@type":"ListItem","position":1,"name":"Home","item":"https:\/\/langaholt.is\/islenska\/"},{"@type":"ListItem","position":2,"name":"P\u00e1skaj\u00f6klag\u00f6ngur \u00e1 Sn\u00e6fellsj\u00f6kul &#8211; 2. og 4. apr\u00edl 2026"}]},{"@type":"WebSite","@id":"https:\/\/langaholt.is\/islenska\/#website","url":"https:\/\/langaholt.is\/islenska\/","name":"Langaholt Sveitah\u00f3tel","description":"Ekta \u00edslensk sveitah\u00f3tel \u00e1 Sn\u00e6fellsnesinu","publisher":{"@id":"https:\/\/langaholt.is\/islenska\/#organization"},"potentialAction":[{"@type":"SearchAction","target":{"@type":"EntryPoint","urlTemplate":"https:\/\/langaholt.is\/islenska\/?s={search_term_string}"},"query-input":{"@type":"PropertyValueSpecification","valueRequired":true,"valueName":"search_term_string"}}],"inLanguage":"is"},{"@type":"Organization","@id":"https:\/\/langaholt.is\/islenska\/#organization","name":"Langaholt","url":"https:\/\/langaholt.is\/islenska\/","logo":{"@type":"ImageObject","inLanguage":"is","@id":"https:\/\/langaholt.is\/islenska\/#\/schema\/logo\/image\/","url":"https:\/\/langaholt.is\/islenska\/wp-content\/uploads\/2020\/02\/Langaholt-logo-vefur.jpg","contentUrl":"https:\/\/langaholt.is\/islenska\/wp-content\/uploads\/2020\/02\/Langaholt-logo-vefur.jpg","width":261,"height":85,"caption":"Langaholt"},"image":{"@id":"https:\/\/langaholt.is\/islenska\/#\/schema\/logo\/image\/"},"sameAs":["https:\/\/www.facebook.com\/langaholt\/","https:\/\/www.instagram.com\/langaholt\/"]}]}},"_links":{"self":[{"href":"https:\/\/langaholt.is\/islenska\/wp-json\/wp\/v2\/pages\/4921","targetHints":{"allow":["GET"]}}],"collection":[{"href":"https:\/\/langaholt.is\/islenska\/wp-json\/wp\/v2\/pages"}],"about":[{"href":"https:\/\/langaholt.is\/islenska\/wp-json\/wp\/v2\/types\/page"}],"author":[{"embeddable":true,"href":"https:\/\/langaholt.is\/islenska\/wp-json\/wp\/v2\/users\/1"}],"replies":[{"embeddable":true,"href":"https:\/\/langaholt.is\/islenska\/wp-json\/wp\/v2\/comments?post=4921"}],"version-history":[{"count":14,"href":"https:\/\/langaholt.is\/islenska\/wp-json\/wp\/v2\/pages\/4921\/revisions"}],"predecessor-version":[{"id":5007,"href":"https:\/\/langaholt.is\/islenska\/wp-json\/wp\/v2\/pages\/4921\/revisions\/5007"}],"wp:featuredmedia":[{"embeddable":true,"href":"https:\/\/langaholt.is\/islenska\/wp-json\/wp\/v2\/media\/4475"}],"wp:attachment":[{"href":"https:\/\/langaholt.is\/islenska\/wp-json\/wp\/v2\/media?parent=4921"}],"curies":[{"name":"wp","href":"https:\/\/api.w.org\/{rel}","templated":true}]}}