{"id":4936,"date":"2026-02-18T13:17:45","date_gmt":"2026-02-18T13:17:45","guid":{"rendered":"https:\/\/langaholt.is\/islenska\/?page_id=4936"},"modified":"2026-03-17T15:13:30","modified_gmt":"2026-03-17T15:13:30","slug":"fjallganga-a-ljosufjoll-21-mars-2026","status":"publish","type":"page","link":"https:\/\/langaholt.is\/islenska\/fjallganga-a-ljosufjoll-21-mars-2026\/","title":{"rendered":"Fjallganga \u00e1 Lj\u00f3sufj\u00f6ll &#8211; 21. mars 2026"},"content":{"rendered":"\t\t<div data-elementor-type=\"wp-post\" data-elementor-id=\"4936\" class=\"elementor elementor-4936\">\n\t\t\t\t\t\t<section class=\"elementor-section elementor-top-section elementor-element elementor-element-2ca8a818 elementor-section-stretched elementor-section-height-min-height elementor-section-boxed elementor-section-height-default elementor-section-items-middle\" data-id=\"2ca8a818\" data-element_type=\"section\" data-e-type=\"section\" data-settings=\"{&quot;stretch_section&quot;:&quot;section-stretched&quot;,&quot;background_background&quot;:&quot;classic&quot;,&quot;hoteller_ext_is_background_parallax&quot;:&quot;false&quot;,&quot;hoteller_ext_is_background_on_scroll&quot;:&quot;false&quot;}\">\n\t\t\t\t\t\t\t<div class=\"elementor-background-overlay\"><\/div>\n\t\t\t\t\t\t\t<div class=\"elementor-container elementor-column-gap-default\">\n\t\t\t\t\t<div class=\"elementor-column elementor-col-100 elementor-top-column elementor-element elementor-element-5231de89\" data-id=\"5231de89\" data-element_type=\"column\" data-e-type=\"column\" data-settings=\"{&quot;hoteller_ext_link_sidemenu&quot;:&quot;false&quot;,&quot;hoteller_ext_link_fullmenu&quot;:&quot;false&quot;,&quot;hoteller_ext_link_closed_fullmenu&quot;:&quot;false&quot;,&quot;hoteller_ext_is_scrollme&quot;:&quot;false&quot;,&quot;hoteller_ext_is_smoove&quot;:&quot;false&quot;,&quot;hoteller_ext_is_parallax_mouse&quot;:&quot;false&quot;,&quot;hoteller_ext_is_infinite&quot;:&quot;false&quot;,&quot;hoteller_ext_is_fadeout_animation&quot;:&quot;false&quot;,&quot;hoteller_ext_mobile_static&quot;:&quot;false&quot;}\">\n\t\t\t<div class=\"elementor-widget-wrap elementor-element-populated\">\n\t\t\t\t\t\t<div class=\"elementor-element elementor-element-4b89cec0 elementor-invisible elementor-widget elementor-widget-heading\" data-id=\"4b89cec0\" data-element_type=\"widget\" data-e-type=\"widget\" data-settings=\"{&quot;_animation&quot;:&quot;fadeInUp&quot;,&quot;hoteller_ext_link_sidemenu&quot;:&quot;false&quot;,&quot;hoteller_ext_link_fullmenu&quot;:&quot;false&quot;,&quot;hoteller_ext_link_closed_fullmenu&quot;:&quot;false&quot;,&quot;hoteller_ext_is_scrollme&quot;:&quot;false&quot;,&quot;hoteller_ext_is_smoove&quot;:&quot;false&quot;,&quot;hoteller_ext_is_parallax_mouse&quot;:&quot;false&quot;,&quot;hoteller_ext_is_infinite&quot;:&quot;false&quot;,&quot;hoteller_ext_is_fadeout_animation&quot;:&quot;false&quot;,&quot;hoteller_ext_mobile_static&quot;:&quot;false&quot;}\" data-widget_type=\"heading.default\">\n\t\t\t\t<div class=\"elementor-widget-container\">\n\t\t\t\t\t<h1 class=\"elementor-heading-title elementor-size-default\">Fjallganga \u00e1 Lj\u00f3sufj\u00f6ll - 21. mars 2026 (afl\u00fdst vegna ve\u00f0urs<\/h1>\t\t\t\t<\/div>\n\t\t\t\t<\/div>\n\t\t\t\t<div class=\"elementor-element elementor-element-7075b3c6 elementor-invisible elementor-widget elementor-widget-heading\" data-id=\"7075b3c6\" data-element_type=\"widget\" data-e-type=\"widget\" data-settings=\"{&quot;_animation&quot;:&quot;fadeInUp&quot;,&quot;_animation_delay&quot;:400,&quot;hoteller_ext_link_sidemenu&quot;:&quot;false&quot;,&quot;hoteller_ext_link_fullmenu&quot;:&quot;false&quot;,&quot;hoteller_ext_link_closed_fullmenu&quot;:&quot;false&quot;,&quot;hoteller_ext_is_scrollme&quot;:&quot;false&quot;,&quot;hoteller_ext_is_smoove&quot;:&quot;false&quot;,&quot;hoteller_ext_is_parallax_mouse&quot;:&quot;false&quot;,&quot;hoteller_ext_is_infinite&quot;:&quot;false&quot;,&quot;hoteller_ext_is_fadeout_animation&quot;:&quot;false&quot;,&quot;hoteller_ext_mobile_static&quot;:&quot;false&quot;}\" data-widget_type=\"heading.default\">\n\t\t\t\t<div class=\"elementor-widget-container\">\n\t\t\t\t\t<h5 class=\"elementor-heading-title elementor-size-default\">(L\u00e1gmarksfj\u00f6ldi fyrir g\u00f6nguh\u00f3p er 8 manns)<\/h5>\t\t\t\t<\/div>\n\t\t\t\t<\/div>\n\t\t\t\t\t<\/div>\n\t\t<\/div>\n\t\t\t\t\t<\/div>\n\t\t<\/section>\n\t\t\t\t<section class=\"elementor-section elementor-top-section elementor-element elementor-element-811e8f5 elementor-section-boxed elementor-section-height-default elementor-section-height-default\" data-id=\"811e8f5\" data-element_type=\"section\" data-e-type=\"section\" data-settings=\"{&quot;hoteller_ext_is_background_parallax&quot;:&quot;false&quot;,&quot;hoteller_ext_is_background_on_scroll&quot;:&quot;false&quot;}\">\n\t\t\t\t\t\t<div class=\"elementor-container elementor-column-gap-default\">\n\t\t\t\t\t<div class=\"elementor-column elementor-col-100 elementor-top-column elementor-element elementor-element-3eaa06d\" data-id=\"3eaa06d\" data-element_type=\"column\" data-e-type=\"column\" data-settings=\"{&quot;hoteller_ext_link_sidemenu&quot;:&quot;false&quot;,&quot;hoteller_ext_link_fullmenu&quot;:&quot;false&quot;,&quot;hoteller_ext_link_closed_fullmenu&quot;:&quot;false&quot;,&quot;hoteller_ext_is_scrollme&quot;:&quot;false&quot;,&quot;hoteller_ext_is_smoove&quot;:&quot;false&quot;,&quot;hoteller_ext_is_parallax_mouse&quot;:&quot;false&quot;,&quot;hoteller_ext_is_infinite&quot;:&quot;false&quot;,&quot;hoteller_ext_is_fadeout_animation&quot;:&quot;false&quot;,&quot;hoteller_ext_mobile_static&quot;:&quot;false&quot;}\">\n\t\t\t<div class=\"elementor-widget-wrap elementor-element-populated\">\n\t\t\t\t\t\t<div class=\"elementor-element elementor-element-3118a25 elementor-alert-danger elementor-widget elementor-widget-alert\" data-id=\"3118a25\" data-element_type=\"widget\" data-e-type=\"widget\" data-settings=\"{&quot;hoteller_ext_link_sidemenu&quot;:&quot;false&quot;,&quot;hoteller_ext_link_fullmenu&quot;:&quot;false&quot;,&quot;hoteller_ext_link_closed_fullmenu&quot;:&quot;false&quot;,&quot;hoteller_ext_is_scrollme&quot;:&quot;false&quot;,&quot;hoteller_ext_is_smoove&quot;:&quot;false&quot;,&quot;hoteller_ext_is_parallax_mouse&quot;:&quot;false&quot;,&quot;hoteller_ext_is_infinite&quot;:&quot;false&quot;,&quot;hoteller_ext_is_fadeout_animation&quot;:&quot;false&quot;,&quot;hoteller_ext_mobile_static&quot;:&quot;false&quot;}\" data-widget_type=\"alert.default\">\n\t\t\t\t<div class=\"elementor-widget-container\">\n\t\t\t\t\t\t\t<div class=\"elementor-alert\" role=\"alert\">\n\n\t\t\t\t\t\t<span class=\"elementor-alert-title\">Athugi\u00f0<\/span>\n\t\t\t\n\t\t\t\t\t\t<span class=\"elementor-alert-description\">AFL\u00ddST VEGNA VE\u00d0URS<\/span>\n\t\t\t\n\t\t\t\t\t\t<button type=\"button\" class=\"elementor-alert-dismiss\" aria-label=\"Dismiss this alert.\">\n\t\t\t\t\t\t\t\t\t<span aria-hidden=\"true\">&times;<\/span>\n\t\t\t\t\t\t\t<\/button>\n\t\t\t\n\t\t<\/div>\n\t\t\t\t\t\t<\/div>\n\t\t\t\t<\/div>\n\t\t\t\t<div class=\"elementor-element elementor-element-12e70e6 elementor-widget elementor-widget-spacer\" data-id=\"12e70e6\" data-element_type=\"widget\" data-e-type=\"widget\" data-settings=\"{&quot;hoteller_ext_link_sidemenu&quot;:&quot;false&quot;,&quot;hoteller_ext_link_fullmenu&quot;:&quot;false&quot;,&quot;hoteller_ext_link_closed_fullmenu&quot;:&quot;false&quot;,&quot;hoteller_ext_is_scrollme&quot;:&quot;false&quot;,&quot;hoteller_ext_is_smoove&quot;:&quot;false&quot;,&quot;hoteller_ext_is_parallax_mouse&quot;:&quot;false&quot;,&quot;hoteller_ext_is_infinite&quot;:&quot;false&quot;,&quot;hoteller_ext_is_fadeout_animation&quot;:&quot;false&quot;,&quot;hoteller_ext_mobile_static&quot;:&quot;false&quot;}\" data-widget_type=\"spacer.default\">\n\t\t\t\t<div class=\"elementor-widget-container\">\n\t\t\t\t\t\t\t<div class=\"elementor-spacer\">\n\t\t\t<div class=\"elementor-spacer-inner\"><\/div>\n\t\t<\/div>\n\t\t\t\t\t\t<\/div>\n\t\t\t\t<\/div>\n\t\t\t\t<div class=\"elementor-element elementor-element-27df9c6 elementor-widget elementor-widget-heading\" data-id=\"27df9c6\" data-element_type=\"widget\" data-e-type=\"widget\" data-settings=\"{&quot;hoteller_ext_link_sidemenu&quot;:&quot;false&quot;,&quot;hoteller_ext_link_fullmenu&quot;:&quot;false&quot;,&quot;hoteller_ext_link_closed_fullmenu&quot;:&quot;false&quot;,&quot;hoteller_ext_is_scrollme&quot;:&quot;false&quot;,&quot;hoteller_ext_is_smoove&quot;:&quot;false&quot;,&quot;hoteller_ext_is_parallax_mouse&quot;:&quot;false&quot;,&quot;hoteller_ext_is_infinite&quot;:&quot;false&quot;,&quot;hoteller_ext_is_fadeout_animation&quot;:&quot;false&quot;,&quot;hoteller_ext_mobile_static&quot;:&quot;false&quot;}\" data-widget_type=\"heading.default\">\n\t\t\t\t<div class=\"elementor-widget-container\">\n\t\t\t\t\t<h2 class=\"elementor-heading-title elementor-size-default\">Fjallganga \u00e1 Lj\u00f3sufj\u00f6ll me\u00f0 lei\u00f0s\u00f6gn, mat og gistingu. (afl\u00fdst vegna ve\u00f0urs)<\/h2>\t\t\t\t<\/div>\n\t\t\t\t<\/div>\n\t\t\t\t<div class=\"elementor-element elementor-element-9f31a58 elementor-widget elementor-widget-hoteller-gallery-justified\" data-id=\"9f31a58\" data-element_type=\"widget\" data-e-type=\"widget\" data-settings=\"{&quot;hoteller_ext_link_sidemenu&quot;:&quot;false&quot;,&quot;hoteller_ext_link_fullmenu&quot;:&quot;false&quot;,&quot;hoteller_ext_link_closed_fullmenu&quot;:&quot;false&quot;,&quot;hoteller_ext_is_scrollme&quot;:&quot;false&quot;,&quot;hoteller_ext_is_smoove&quot;:&quot;false&quot;,&quot;hoteller_ext_is_parallax_mouse&quot;:&quot;false&quot;,&quot;hoteller_ext_is_infinite&quot;:&quot;false&quot;,&quot;hoteller_ext_is_fadeout_animation&quot;:&quot;false&quot;,&quot;hoteller_ext_mobile_static&quot;:&quot;false&quot;}\" data-widget_type=\"hoteller-gallery-justified.default\">\n\t\t\t\t<div class=\"elementor-widget-container\">\n\t\t\t\t\t<div class=\"gallery_grid_content_wrapper do_justified justified-gallery\" data-row_height=\"150\" data-margin=\"5\" data-justify_last_row=\"yes\">\n\t\t<div class=\"entry gallery_grid_item gallery-grid-tilt\">\n\t\t\t\t\t\t\t<a class=\"tg_gallery_lightbox\" href=\"https:\/\/langaholt.is\/islenska\/wp-content\/uploads\/2026\/02\/DSC01648-scaled.jpg\" data-thumb=\"https:\/\/langaholt.is\/islenska\/wp-content\/uploads\/2026\/02\/DSC01648-300x200.jpg\" data-rel=\"tg_gallery9f31a58\"  >\n\t\t\t\t\t\t\t<img decoding=\"async\" src=\"https:\/\/langaholt.is\/islenska\/wp-content\/uploads\/2026\/02\/DSC01648-768x512.jpg\" alt=\"\" \/>\n\t\t\t\t\t\t\t<\/a>\n\t\t\t\t\t<\/div>\n\t\t<div class=\"entry gallery_grid_item gallery-grid-tilt\">\n\t\t\t\t\t\t\t<a class=\"tg_gallery_lightbox\" href=\"https:\/\/langaholt.is\/islenska\/wp-content\/uploads\/2026\/02\/101952117_10157203166705373_2936389053158275924_n.jpg\" data-thumb=\"https:\/\/langaholt.is\/islenska\/wp-content\/uploads\/2026\/02\/101952117_10157203166705373_2936389053158275924_n-300x200.jpg\" data-rel=\"tg_gallery9f31a58\"  >\n\t\t\t\t\t\t\t<img decoding=\"async\" src=\"https:\/\/langaholt.is\/islenska\/wp-content\/uploads\/2026\/02\/101952117_10157203166705373_2936389053158275924_n-768x512.jpg\" alt=\"\" \/>\n\t\t\t\t\t\t\t<\/a>\n\t\t\t\t\t<\/div>\n\t\t<div class=\"entry gallery_grid_item gallery-grid-tilt\">\n\t\t\t\t\t\t\t<a class=\"tg_gallery_lightbox\" href=\"https:\/\/langaholt.is\/islenska\/wp-content\/uploads\/2026\/02\/120480442_10221354238717064_1157386229429809391_n.jpg\" data-thumb=\"https:\/\/langaholt.is\/islenska\/wp-content\/uploads\/2026\/02\/120480442_10221354238717064_1157386229429809391_n-300x165.jpg\" data-rel=\"tg_gallery9f31a58\"  >\n\t\t\t\t\t\t\t<img decoding=\"async\" src=\"https:\/\/langaholt.is\/islenska\/wp-content\/uploads\/2026\/02\/120480442_10221354238717064_1157386229429809391_n-768x422.jpg\" alt=\"\" \/>\n\t\t\t\t\t\t\t<\/a>\n\t\t\t\t\t<\/div>\n\t\t<div class=\"entry gallery_grid_item gallery-grid-tilt\">\n\t\t\t\t\t\t\t<a class=\"tg_gallery_lightbox\" href=\"https:\/\/langaholt.is\/islenska\/wp-content\/uploads\/2026\/02\/120561376_10157495455175373_87467361232363583_n.jpg\" data-thumb=\"https:\/\/langaholt.is\/islenska\/wp-content\/uploads\/2026\/02\/120561376_10157495455175373_87467361232363583_n-300x200.jpg\" data-rel=\"tg_gallery9f31a58\"  >\n\t\t\t\t\t\t\t<img decoding=\"async\" src=\"https:\/\/langaholt.is\/islenska\/wp-content\/uploads\/2026\/02\/120561376_10157495455175373_87467361232363583_n-768x512.jpg\" alt=\"\" \/>\n\t\t\t\t\t\t\t<\/a>\n\t\t\t\t\t<\/div>\n\t\t<div class=\"entry gallery_grid_item gallery-grid-tilt\">\n\t\t\t\t\t\t\t<a class=\"tg_gallery_lightbox\" href=\"https:\/\/langaholt.is\/islenska\/wp-content\/uploads\/2026\/02\/175030238_10222748464571839_7568910763064384957_n.jpg\" data-thumb=\"https:\/\/langaholt.is\/islenska\/wp-content\/uploads\/2026\/02\/175030238_10222748464571839_7568910763064384957_n-300x136.jpg\" data-rel=\"tg_gallery9f31a58\"  >\n\t\t\t\t\t\t\t<img decoding=\"async\" src=\"https:\/\/langaholt.is\/islenska\/wp-content\/uploads\/2026\/02\/175030238_10222748464571839_7568910763064384957_n-768x349.jpg\" alt=\"\" \/>\n\t\t\t\t\t\t\t<\/a>\n\t\t\t\t\t<\/div>\n\t\t<div class=\"entry gallery_grid_item gallery-grid-tilt\">\n\t\t\t\t\t\t\t<a class=\"tg_gallery_lightbox\" href=\"https:\/\/langaholt.is\/islenska\/wp-content\/uploads\/2026\/02\/177493955_10222748466211880_246197037245067533_n.jpg\" data-thumb=\"https:\/\/langaholt.is\/islenska\/wp-content\/uploads\/2026\/02\/177493955_10222748466211880_246197037245067533_n-300x136.jpg\" data-rel=\"tg_gallery9f31a58\"  >\n\t\t\t\t\t\t\t<img decoding=\"async\" src=\"https:\/\/langaholt.is\/islenska\/wp-content\/uploads\/2026\/02\/177493955_10222748466211880_246197037245067533_n-768x349.jpg\" alt=\"\" \/>\n\t\t\t\t\t\t\t<\/a>\n\t\t\t\t\t<\/div>\n\t\t<div class=\"entry gallery_grid_item gallery-grid-tilt\">\n\t\t\t\t\t\t\t<a class=\"tg_gallery_lightbox\" href=\"https:\/\/langaholt.is\/islenska\/wp-content\/uploads\/2026\/02\/475799098_10160768288575373_5062576515323645085_n.jpg\" data-thumb=\"https:\/\/langaholt.is\/islenska\/wp-content\/uploads\/2026\/02\/475799098_10160768288575373_5062576515323645085_n-300x169.jpg\" data-rel=\"tg_gallery9f31a58\"  >\n\t\t\t\t\t\t\t<img decoding=\"async\" src=\"https:\/\/langaholt.is\/islenska\/wp-content\/uploads\/2026\/02\/475799098_10160768288575373_5062576515323645085_n-768x432.jpg\" alt=\"\" \/>\n\t\t\t\t\t\t\t<\/a>\n\t\t\t\t\t<\/div>\n\t\t<div class=\"entry gallery_grid_item gallery-grid-tilt\">\n\t\t\t\t\t\t\t<a class=\"tg_gallery_lightbox\" href=\"https:\/\/langaholt.is\/islenska\/wp-content\/uploads\/2026\/02\/476162565_10160768288285373_1539067289016457992_n.jpg\" data-thumb=\"https:\/\/langaholt.is\/islenska\/wp-content\/uploads\/2026\/02\/476162565_10160768288285373_1539067289016457992_n-300x226.jpg\" data-rel=\"tg_gallery9f31a58\"  >\n\t\t\t\t\t\t\t<img decoding=\"async\" src=\"https:\/\/langaholt.is\/islenska\/wp-content\/uploads\/2026\/02\/476162565_10160768288285373_1539067289016457992_n-768x578.jpg\" alt=\"\" \/>\n\t\t\t\t\t\t\t<\/a>\n\t\t\t\t\t<\/div>\n\t\t<div class=\"entry gallery_grid_item gallery-grid-tilt\">\n\t\t\t\t\t\t\t<a class=\"tg_gallery_lightbox\" href=\"https:\/\/langaholt.is\/islenska\/wp-content\/uploads\/2026\/02\/480498334_10160799035455373_107971329334178529_n-scaled.jpg\" data-thumb=\"https:\/\/langaholt.is\/islenska\/wp-content\/uploads\/2026\/02\/480498334_10160799035455373_107971329334178529_n-300x140.jpg\" data-rel=\"tg_gallery9f31a58\"  >\n\t\t\t\t\t\t\t<img decoding=\"async\" src=\"https:\/\/langaholt.is\/islenska\/wp-content\/uploads\/2026\/02\/480498334_10160799035455373_107971329334178529_n-768x359.jpg\" alt=\"\" \/>\n\t\t\t\t\t\t\t<\/a>\n\t\t\t\t\t<\/div>\n\t\t<div class=\"entry gallery_grid_item gallery-grid-tilt\">\n\t\t\t\t\t\t\t<a class=\"tg_gallery_lightbox\" href=\"https:\/\/langaholt.is\/islenska\/wp-content\/uploads\/2020\/02\/roomgirl-1.jpg\" data-thumb=\"https:\/\/langaholt.is\/islenska\/wp-content\/uploads\/2020\/02\/roomgirl-1-300x178.jpg\" data-rel=\"tg_gallery9f31a58\"  >\n\t\t\t\t\t\t\t<img decoding=\"async\" src=\"https:\/\/langaholt.is\/islenska\/wp-content\/uploads\/2020\/02\/roomgirl-1-768x454.jpg\" alt=\"\" \/>\n\t\t\t\t\t\t\t<\/a>\n\t\t\t\t\t<\/div>\n\t\t<div class=\"entry gallery_grid_item gallery-grid-tilt\">\n\t\t\t\t\t\t\t<a class=\"tg_gallery_lightbox\" href=\"https:\/\/langaholt.is\/islenska\/wp-content\/uploads\/2020\/02\/Langaholt_snaefelsnes-5779-e1575553080399.jpg\" data-thumb=\"https:\/\/langaholt.is\/islenska\/wp-content\/uploads\/2020\/02\/Langaholt_snaefelsnes-5779-e1575553080399-300x200.jpg\" data-rel=\"tg_gallery9f31a58\"  >\n\t\t\t\t\t\t\t<img decoding=\"async\" src=\"https:\/\/langaholt.is\/islenska\/wp-content\/uploads\/2020\/02\/Langaholt_snaefelsnes-5779-e1575553080399-768x512.jpg\" alt=\"Langaholt\" \/>\n\t\t\t\t\t\t\t<\/a>\n\t\t\t\t\t<\/div>\n\t\t<div class=\"entry gallery_grid_item gallery-grid-tilt\">\n\t\t\t\t\t\t\t<a class=\"tg_gallery_lightbox\" href=\"https:\/\/langaholt.is\/islenska\/wp-content\/uploads\/2023\/08\/Ahersla-a-matvaeli-ur-heradi_FYRIR-VEF.jpg\" data-thumb=\"https:\/\/langaholt.is\/islenska\/wp-content\/uploads\/2023\/08\/Ahersla-a-matvaeli-ur-heradi_FYRIR-VEF-300x200.jpg\" data-rel=\"tg_gallery9f31a58\"  >\n\t\t\t\t\t\t\t<img decoding=\"async\" src=\"https:\/\/langaholt.is\/islenska\/wp-content\/uploads\/2023\/08\/Ahersla-a-matvaeli-ur-heradi_FYRIR-VEF-768x512.jpg\" alt=\"\" \/>\n\t\t\t\t\t\t\t<\/a>\n\t\t\t\t\t<\/div>\n\t\t<div class=\"entry gallery_grid_item gallery-grid-tilt\">\n\t\t\t\t\t\t\t<a class=\"tg_gallery_lightbox\" href=\"https:\/\/langaholt.is\/islenska\/wp-content\/uploads\/2025\/05\/IMG_3358-scaled.jpg\" data-thumb=\"https:\/\/langaholt.is\/islenska\/wp-content\/uploads\/2025\/05\/IMG_3358-300x200.jpg\" data-rel=\"tg_gallery9f31a58\"  >\n\t\t\t\t\t\t\t<img decoding=\"async\" src=\"https:\/\/langaholt.is\/islenska\/wp-content\/uploads\/2025\/05\/IMG_3358-768x512.jpg\" alt=\"\" \/>\n\t\t\t\t\t\t\t<\/a>\n\t\t\t\t\t<\/div>\n\t\t<div class=\"entry gallery_grid_item gallery-grid-tilt\">\n\t\t\t\t\t\t\t<a class=\"tg_gallery_lightbox\" href=\"https:\/\/langaholt.is\/islenska\/wp-content\/uploads\/2025\/05\/IMG_3366-scaled.jpg\" data-thumb=\"https:\/\/langaholt.is\/islenska\/wp-content\/uploads\/2025\/05\/IMG_3366-300x200.jpg\" data-rel=\"tg_gallery9f31a58\"  >\n\t\t\t\t\t\t\t<img decoding=\"async\" src=\"https:\/\/langaholt.is\/islenska\/wp-content\/uploads\/2025\/05\/IMG_3366-768x512.jpg\" alt=\"\" \/>\n\t\t\t\t\t\t\t<\/a>\n\t\t\t\t\t<\/div>\n<br class=\"clear\"\/>\n<\/div>\n\t\t\t\t<\/div>\n\t\t\t\t<\/div>\n\t\t\t\t<div class=\"elementor-element elementor-element-16376d5 elementor-widget-divider--view-line elementor-widget elementor-widget-divider\" data-id=\"16376d5\" data-element_type=\"widget\" data-e-type=\"widget\" data-settings=\"{&quot;hoteller_ext_link_sidemenu&quot;:&quot;false&quot;,&quot;hoteller_ext_link_fullmenu&quot;:&quot;false&quot;,&quot;hoteller_ext_link_closed_fullmenu&quot;:&quot;false&quot;,&quot;hoteller_ext_is_scrollme&quot;:&quot;false&quot;,&quot;hoteller_ext_is_smoove&quot;:&quot;false&quot;,&quot;hoteller_ext_is_parallax_mouse&quot;:&quot;false&quot;,&quot;hoteller_ext_is_infinite&quot;:&quot;false&quot;,&quot;hoteller_ext_is_fadeout_animation&quot;:&quot;false&quot;,&quot;hoteller_ext_mobile_static&quot;:&quot;false&quot;}\" data-widget_type=\"divider.default\">\n\t\t\t\t<div class=\"elementor-widget-container\">\n\t\t\t\t\t\t\t<div class=\"elementor-divider\">\n\t\t\t<span class=\"elementor-divider-separator\">\n\t\t\t\t\t\t<\/span>\n\t\t<\/div>\n\t\t\t\t\t\t<\/div>\n\t\t\t\t<\/div>\n\t\t\t\t<div class=\"elementor-element elementor-element-5812f88 elementor-widget elementor-widget-text-editor\" data-id=\"5812f88\" data-element_type=\"widget\" data-e-type=\"widget\" data-settings=\"{&quot;hoteller_ext_link_sidemenu&quot;:&quot;false&quot;,&quot;hoteller_ext_link_fullmenu&quot;:&quot;false&quot;,&quot;hoteller_ext_link_closed_fullmenu&quot;:&quot;false&quot;,&quot;hoteller_ext_is_scrollme&quot;:&quot;false&quot;,&quot;hoteller_ext_is_smoove&quot;:&quot;false&quot;,&quot;hoteller_ext_is_parallax_mouse&quot;:&quot;false&quot;,&quot;hoteller_ext_is_infinite&quot;:&quot;false&quot;,&quot;hoteller_ext_is_fadeout_animation&quot;:&quot;false&quot;,&quot;hoteller_ext_mobile_static&quot;:&quot;false&quot;}\" data-widget_type=\"text-editor.default\">\n\t\t\t\t<div class=\"elementor-widget-container\">\n\t\t\t\t\t\t\t\t\t<p style=\"text-align: center;\">H\u00f3tel Langaholt b\u00fd\u00f0ur \u00feann 21. mars n\u00e6stkomandi upp \u00e1 vetrarfjallg\u00f6ngu me\u00f0 kv\u00f6ldver\u00f0i og gistingu me\u00f0 morgunver\u00f0i. Gengi\u00f0 ver\u00f0ur \u00e1 Lj\u00f3sufj\u00f6ll \u00e1 Sn\u00e6fellsnesi og er fararstj\u00f3rinn heimama\u00f0ur.<\/p><p style=\"text-align: center;\">Hin litskr\u00fa\u00f0ugu Lj\u00f3sufj\u00f6ll (1063 m.y.s.) eru h\u00e6stu tindar Sn\u00e6fellsness \u00feegar j\u00f6kullinn er undanskilinn, og dregur Lj\u00f3sufjallaeldst\u00f6\u00f0in, sem n\u00e6r fr\u00e1 Berserkjahrauni a\u00f0 Gr\u00e1br\u00f3k, nafn sitt af fj\u00f6llunum. Fer \u00fea\u00f0 jafnan eftir ve\u00f0ri og snj\u00f3a\u00f0st\u00e6\u00f0um \u00e1 hva\u00f0a lei\u00f0 er farin og \u00e1 hva\u00f0a tind e\u00f0a tinda er gengi\u00f0.<\/p><p style=\"text-align: center;\">Gangan hefst 8:30 \u00e1 sunnanver\u00f0u nesinu og m\u00e1 b\u00faast vi\u00f0 um 100 m\u00edn\u00fatna akstri fr\u00e1 h\u00f6fu\u00f0borgarsv\u00e6\u00f0inu. Gengi\u00f0 er upp me\u00f0 Kleif\u00e1 framhj\u00e1 Valafossi, og s\u00ed\u00f0ar fylgt \u00f6\u00f0rum hvorum fl\u00f6gubergshryggnum upp a\u00f0 fjallsr\u00f3tunum. B\u00faast m\u00e1 vi\u00f0 14-16 km g\u00f6ngu og 1100 m h\u00e6kkun. P\u00f3stur ver\u00f0ur sendur \u00e1 \u00fe\u00e1tttakendur me\u00f0 n\u00e1nari uppl\u00fdsingum fyrir g\u00f6ngu um upphafssta\u00f0 og b\u00fana\u00f0.<\/p><p style=\"text-align: center;\">\u00cd \u00feessari g\u00f6ngu er nau\u00f0synlegt a\u00f0 hafa me\u00f0 j\u00f6klabrodda og \u00edsexi, sem og annan vi\u00f0eigandi \u00fatb\u00fana\u00f0 fyrir vetrarfjallg\u00f6ngur.\u2028\u2028Gangan er samstarfsverkefni me\u00f0 Tindum Sn\u00e6fellsness og fararstj\u00f3ri er Gu\u00f0mundur R\u00fanar Svansson.<\/p><p style=\"text-align: center;\">A\u00f0 lokinni g\u00f6ngu ver\u00f0ur sameiginlegt bor\u00f0hald \u00e1 Langaholti.<\/p><p style=\"text-align: center;\">\u00a0(L\u00e1gmarksfj\u00f6ldi fyrir g\u00f6nguh\u00f3p er 8 manns)\u00a0<\/p>\t\t\t\t\t\t\t\t<\/div>\n\t\t\t\t<\/div>\n\t\t\t\t<div class=\"elementor-element elementor-element-600cf2c elementor-widget elementor-widget-image\" data-id=\"600cf2c\" data-element_type=\"widget\" data-e-type=\"widget\" data-settings=\"{&quot;hoteller_image_is_animation&quot;:&quot;false&quot;,&quot;hoteller_ext_link_sidemenu&quot;:&quot;false&quot;,&quot;hoteller_ext_link_fullmenu&quot;:&quot;false&quot;,&quot;hoteller_ext_link_closed_fullmenu&quot;:&quot;false&quot;,&quot;hoteller_ext_is_scrollme&quot;:&quot;false&quot;,&quot;hoteller_ext_is_smoove&quot;:&quot;false&quot;,&quot;hoteller_ext_is_parallax_mouse&quot;:&quot;false&quot;,&quot;hoteller_ext_is_infinite&quot;:&quot;false&quot;,&quot;hoteller_ext_is_fadeout_animation&quot;:&quot;false&quot;,&quot;hoteller_ext_mobile_static&quot;:&quot;false&quot;}\" data-widget_type=\"image.default\">\n\t\t\t\t<div class=\"elementor-widget-container\">\n\t\t\t\t\t\t\t\t\t\t\t\t<figure class=\"wp-caption\">\n\t\t\t\t\t\t\t\t\t\t<img fetchpriority=\"high\" decoding=\"async\" width=\"300\" height=\"300\" src=\"https:\/\/langaholt.is\/islenska\/wp-content\/uploads\/2025\/03\/336665230_117741904621142_1746492875329296085_n-300x300.jpg\" class=\"attachment-medium size-medium wp-image-4530\" alt=\"\" srcset=\"https:\/\/langaholt.is\/islenska\/wp-content\/uploads\/2025\/03\/336665230_117741904621142_1746492875329296085_n-300x300.jpg 300w, https:\/\/langaholt.is\/islenska\/wp-content\/uploads\/2025\/03\/336665230_117741904621142_1746492875329296085_n-1024x1024.jpg 1024w, https:\/\/langaholt.is\/islenska\/wp-content\/uploads\/2025\/03\/336665230_117741904621142_1746492875329296085_n-150x150.jpg 150w, https:\/\/langaholt.is\/islenska\/wp-content\/uploads\/2025\/03\/336665230_117741904621142_1746492875329296085_n-768x767.jpg 768w, https:\/\/langaholt.is\/islenska\/wp-content\/uploads\/2025\/03\/336665230_117741904621142_1746492875329296085_n-440x440.jpg 440w, https:\/\/langaholt.is\/islenska\/wp-content\/uploads\/2025\/03\/336665230_117741904621142_1746492875329296085_n-610x610.jpg 610w, https:\/\/langaholt.is\/islenska\/wp-content\/uploads\/2025\/03\/336665230_117741904621142_1746492875329296085_n-600x599.jpg 600w, https:\/\/langaholt.is\/islenska\/wp-content\/uploads\/2025\/03\/336665230_117741904621142_1746492875329296085_n-100x100.jpg 100w, https:\/\/langaholt.is\/islenska\/wp-content\/uploads\/2025\/03\/336665230_117741904621142_1746492875329296085_n.jpg 1080w\" sizes=\"(max-width: 300px) 100vw, 300px\" \/>\t\t\t\t\t\t\t\t\t\t\t<figcaption class=\"widget-image-caption wp-caption-text\">Gu\u00f0mundur R\u00fanar Svansson<\/figcaption>\n\t\t\t\t\t\t\t\t\t\t<\/figure>\n\t\t\t\t\t\t\t\t\t<\/div>\n\t\t\t\t<\/div>\n\t\t\t\t<div class=\"elementor-element elementor-element-78a7766 elementor-widget elementor-widget-text-editor\" data-id=\"78a7766\" data-element_type=\"widget\" data-e-type=\"widget\" data-settings=\"{&quot;hoteller_ext_link_sidemenu&quot;:&quot;false&quot;,&quot;hoteller_ext_link_fullmenu&quot;:&quot;false&quot;,&quot;hoteller_ext_link_closed_fullmenu&quot;:&quot;false&quot;,&quot;hoteller_ext_is_scrollme&quot;:&quot;false&quot;,&quot;hoteller_ext_is_smoove&quot;:&quot;false&quot;,&quot;hoteller_ext_is_parallax_mouse&quot;:&quot;false&quot;,&quot;hoteller_ext_is_infinite&quot;:&quot;false&quot;,&quot;hoteller_ext_is_fadeout_animation&quot;:&quot;false&quot;,&quot;hoteller_ext_mobile_static&quot;:&quot;false&quot;}\" data-widget_type=\"text-editor.default\">\n\t\t\t\t<div class=\"elementor-widget-container\">\n\t\t\t\t\t\t\t\t\t<p style=\"text-align: center;\">Umsj\u00f3narma\u00f0ur g\u00f6ngufer\u00f0anna okkar er Gu\u00f0mundur R\u00fanar Svansson fr\u00e1 Dalsmynni. Gu\u00f0mundur var \u00e1\u00f0ur landv\u00f6r\u00f0ur \u00ed Sn\u00e6fellsj\u00f6kuls\u00fej\u00f3\u00f0gar\u00f0i. Hann er undanfari hj\u00e1 Flugbj\u00f6rgunarsveitinni \u00ed Reykjav\u00edk og hefur loki\u00f0 fagn\u00e1mskei\u00f0um Bj\u00f6rgunarsk\u00f3lans \u00ed fjallamennsku, fjallabj\u00f6rgun, snj\u00f3fl\u00f3\u00f0um og vettvangshj\u00e1lp \u00ed \u00f3bygg\u00f0um. Hann hefur margra \u00e1ra reynslu af g\u00f6ngulei\u00f0s\u00f6gn.<\/p><p style=\"text-align: center;\">Gu\u00f0mundur \u00f3lst upp vi\u00f0 b\u00faskap og sveitast\u00f6rf \u00e1 Sn\u00e6fellsnesi og skila\u00f0i s\u00e9r a\u00f0 lokum til baka eftir lausamennsku \u00e1 h\u00f6fu\u00f0borgarsv\u00e6\u00f0inu um stundarsakir. Gu\u00f0mundur er af sn\u00e6fellsku h\u00e1lftr\u00f6llakyni og n\u00e1fr\u00e6ndi B\u00e1r\u00f0ar Sn\u00e6fells\u00e1ss. Sakir \u00e6ttirnisins s\u00e6kir hann miki\u00f0 \u00ed a\u00f0 ganga einsamall um tinda Sn\u00e6fellsness, og segir f\u00e1tt af einum. \u00de\u00e1 er hann gruna\u00f0ur um a\u00f0 vera kominn af galdraf\u00f3lki \u00ed marga \u00e6ttli\u00f0i.<\/p>\t\t\t\t\t\t\t\t<\/div>\n\t\t\t\t<\/div>\n\t\t\t\t<div class=\"elementor-element elementor-element-9451dfb elementor-widget-divider--view-line elementor-widget elementor-widget-divider\" data-id=\"9451dfb\" data-element_type=\"widget\" data-e-type=\"widget\" data-settings=\"{&quot;hoteller_ext_link_sidemenu&quot;:&quot;false&quot;,&quot;hoteller_ext_link_fullmenu&quot;:&quot;false&quot;,&quot;hoteller_ext_link_closed_fullmenu&quot;:&quot;false&quot;,&quot;hoteller_ext_is_scrollme&quot;:&quot;false&quot;,&quot;hoteller_ext_is_smoove&quot;:&quot;false&quot;,&quot;hoteller_ext_is_parallax_mouse&quot;:&quot;false&quot;,&quot;hoteller_ext_is_infinite&quot;:&quot;false&quot;,&quot;hoteller_ext_is_fadeout_animation&quot;:&quot;false&quot;,&quot;hoteller_ext_mobile_static&quot;:&quot;false&quot;}\" data-widget_type=\"divider.default\">\n\t\t\t\t<div class=\"elementor-widget-container\">\n\t\t\t\t\t\t\t<div class=\"elementor-divider\">\n\t\t\t<span class=\"elementor-divider-separator\">\n\t\t\t\t\t\t<\/span>\n\t\t<\/div>\n\t\t\t\t\t\t<\/div>\n\t\t\t\t<\/div>\n\t\t\t\t<div class=\"elementor-element elementor-element-0f5ea8c elementor-widget elementor-widget-text-editor\" data-id=\"0f5ea8c\" data-element_type=\"widget\" data-e-type=\"widget\" data-settings=\"{&quot;hoteller_ext_link_sidemenu&quot;:&quot;false&quot;,&quot;hoteller_ext_link_fullmenu&quot;:&quot;false&quot;,&quot;hoteller_ext_link_closed_fullmenu&quot;:&quot;false&quot;,&quot;hoteller_ext_is_scrollme&quot;:&quot;false&quot;,&quot;hoteller_ext_is_smoove&quot;:&quot;false&quot;,&quot;hoteller_ext_is_parallax_mouse&quot;:&quot;false&quot;,&quot;hoteller_ext_is_infinite&quot;:&quot;false&quot;,&quot;hoteller_ext_is_fadeout_animation&quot;:&quot;false&quot;,&quot;hoteller_ext_mobile_static&quot;:&quot;false&quot;}\" data-widget_type=\"text-editor.default\">\n\t\t\t\t<div class=\"elementor-widget-container\">\n\t\t\t\t\t\t\t\t\t<p style=\"text-align: center;\"><strong><span style=\"color: #ff0000;\">AFL\u00ddST VEGNA VE\u00d0URS<\/span><\/strong><\/p><p style=\"text-align: center;\">Dagsganga me\u00f0 lei\u00f0s\u00f6gumanni, kv\u00f6ldver\u00f0i og gistingu \u00ed tveggja manna Comfort herbergi me\u00f0 morgunver\u00f0i<\/p><p style=\"text-align: center;\">Ver\u00f0 fyrir tvo <strong>69.800 kr. = 34.900 kr.<\/strong> \u00e1 manninn mi\u00f0a\u00f0 vi\u00f0 gistingu \u00ed tveggja manna herbergi<\/p><p style=\"text-align: center;\"><em>(*Gistin\u00e1ttarskattur er innifalinn \u00ed ver\u00f0inu).<\/em><\/p><p style=\"font-weight: 400; text-align: center;\">Vi\u00f0 bj\u00f3\u00f0um l\u00edka ver\u00f0 \u00ed einstaklingsherbergi \u00feegar h\u00e6gt er a\u00f0 koma \u00fev\u00ed vi\u00f0 og velkomi\u00f0 a\u00f0 hafa samband \u00ed t\u00f6lvup\u00f3sti<\/p><p style=\"font-weight: 400; text-align: center;\">Matarupplifunin hj\u00e1 okkur er s\u00edbreytileg, \u00fea\u00f0 sem er \u00ed bo\u00f0i hverju sinni eru \u00fe\u00e6r tegundir sem sn\u00e6fellskir sj\u00f3menn afla \u00e1 hverjum t\u00edma af gj\u00f6fulum fiskimi\u00f0um brei\u00f0afjar\u00f0ar og faxafl\u00f3a. Vi\u00f0 s\u00e6kjum fiskinn \u00e1 bryggjuna, kj\u00f6ti\u00f0 til \u00edslenskra b\u00e6nda og fullvinnum \u00ed okkar eldh\u00fasi.<\/p><p style=\"text-align: center;\">Ef \u00fe\u00fa vilt tilbo\u00f0 sni\u00f0i\u00f0 a\u00f0 \u00fe\u00ednum \u00fe\u00f6rfum haf\u00f0u \u00fe\u00e1 samband vi\u00f0 okkur <span style=\"color: #0000ff;\"><a style=\"color: #0000ff;\" href=\"mailto:langaholt@langaholt.is\">langaholt@langaholt.is<\/a><\/span> e\u00f0a fylltu \u00fat formi\u00f0 h\u00e9r a\u00f0 ne\u00f0an me\u00f0 skilabo\u00f0um um \u00fe\u00ednar \u00f3skir.<\/p>\t\t\t\t\t\t\t\t<\/div>\n\t\t\t\t<\/div>\n\t\t\t\t<div class=\"elementor-element elementor-element-4942e33 elementor-widget elementor-widget-heading\" data-id=\"4942e33\" data-element_type=\"widget\" data-e-type=\"widget\" data-settings=\"{&quot;hoteller_ext_link_sidemenu&quot;:&quot;false&quot;,&quot;hoteller_ext_link_fullmenu&quot;:&quot;false&quot;,&quot;hoteller_ext_link_closed_fullmenu&quot;:&quot;false&quot;,&quot;hoteller_ext_is_scrollme&quot;:&quot;false&quot;,&quot;hoteller_ext_is_smoove&quot;:&quot;false&quot;,&quot;hoteller_ext_is_parallax_mouse&quot;:&quot;false&quot;,&quot;hoteller_ext_is_infinite&quot;:&quot;false&quot;,&quot;hoteller_ext_is_fadeout_animation&quot;:&quot;false&quot;,&quot;hoteller_ext_mobile_static&quot;:&quot;false&quot;}\" data-widget_type=\"heading.default\">\n\t\t\t\t<div class=\"elementor-widget-container\">\n\t\t\t\t\t<h2 class=\"elementor-heading-title elementor-size-default\">Fyrir frekari fyrirspurnir og b\u00f3kanir er h\u00e6gt a\u00f0 senda inn fyrirspurn:<span style=\"font-family: Oswald, Helvetica, Arial, sans-serif;font-size: 28px;font-style: normal;font-weight: 400;letter-spacing: 0px\"><\/span><br><\/h2>\t\t\t\t<\/div>\n\t\t\t\t<\/div>\n\t\t\t\t<div class=\"elementor-element elementor-element-2f3cd90 elementor-widget elementor-widget-shortcode\" data-id=\"2f3cd90\" data-element_type=\"widget\" data-e-type=\"widget\" data-settings=\"{&quot;hoteller_ext_link_sidemenu&quot;:&quot;false&quot;,&quot;hoteller_ext_link_fullmenu&quot;:&quot;false&quot;,&quot;hoteller_ext_link_closed_fullmenu&quot;:&quot;false&quot;,&quot;hoteller_ext_is_scrollme&quot;:&quot;false&quot;,&quot;hoteller_ext_is_smoove&quot;:&quot;false&quot;,&quot;hoteller_ext_is_parallax_mouse&quot;:&quot;false&quot;,&quot;hoteller_ext_is_infinite&quot;:&quot;false&quot;,&quot;hoteller_ext_is_fadeout_animation&quot;:&quot;false&quot;,&quot;hoteller_ext_mobile_static&quot;:&quot;false&quot;}\" data-widget_type=\"shortcode.default\">\n\t\t\t\t<div class=\"elementor-widget-container\">\n\t\t\t\t\t\t\t<div class=\"elementor-shortcode\">\n<div class=\"wpcf7 no-js\" id=\"wpcf7-f4957-o1\" lang=\"en-US\" dir=\"ltr\" data-wpcf7-id=\"4957\">\n<div class=\"screen-reader-response\"><p role=\"status\" aria-live=\"polite\" aria-atomic=\"true\"><\/p> <ul><\/ul><\/div>\n<form action=\"\/islenska\/wp-json\/wp\/v2\/pages\/4936#wpcf7-f4957-o1\" method=\"post\" class=\"wpcf7-form init\" aria-label=\"Contact form\" novalidate=\"novalidate\" data-status=\"init\">\n<fieldset class=\"hidden-fields-container\"><input type=\"hidden\" name=\"_wpcf7\" value=\"4957\" \/><input type=\"hidden\" name=\"_wpcf7_version\" value=\"6.1.5\" \/><input type=\"hidden\" name=\"_wpcf7_locale\" value=\"en_US\" \/><input type=\"hidden\" name=\"_wpcf7_unit_tag\" value=\"wpcf7-f4957-o1\" \/><input type=\"hidden\" name=\"_wpcf7_container_post\" value=\"0\" \/><input type=\"hidden\" name=\"_wpcf7_posted_data_hash\" value=\"\" \/>\n<\/fieldset>\n<p><label> Nafn (*)<br \/>\n<span class=\"wpcf7-form-control-wrap\" data-name=\"your-name\"><input size=\"40\" maxlength=\"400\" class=\"wpcf7-form-control wpcf7-text wpcf7-validates-as-required\" aria-required=\"true\" aria-invalid=\"false\" value=\"\" type=\"text\" name=\"your-name\" \/><\/span> <\/label>\n<\/p>\n<p><label> Netfang (*)<br \/>\n<span class=\"wpcf7-form-control-wrap\" data-name=\"your-email\"><input size=\"40\" maxlength=\"400\" class=\"wpcf7-form-control wpcf7-email wpcf7-validates-as-required wpcf7-text wpcf7-validates-as-email\" aria-required=\"true\" aria-invalid=\"false\" value=\"\" type=\"email\" name=\"your-email\" \/><\/span> <\/label>\n<\/p>\n<p><label> S\u00edman\u00famer (*)<br \/>\n<span class=\"wpcf7-form-control-wrap\" data-name=\"telephone\"><input size=\"40\" maxlength=\"400\" class=\"wpcf7-form-control wpcf7-tel wpcf7-validates-as-required wpcf7-text wpcf7-validates-as-tel\" aria-required=\"true\" aria-invalid=\"false\" value=\"\" type=\"tel\" name=\"telephone\" \/><\/span> <\/label>\n<\/p>\n<p><label> Skilabo\u00f0<br \/>\n<span class=\"wpcf7-form-control-wrap\" data-name=\"your-message\"><textarea cols=\"40\" rows=\"10\" maxlength=\"2000\" class=\"wpcf7-form-control wpcf7-textarea\" aria-invalid=\"false\" name=\"your-message\"><\/textarea><\/span> <\/label>\n<\/p>\n<p><span class=\"wpcf7-form-control-wrap\" data-name=\"gdpr\"><span class=\"wpcf7-form-control wpcf7-checkbox wpcf7-validates-as-required\"><span class=\"wpcf7-list-item first last\"><input type=\"checkbox\" name=\"gdpr[]\" value=\"\u00c9g sam\u00feykki a\u00f0 Langaholt skr\u00e1i ni\u00f0ur uppl\u00fdsingar m\u00ednar.\" \/><span class=\"wpcf7-list-item-label\">\u00c9g sam\u00feykki a\u00f0 Langaholt skr\u00e1i ni\u00f0ur uppl\u00fdsingar m\u00ednar.<\/span><\/span><\/span><\/span>\n<\/p>\n<p><input class=\"wpcf7-form-control wpcf7-submit has-spinner\" type=\"submit\" value=\"Senda\" \/>\n<\/p><div class=\"wpcf7-response-output\" aria-hidden=\"true\"><\/div>\n<\/form>\n<\/div>\n<\/div>\n\t\t\t\t\t\t<\/div>\n\t\t\t\t<\/div>\n\t\t\t\t\t<\/div>\n\t\t<\/div>\n\t\t\t\t\t<\/div>\n\t\t<\/section>\n\t\t\t\t<\/div>\n\t\t","protected":false},"excerpt":{"rendered":"<p>Fjallganga \u00e1 Lj\u00f3sufj\u00f6ll &#8211; 21. mars 2026 (afl\u00fdst vegna ve\u00f0urs (L\u00e1gmarksfj\u00f6ldi fyrir g\u00f6nguh\u00f3p er 8 manns) Athugi\u00f0 AFL\u00ddST VEGNA VE\u00d0URS &times; Fjallganga \u00e1 Lj\u00f3sufj\u00f6ll me\u00f0 lei\u00f0s\u00f6gn, mat og gistingu. (afl\u00fdst vegna ve\u00f0urs) H\u00f3tel Langaholt b\u00fd\u00f0ur \u00feann 21. mars n\u00e6stkomandi upp [&hellip;]<\/p>\n","protected":false},"author":1,"featured_media":4937,"parent":0,"menu_order":0,"comment_status":"closed","ping_status":"closed","template":"","meta":{"footnotes":""},"class_list":["post-4936","page","type-page","status-publish","has-post-thumbnail","hentry"],"yoast_head":"<!-- This site is optimized with the Yoast SEO plugin v27.5 - https:\/\/yoast.com\/product\/yoast-seo-wordpress\/ -->\n<title>Fjallganga \u00e1 Lj\u00f3sufj\u00f6ll - 21. mars 2026 - Tilbo\u00f0 fyrir tvo - Langaholt sveitah\u00f3tel<\/title>\n<meta name=\"description\" content=\"H\u00f3tel Langaholt b\u00fd\u00f0ur \u00feann 31. ma\u00ed n\u00e6stkomandi upp \u00e1 dagsg\u00f6ngu me\u00f0 mat og gistingu \u00ed sy\u00f0sta hluta Sn\u00e6fellsj\u00f6kuls\u00fej\u00f3\u00f0gar\u00f0s. Lei\u00f0s\u00f6guma\u00f0ur er Gu\u00f0mundur R\u00fanar Svansson sem starfa\u00f0 hefur sem landv\u00f6r\u00f0ur \u00ed \u00fej\u00f3\u00f0gar\u00f0inum. \u00c1hersla er l\u00f6g\u00f0 \u00e1 fr\u00e6\u00f0slu og sko\u00f0un fornminja sem eru utan alfaralei\u00f0a og st\u00e6rstu vi\u00f0komusta\u00f0a fer\u00f0amanna.\" \/>\n<meta name=\"robots\" content=\"index, follow, max-snippet:-1, max-image-preview:large, max-video-preview:-1\" \/>\n<link rel=\"canonical\" href=\"https:\/\/langaholt.is\/islenska\/fjallganga-a-ljosufjoll-21-mars-2026\/\" \/>\n<meta property=\"og:locale\" content=\"is_IS\" \/>\n<meta property=\"og:type\" content=\"article\" \/>\n<meta property=\"og:title\" content=\"Fjallganga \u00e1 Lj\u00f3sufj\u00f6ll - 21. mars 2026 - Tilbo\u00f0 fyrir tvo - Langaholt sveitah\u00f3tel\" \/>\n<meta property=\"og:description\" content=\"H\u00f3tel Langaholt b\u00fd\u00f0ur \u00feann 31. ma\u00ed n\u00e6stkomandi upp \u00e1 dagsg\u00f6ngu me\u00f0 mat og gistingu \u00ed sy\u00f0sta hluta Sn\u00e6fellsj\u00f6kuls\u00fej\u00f3\u00f0gar\u00f0s. Lei\u00f0s\u00f6guma\u00f0ur er Gu\u00f0mundur R\u00fanar Svansson sem starfa\u00f0 hefur sem landv\u00f6r\u00f0ur \u00ed \u00fej\u00f3\u00f0gar\u00f0inum. \u00c1hersla er l\u00f6g\u00f0 \u00e1 fr\u00e6\u00f0slu og sko\u00f0un fornminja sem eru utan alfaralei\u00f0a og st\u00e6rstu vi\u00f0komusta\u00f0a fer\u00f0amanna.\" \/>\n<meta property=\"og:url\" content=\"https:\/\/langaholt.is\/islenska\/fjallganga-a-ljosufjoll-21-mars-2026\/\" \/>\n<meta property=\"og:site_name\" content=\"Langaholt sveitah\u00f3tel\" \/>\n<meta property=\"article:publisher\" content=\"https:\/\/www.facebook.com\/langaholt\/\" \/>\n<meta property=\"article:modified_time\" content=\"2026-03-17T15:13:30+00:00\" \/>\n<meta property=\"og:image\" content=\"https:\/\/langaholt.is\/islenska\/wp-content\/uploads\/2026\/02\/480498334_10160799035455373_107971329334178529_n-scaled.jpg\" \/>\n\t<meta property=\"og:image:width\" content=\"2560\" \/>\n\t<meta property=\"og:image:height\" content=\"1195\" \/>\n\t<meta property=\"og:image:type\" content=\"image\/jpeg\" \/>\n<meta name=\"twitter:card\" content=\"summary_large_image\" \/>\n<meta name=\"twitter:label1\" content=\"Est. reading time\" \/>\n\t<meta name=\"twitter:data1\" content=\"6 minutes\" \/>\n<script type=\"application\/ld+json\" class=\"yoast-schema-graph\">{\"@context\":\"https:\\\/\\\/schema.org\",\"@graph\":[{\"@type\":\"WebPage\",\"@id\":\"https:\\\/\\\/langaholt.is\\\/islenska\\\/fjallganga-a-ljosufjoll-21-mars-2026\\\/\",\"url\":\"https:\\\/\\\/langaholt.is\\\/islenska\\\/fjallganga-a-ljosufjoll-21-mars-2026\\\/\",\"name\":\"Fjallganga \u00e1 Lj\u00f3sufj\u00f6ll - 21. mars 2026 - Tilbo\u00f0 fyrir tvo - Langaholt sveitah\u00f3tel\",\"isPartOf\":{\"@id\":\"https:\\\/\\\/langaholt.is\\\/islenska\\\/#website\"},\"primaryImageOfPage\":{\"@id\":\"https:\\\/\\\/langaholt.is\\\/islenska\\\/fjallganga-a-ljosufjoll-21-mars-2026\\\/#primaryimage\"},\"image\":{\"@id\":\"https:\\\/\\\/langaholt.is\\\/islenska\\\/fjallganga-a-ljosufjoll-21-mars-2026\\\/#primaryimage\"},\"thumbnailUrl\":\"https:\\\/\\\/langaholt.is\\\/islenska\\\/wp-content\\\/uploads\\\/2026\\\/02\\\/480498334_10160799035455373_107971329334178529_n-scaled.jpg\",\"datePublished\":\"2026-02-18T13:17:45+00:00\",\"dateModified\":\"2026-03-17T15:13:30+00:00\",\"description\":\"H\u00f3tel Langaholt b\u00fd\u00f0ur \u00feann 31. ma\u00ed n\u00e6stkomandi upp \u00e1 dagsg\u00f6ngu me\u00f0 mat og gistingu \u00ed sy\u00f0sta hluta Sn\u00e6fellsj\u00f6kuls\u00fej\u00f3\u00f0gar\u00f0s. Lei\u00f0s\u00f6guma\u00f0ur er Gu\u00f0mundur R\u00fanar Svansson sem starfa\u00f0 hefur sem landv\u00f6r\u00f0ur \u00ed \u00fej\u00f3\u00f0gar\u00f0inum. \u00c1hersla er l\u00f6g\u00f0 \u00e1 fr\u00e6\u00f0slu og sko\u00f0un fornminja sem eru utan alfaralei\u00f0a og st\u00e6rstu vi\u00f0komusta\u00f0a fer\u00f0amanna.\",\"breadcrumb\":{\"@id\":\"https:\\\/\\\/langaholt.is\\\/islenska\\\/fjallganga-a-ljosufjoll-21-mars-2026\\\/#breadcrumb\"},\"inLanguage\":\"is\",\"potentialAction\":[{\"@type\":\"ReadAction\",\"target\":[\"https:\\\/\\\/langaholt.is\\\/islenska\\\/fjallganga-a-ljosufjoll-21-mars-2026\\\/\"]}]},{\"@type\":\"ImageObject\",\"inLanguage\":\"is\",\"@id\":\"https:\\\/\\\/langaholt.is\\\/islenska\\\/fjallganga-a-ljosufjoll-21-mars-2026\\\/#primaryimage\",\"url\":\"https:\\\/\\\/langaholt.is\\\/islenska\\\/wp-content\\\/uploads\\\/2026\\\/02\\\/480498334_10160799035455373_107971329334178529_n-scaled.jpg\",\"contentUrl\":\"https:\\\/\\\/langaholt.is\\\/islenska\\\/wp-content\\\/uploads\\\/2026\\\/02\\\/480498334_10160799035455373_107971329334178529_n-scaled.jpg\",\"width\":2560,\"height\":1195},{\"@type\":\"BreadcrumbList\",\"@id\":\"https:\\\/\\\/langaholt.is\\\/islenska\\\/fjallganga-a-ljosufjoll-21-mars-2026\\\/#breadcrumb\",\"itemListElement\":[{\"@type\":\"ListItem\",\"position\":1,\"name\":\"Home\",\"item\":\"https:\\\/\\\/langaholt.is\\\/islenska\\\/\"},{\"@type\":\"ListItem\",\"position\":2,\"name\":\"Fjallganga \u00e1 Lj\u00f3sufj\u00f6ll &#8211; 21. mars 2026\"}]},{\"@type\":\"WebSite\",\"@id\":\"https:\\\/\\\/langaholt.is\\\/islenska\\\/#website\",\"url\":\"https:\\\/\\\/langaholt.is\\\/islenska\\\/\",\"name\":\"Langaholt Sveitah\u00f3tel\",\"description\":\"Ekta \u00edslensk sveitah\u00f3tel \u00e1 Sn\u00e6fellsnesinu\",\"publisher\":{\"@id\":\"https:\\\/\\\/langaholt.is\\\/islenska\\\/#organization\"},\"potentialAction\":[{\"@type\":\"SearchAction\",\"target\":{\"@type\":\"EntryPoint\",\"urlTemplate\":\"https:\\\/\\\/langaholt.is\\\/islenska\\\/?s={search_term_string}\"},\"query-input\":{\"@type\":\"PropertyValueSpecification\",\"valueRequired\":true,\"valueName\":\"search_term_string\"}}],\"inLanguage\":\"is\"},{\"@type\":\"Organization\",\"@id\":\"https:\\\/\\\/langaholt.is\\\/islenska\\\/#organization\",\"name\":\"Langaholt\",\"url\":\"https:\\\/\\\/langaholt.is\\\/islenska\\\/\",\"logo\":{\"@type\":\"ImageObject\",\"inLanguage\":\"is\",\"@id\":\"https:\\\/\\\/langaholt.is\\\/islenska\\\/#\\\/schema\\\/logo\\\/image\\\/\",\"url\":\"https:\\\/\\\/langaholt.is\\\/islenska\\\/wp-content\\\/uploads\\\/2020\\\/02\\\/Langaholt-logo-vefur.jpg\",\"contentUrl\":\"https:\\\/\\\/langaholt.is\\\/islenska\\\/wp-content\\\/uploads\\\/2020\\\/02\\\/Langaholt-logo-vefur.jpg\",\"width\":261,\"height\":85,\"caption\":\"Langaholt\"},\"image\":{\"@id\":\"https:\\\/\\\/langaholt.is\\\/islenska\\\/#\\\/schema\\\/logo\\\/image\\\/\"},\"sameAs\":[\"https:\\\/\\\/www.facebook.com\\\/langaholt\\\/\",\"https:\\\/\\\/www.instagram.com\\\/langaholt\\\/\"]}]}<\/script>\n<!-- \/ Yoast SEO plugin. -->","yoast_head_json":{"title":"Fjallganga \u00e1 Lj\u00f3sufj\u00f6ll - 21. mars 2026 - Tilbo\u00f0 fyrir tvo - Langaholt sveitah\u00f3tel","description":"H\u00f3tel Langaholt b\u00fd\u00f0ur \u00feann 31. ma\u00ed n\u00e6stkomandi upp \u00e1 dagsg\u00f6ngu me\u00f0 mat og gistingu \u00ed sy\u00f0sta hluta Sn\u00e6fellsj\u00f6kuls\u00fej\u00f3\u00f0gar\u00f0s. Lei\u00f0s\u00f6guma\u00f0ur er Gu\u00f0mundur R\u00fanar Svansson sem starfa\u00f0 hefur sem landv\u00f6r\u00f0ur \u00ed \u00fej\u00f3\u00f0gar\u00f0inum. \u00c1hersla er l\u00f6g\u00f0 \u00e1 fr\u00e6\u00f0slu og sko\u00f0un fornminja sem eru utan alfaralei\u00f0a og st\u00e6rstu vi\u00f0komusta\u00f0a fer\u00f0amanna.","robots":{"index":"index","follow":"follow","max-snippet":"max-snippet:-1","max-image-preview":"max-image-preview:large","max-video-preview":"max-video-preview:-1"},"canonical":"https:\/\/langaholt.is\/islenska\/fjallganga-a-ljosufjoll-21-mars-2026\/","og_locale":"is_IS","og_type":"article","og_title":"Fjallganga \u00e1 Lj\u00f3sufj\u00f6ll - 21. mars 2026 - Tilbo\u00f0 fyrir tvo - Langaholt sveitah\u00f3tel","og_description":"H\u00f3tel Langaholt b\u00fd\u00f0ur \u00feann 31. ma\u00ed n\u00e6stkomandi upp \u00e1 dagsg\u00f6ngu me\u00f0 mat og gistingu \u00ed sy\u00f0sta hluta Sn\u00e6fellsj\u00f6kuls\u00fej\u00f3\u00f0gar\u00f0s. Lei\u00f0s\u00f6guma\u00f0ur er Gu\u00f0mundur R\u00fanar Svansson sem starfa\u00f0 hefur sem landv\u00f6r\u00f0ur \u00ed \u00fej\u00f3\u00f0gar\u00f0inum. \u00c1hersla er l\u00f6g\u00f0 \u00e1 fr\u00e6\u00f0slu og sko\u00f0un fornminja sem eru utan alfaralei\u00f0a og st\u00e6rstu vi\u00f0komusta\u00f0a fer\u00f0amanna.","og_url":"https:\/\/langaholt.is\/islenska\/fjallganga-a-ljosufjoll-21-mars-2026\/","og_site_name":"Langaholt sveitah\u00f3tel","article_publisher":"https:\/\/www.facebook.com\/langaholt\/","article_modified_time":"2026-03-17T15:13:30+00:00","og_image":[{"width":2560,"height":1195,"url":"https:\/\/langaholt.is\/islenska\/wp-content\/uploads\/2026\/02\/480498334_10160799035455373_107971329334178529_n-scaled.jpg","type":"image\/jpeg"}],"twitter_card":"summary_large_image","twitter_misc":{"Est. reading time":"6 minutes"},"schema":{"@context":"https:\/\/schema.org","@graph":[{"@type":"WebPage","@id":"https:\/\/langaholt.is\/islenska\/fjallganga-a-ljosufjoll-21-mars-2026\/","url":"https:\/\/langaholt.is\/islenska\/fjallganga-a-ljosufjoll-21-mars-2026\/","name":"Fjallganga \u00e1 Lj\u00f3sufj\u00f6ll - 21. mars 2026 - Tilbo\u00f0 fyrir tvo - Langaholt sveitah\u00f3tel","isPartOf":{"@id":"https:\/\/langaholt.is\/islenska\/#website"},"primaryImageOfPage":{"@id":"https:\/\/langaholt.is\/islenska\/fjallganga-a-ljosufjoll-21-mars-2026\/#primaryimage"},"image":{"@id":"https:\/\/langaholt.is\/islenska\/fjallganga-a-ljosufjoll-21-mars-2026\/#primaryimage"},"thumbnailUrl":"https:\/\/langaholt.is\/islenska\/wp-content\/uploads\/2026\/02\/480498334_10160799035455373_107971329334178529_n-scaled.jpg","datePublished":"2026-02-18T13:17:45+00:00","dateModified":"2026-03-17T15:13:30+00:00","description":"H\u00f3tel Langaholt b\u00fd\u00f0ur \u00feann 31. ma\u00ed n\u00e6stkomandi upp \u00e1 dagsg\u00f6ngu me\u00f0 mat og gistingu \u00ed sy\u00f0sta hluta Sn\u00e6fellsj\u00f6kuls\u00fej\u00f3\u00f0gar\u00f0s. Lei\u00f0s\u00f6guma\u00f0ur er Gu\u00f0mundur R\u00fanar Svansson sem starfa\u00f0 hefur sem landv\u00f6r\u00f0ur \u00ed \u00fej\u00f3\u00f0gar\u00f0inum. \u00c1hersla er l\u00f6g\u00f0 \u00e1 fr\u00e6\u00f0slu og sko\u00f0un fornminja sem eru utan alfaralei\u00f0a og st\u00e6rstu vi\u00f0komusta\u00f0a fer\u00f0amanna.","breadcrumb":{"@id":"https:\/\/langaholt.is\/islenska\/fjallganga-a-ljosufjoll-21-mars-2026\/#breadcrumb"},"inLanguage":"is","potentialAction":[{"@type":"ReadAction","target":["https:\/\/langaholt.is\/islenska\/fjallganga-a-ljosufjoll-21-mars-2026\/"]}]},{"@type":"ImageObject","inLanguage":"is","@id":"https:\/\/langaholt.is\/islenska\/fjallganga-a-ljosufjoll-21-mars-2026\/#primaryimage","url":"https:\/\/langaholt.is\/islenska\/wp-content\/uploads\/2026\/02\/480498334_10160799035455373_107971329334178529_n-scaled.jpg","contentUrl":"https:\/\/langaholt.is\/islenska\/wp-content\/uploads\/2026\/02\/480498334_10160799035455373_107971329334178529_n-scaled.jpg","width":2560,"height":1195},{"@type":"BreadcrumbList","@id":"https:\/\/langaholt.is\/islenska\/fjallganga-a-ljosufjoll-21-mars-2026\/#breadcrumb","itemListElement":[{"@type":"ListItem","position":1,"name":"Home","item":"https:\/\/langaholt.is\/islenska\/"},{"@type":"ListItem","position":2,"name":"Fjallganga \u00e1 Lj\u00f3sufj\u00f6ll &#8211; 21. mars 2026"}]},{"@type":"WebSite","@id":"https:\/\/langaholt.is\/islenska\/#website","url":"https:\/\/langaholt.is\/islenska\/","name":"Langaholt Sveitah\u00f3tel","description":"Ekta \u00edslensk sveitah\u00f3tel \u00e1 Sn\u00e6fellsnesinu","publisher":{"@id":"https:\/\/langaholt.is\/islenska\/#organization"},"potentialAction":[{"@type":"SearchAction","target":{"@type":"EntryPoint","urlTemplate":"https:\/\/langaholt.is\/islenska\/?s={search_term_string}"},"query-input":{"@type":"PropertyValueSpecification","valueRequired":true,"valueName":"search_term_string"}}],"inLanguage":"is"},{"@type":"Organization","@id":"https:\/\/langaholt.is\/islenska\/#organization","name":"Langaholt","url":"https:\/\/langaholt.is\/islenska\/","logo":{"@type":"ImageObject","inLanguage":"is","@id":"https:\/\/langaholt.is\/islenska\/#\/schema\/logo\/image\/","url":"https:\/\/langaholt.is\/islenska\/wp-content\/uploads\/2020\/02\/Langaholt-logo-vefur.jpg","contentUrl":"https:\/\/langaholt.is\/islenska\/wp-content\/uploads\/2020\/02\/Langaholt-logo-vefur.jpg","width":261,"height":85,"caption":"Langaholt"},"image":{"@id":"https:\/\/langaholt.is\/islenska\/#\/schema\/logo\/image\/"},"sameAs":["https:\/\/www.facebook.com\/langaholt\/","https:\/\/www.instagram.com\/langaholt\/"]}]}},"_links":{"self":[{"href":"https:\/\/langaholt.is\/islenska\/wp-json\/wp\/v2\/pages\/4936","targetHints":{"allow":["GET"]}}],"collection":[{"href":"https:\/\/langaholt.is\/islenska\/wp-json\/wp\/v2\/pages"}],"about":[{"href":"https:\/\/langaholt.is\/islenska\/wp-json\/wp\/v2\/types\/page"}],"author":[{"embeddable":true,"href":"https:\/\/langaholt.is\/islenska\/wp-json\/wp\/v2\/users\/1"}],"replies":[{"embeddable":true,"href":"https:\/\/langaholt.is\/islenska\/wp-json\/wp\/v2\/comments?post=4936"}],"version-history":[{"count":10,"href":"https:\/\/langaholt.is\/islenska\/wp-json\/wp\/v2\/pages\/4936\/revisions"}],"predecessor-version":[{"id":4991,"href":"https:\/\/langaholt.is\/islenska\/wp-json\/wp\/v2\/pages\/4936\/revisions\/4991"}],"wp:featuredmedia":[{"embeddable":true,"href":"https:\/\/langaholt.is\/islenska\/wp-json\/wp\/v2\/media\/4937"}],"wp:attachment":[{"href":"https:\/\/langaholt.is\/islenska\/wp-json\/wp\/v2\/media?parent=4936"}],"curies":[{"name":"wp","href":"https:\/\/api.w.org\/{rel}","templated":true}]}}